{"id":42379,"date":"2024-01-30T11:50:52","date_gmt":"2024-01-30T10:50:52","guid":{"rendered":"https:\/\/www.frieslandhollandtravel.nl\/ferien-in-friesland\/elfsteden\/"},"modified":"2025-01-17T09:52:21","modified_gmt":"2025-01-17T08:52:21","slug":"elfsteden","status":"publish","type":"page","link":"https:\/\/www.frieslandhollandtravel.nl\/de\/ferien-in-friesland\/elfsteden\/","title":{"rendered":"Elf St\u00e4dte"},"content":{"rendered":"\n<style type=\"text\/css\" data-created_by=\"avia_inline_auto\" id=\"style-css-av-ls08lio4-25c194c7dd152ebc64f201647842b55e\">\n.avia-section.av-ls08lio4-25c194c7dd152ebc64f201647842b55e{\nbackground-image:url(https:\/\/www.frieslandhollandtravel.nl\/wp-content\/uploads\/2024\/01\/header-terras-friesland-sloten.jpg);\nbackground-position:50% 50%;\n}\n<\/style>\n<div id='av_section_1'  class='avia-section av-ls08lio4-25c194c7dd152ebc64f201647842b55e avia-section- avia-  avia-builder-el-0  el_before_av_section  avia-builder-el-first  vdlp-header avia-bg-style- container_wrap fullsize'  data-section-bg-repeat=''><div class='container av-section-cont-open' ><main  role=\"main\" itemprop=\"mainContentOfPage\"  class='template-page content  av-content-full alpha units'><div class='post-entry post-entry-type-page post-entry-42379'><div class='entry-content-wrapper clearfix'>\n<\/div><\/div><\/main><!-- close content main element --><\/div><\/div><div id='av_section_2'  class='avia-section av-3vgkox-9b66e04976419fb96b48b899619c6543 main_color avia-section-default avia-no-border-styling  avia-builder-el-1  el_after_av_section  avia-builder-el-last  avia-bg-style-scroll container_wrap fullsize'  ><div class='container av-section-cont-open' ><div class='template-page content  av-content-full alpha units'><div class='post-entry post-entry-type-page post-entry-42379'><div class='entry-content-wrapper clearfix'>\n<div  class='flex_column av-n0wj7l-dcb1da3c29469b7326b64c689fa16b38 av_one_full  avia-builder-el-2  avia-builder-el-no-sibling  first flex_column_div  '     ><p>\n<style type=\"text\/css\" data-created_by=\"avia_inline_auto\" id=\"style-css-av-ls08lv8k-09bde87a67397d1dde2b194f104c96ef\">\n#top .av-special-heading.av-ls08lv8k-09bde87a67397d1dde2b194f104c96ef{\npadding-bottom:10px;\n}\nbody .av-special-heading.av-ls08lv8k-09bde87a67397d1dde2b194f104c96ef .av-special-heading-tag .heading-char{\nfont-size:25px;\n}\n.av-special-heading.av-ls08lv8k-09bde87a67397d1dde2b194f104c96ef .av-subheading{\nfont-size:15px;\n}\n<\/style>\n<div  class='av-special-heading av-ls08lv8k-09bde87a67397d1dde2b194f104c96ef av-special-heading-h1 blockquote modern-quote  avia-builder-el-3  el_before_av_textblock  avia-builder-el-first '><h1 class='av-special-heading-tag '  itemprop=\"headline\"  >Elf St\u00e4dte<\/h1><div class=\"special-heading-border\"><div class=\"special-heading-inner-border\"><\/div><\/div><\/div><br \/>\n<section  class='av_textblock_section av-ls08mdgy-4587ddc6239a1b0ccdff393b9c0580ce '   itemscope=\"itemscope\" itemtype=\"https:\/\/schema.org\/CreativeWork\" ><div class='avia_textblock'  itemprop=\"text\" ><p>Entdecken Sie die 11 St\u00e4dte von Friesland. Erkunden, genie\u00dfen und erleben Sie Friesland mit Friesland Holland Travel!<\/p>\n<\/div><\/section><br \/>\n<div  data-slideshow-options=\"{&quot;animation&quot;:&quot;fade&quot;,&quot;autoplay&quot;:false,&quot;loop_autoplay&quot;:&quot;once&quot;,&quot;interval&quot;:5,&quot;loop_manual&quot;:&quot;manual-endless&quot;,&quot;autoplay_stopper&quot;:false,&quot;noNavigation&quot;:false,&quot;show_slide_delay&quot;:90}\" class='avia-content-slider avia-content-grid-active avia-content-slider1 avia-content-slider-odd  avia-builder-el-5  el_after_av_textblock  avia-builder-el-last  av-slideshow-ui av-control-default   av-no-slider-navigation av-slideshow-manual av-loop-once av-loop-manual-endless '  itemscope=\"itemscope\" itemtype=\"https:\/\/schema.org\/Blog\" ><div class=\"avia-content-slider-inner\"><div class=\"slide-entry-wrap\"><article class='slide-entry flex_column  post-entry post-entry-43431 slide-entry-overview slide-loop-1 slide-parity-odd  av_one_third first real-thumbnail posttype-post post-format-standard'  itemscope=\"itemscope\" itemtype=\"https:\/\/schema.org\/CreativeWork\" ><a href='https:\/\/www.frieslandhollandtravel.nl\/de\/elfensteden\/elfsteden-route-zur-geschichte-der-elfstedentocht-und-heutigen-touren\/' data-rel='slide-1' class='slide-image' title='Elfsteden-Route: Zur Geschichte der Elfstedentocht und heutigen Touren'><img decoding=\"async\" loading=\"lazy\" width=\"740\" height=\"700\" src=\"https:\/\/www.frieslandhollandtravel.nl\/wp-content\/uploads\/2023\/12\/1b-11StedenrouteAfstanden.jpg\" class=\"wp-image-43445 avia-img-lazy-loading-43445 attachment-portfolio size-portfolio wp-post-image\" alt=\"\" srcset=\"https:\/\/www.frieslandhollandtravel.nl\/wp-content\/uploads\/2023\/12\/1b-11StedenrouteAfstanden.jpg 740w, https:\/\/www.frieslandhollandtravel.nl\/wp-content\/uploads\/2023\/12\/1b-11StedenrouteAfstanden-600x568.jpg 600w, https:\/\/www.frieslandhollandtravel.nl\/wp-content\/uploads\/2023\/12\/1b-11StedenrouteAfstanden-300x284.jpg 300w, https:\/\/www.frieslandhollandtravel.nl\/wp-content\/uploads\/2023\/12\/1b-11StedenrouteAfstanden-450x426.jpg 450w\" sizes=\"auto, (max-width: 740px) 100vw, 740px\" \/><\/a><div class=\"slide-content\"><header class=\"entry-content-header\" aria-label=\"Slide: Elfsteden-Route: Zur Geschichte der Elfstedentocht und heutigen Touren\"><h3 class='slide-entry-title entry-title '  itemprop=\"headline\" ><a href='https:\/\/www.frieslandhollandtravel.nl\/de\/elfensteden\/elfsteden-route-zur-geschichte-der-elfstedentocht-und-heutigen-touren\/' title='Elfsteden-Route: Zur Geschichte der Elfstedentocht und heutigen Touren'>Elfsteden-Route: Zur Geschichte der Elfstedentocht und heutigen Touren<\/a><\/h3><span class=\"av-vertical-delimiter\"><\/span><\/header><div class=\"slide-meta\"><time class='slide-meta-time updated'  itemprop=\"datePublished\" datetime=\"2022-07-01T09:48:49+02:00\" >1 Juli 2022<\/time><\/div><div class='slide-entry-excerpt entry-content'  itemprop=\"text\" ><div class=\"read-more-link\"><a href=\"https:\/\/www.frieslandhollandtravel.nl\/de\/elfensteden\/elfsteden-route-zur-geschichte-der-elfstedentocht-und-heutigen-touren\/\" class=\"more-link\">Mehr lesen<span class='more-link-arrow avia-svg-icon avia-font-svg_entypo-fontello' data-av_svg_icon='right-open-big' data-av_iconset='svg_entypo-fontello'><svg version=\"1.1\" xmlns=\"http:\/\/www.w3.org\/2000\/svg\" width=\"15\" height=\"32\" viewBox=\"0 0 15 32\" preserveAspectRatio=\"xMidYMid meet\" role=\"graphics-symbol\" aria-hidden=\"true\">\n<path d=\"M0.416 27.84l11.456-11.84-11.456-11.904q-0.832-0.832 0-1.536 0.832-0.832 1.536 0l12.544 12.608q0.768 0.832 0 1.6l-12.544 12.608q-0.704 0.832-1.536 0-0.832-0.704 0-1.536z\"><\/path>\n<\/svg><\/span><\/a><\/div><\/div><\/div><footer class=\"entry-footer\"><\/footer><span class='hidden'>\n\t\t\t\t<span class='av-structured-data'  itemprop=\"image\" itemscope=\"itemscope\" itemtype=\"https:\/\/schema.org\/ImageObject\" >\n\t\t\t\t\t\t<span itemprop='url'>https:\/\/www.frieslandhollandtravel.nl\/wp-content\/uploads\/2023\/12\/1b-11StedenrouteAfstanden.jpg<\/span>\n\t\t\t\t\t\t<span itemprop='height'>700<\/span>\n\t\t\t\t\t\t<span itemprop='width'>740<\/span>\n\t\t\t\t<\/span>\n\t\t\t\t<span class='av-structured-data'  itemprop=\"publisher\" itemtype=\"https:\/\/schema.org\/Organization\" itemscope=\"itemscope\" >\n\t\t\t\t\t\t<span itemprop='name'>admin<\/span>\n\t\t\t\t\t\t<span itemprop='logo' itemscope itemtype='https:\/\/schema.org\/ImageObject'>\n\t\t\t\t\t\t\t<span itemprop='url'>https:\/\/www.frieslandhollandtravel.nl\/wp-content\/uploads\/2023\/12\/logo.svg<\/span>\n\t\t\t\t\t\t<\/span>\n\t\t\t\t<\/span><span class='av-structured-data'  itemprop=\"author\" itemscope=\"itemscope\" itemtype=\"https:\/\/schema.org\/Person\" ><span itemprop='name'>admin<\/span><\/span><span class='av-structured-data'  itemprop=\"datePublished\" datetime=\"2024-01-30T11:50:52+01:00\" >2022-07-01 09:48:49<\/span><span class='av-structured-data'  itemprop=\"dateModified\" itemtype=\"https:\/\/schema.org\/dateModified\" >2022-07-01 09:48:49<\/span><span class='av-structured-data'  itemprop=\"mainEntityOfPage\" itemtype=\"https:\/\/schema.org\/mainEntityOfPage\" ><span itemprop='name'>Elfsteden-Route: Zur Geschichte der Elfstedentocht und heutigen Touren<\/span><\/span><\/span><\/article><article class='slide-entry flex_column  post-entry post-entry-41707 slide-entry-overview slide-loop-2 slide-parity-even  av_one_third  real-thumbnail posttype-post post-format-standard'  itemscope=\"itemscope\" itemtype=\"https:\/\/schema.org\/CreativeWork\" ><a href='https:\/\/www.frieslandhollandtravel.nl\/de\/elfensteden\/stadt-nr-1-leeuwarden-die-hauptstadt-frieslands\/' data-rel='slide-1' class='slide-image' title='Stadt Nr. 1: Leeuwarden \u2013 Die Hauptstadt Frieslands'><img decoding=\"async\" loading=\"lazy\" width=\"600\" height=\"480\" src=\"https:\/\/www.frieslandhollandtravel.nl\/wp-content\/uploads\/2023\/12\/stad-nr-1-leeuwarden-600x480.jpg\" class=\"wp-image-41714 avia-img-lazy-loading-41714 attachment-portfolio size-portfolio wp-post-image\" alt=\"\" \/><\/a><div class=\"slide-content\"><header class=\"entry-content-header\" aria-label=\"Slide: Stadt Nr. 1: Leeuwarden \u2013 Die Hauptstadt Frieslands\"><h3 class='slide-entry-title entry-title '  itemprop=\"headline\" ><a href='https:\/\/www.frieslandhollandtravel.nl\/de\/elfensteden\/stadt-nr-1-leeuwarden-die-hauptstadt-frieslands\/' title='Stadt Nr. 1: Leeuwarden \u2013 Die Hauptstadt Frieslands'>Stadt Nr. 1: Leeuwarden \u2013 Die Hauptstadt Frieslands<\/a><\/h3><span class=\"av-vertical-delimiter\"><\/span><\/header><div class=\"slide-meta\"><time class='slide-meta-time updated'  itemprop=\"datePublished\" datetime=\"2022-06-29T12:30:52+02:00\" >29 Juni 2022<\/time><\/div><div class='slide-entry-excerpt entry-content'  itemprop=\"text\" ><div class=\"read-more-link\"><a href=\"https:\/\/www.frieslandhollandtravel.nl\/de\/elfensteden\/stadt-nr-1-leeuwarden-die-hauptstadt-frieslands\/\" class=\"more-link\">Mehr lesen<span class='more-link-arrow avia-svg-icon avia-font-svg_entypo-fontello' data-av_svg_icon='right-open-big' data-av_iconset='svg_entypo-fontello'><svg version=\"1.1\" xmlns=\"http:\/\/www.w3.org\/2000\/svg\" width=\"15\" height=\"32\" viewBox=\"0 0 15 32\" preserveAspectRatio=\"xMidYMid meet\" role=\"graphics-symbol\" aria-hidden=\"true\">\n<path d=\"M0.416 27.84l11.456-11.84-11.456-11.904q-0.832-0.832 0-1.536 0.832-0.832 1.536 0l12.544 12.608q0.768 0.832 0 1.6l-12.544 12.608q-0.704 0.832-1.536 0-0.832-0.704 0-1.536z\"><\/path>\n<\/svg><\/span><\/a><\/div><\/div><\/div><footer class=\"entry-footer\"><\/footer><span class='hidden'>\n\t\t\t\t<span class='av-structured-data'  itemprop=\"image\" itemscope=\"itemscope\" itemtype=\"https:\/\/schema.org\/ImageObject\" >\n\t\t\t\t\t\t<span itemprop='url'>https:\/\/www.frieslandhollandtravel.nl\/wp-content\/uploads\/2023\/12\/stad-nr-1-leeuwarden.jpg<\/span>\n\t\t\t\t\t\t<span itemprop='height'>700<\/span>\n\t\t\t\t\t\t<span itemprop='width'>933<\/span>\n\t\t\t\t<\/span>\n\t\t\t\t<span class='av-structured-data'  itemprop=\"publisher\" itemtype=\"https:\/\/schema.org\/Organization\" itemscope=\"itemscope\" >\n\t\t\t\t\t\t<span itemprop='name'>admin<\/span>\n\t\t\t\t\t\t<span itemprop='logo' itemscope itemtype='https:\/\/schema.org\/ImageObject'>\n\t\t\t\t\t\t\t<span itemprop='url'>https:\/\/www.frieslandhollandtravel.nl\/wp-content\/uploads\/2023\/12\/logo.svg<\/span>\n\t\t\t\t\t\t<\/span>\n\t\t\t\t<\/span><span class='av-structured-data'  itemprop=\"author\" itemscope=\"itemscope\" itemtype=\"https:\/\/schema.org\/Person\" ><span itemprop='name'>admin<\/span><\/span><span class='av-structured-data'  itemprop=\"datePublished\" datetime=\"2024-01-30T11:50:52+01:00\" >2022-06-29 12:30:52<\/span><span class='av-structured-data'  itemprop=\"dateModified\" itemtype=\"https:\/\/schema.org\/dateModified\" >2022-06-29 12:30:52<\/span><span class='av-structured-data'  itemprop=\"mainEntityOfPage\" itemtype=\"https:\/\/schema.org\/mainEntityOfPage\" ><span itemprop='name'>Stadt Nr. 1: Leeuwarden \u2013 Die Hauptstadt Frieslands<\/span><\/span><\/span><\/article><article class='slide-entry flex_column  post-entry post-entry-43452 slide-entry-overview slide-loop-3 slide-parity-odd  av_one_third  real-thumbnail posttype-post post-format-standard'  itemscope=\"itemscope\" itemtype=\"https:\/\/schema.org\/CreativeWork\" ><a href='https:\/\/www.frieslandhollandtravel.nl\/de\/elfensteden\/stadt-nr-2-sneek-klein-amsterdam\/' data-rel='slide-1' class='slide-image' title='Stadt Nr. 2: Sneek &#8211; Klein Amsterdam'><img decoding=\"async\" loading=\"lazy\" width=\"600\" height=\"480\" src=\"https:\/\/www.frieslandhollandtravel.nl\/wp-content\/uploads\/2023\/12\/stad-nr-2-sneek-600x480.jpg\" class=\"wp-image-43459 avia-img-lazy-loading-43459 attachment-portfolio size-portfolio wp-post-image\" alt=\"\" \/><\/a><div class=\"slide-content\"><header class=\"entry-content-header\" aria-label=\"Slide: Stadt Nr. 2: Sneek - Klein Amsterdam\"><h3 class='slide-entry-title entry-title '  itemprop=\"headline\" ><a href='https:\/\/www.frieslandhollandtravel.nl\/de\/elfensteden\/stadt-nr-2-sneek-klein-amsterdam\/' title='Stadt Nr. 2: Sneek &#8211; Klein Amsterdam'>Stadt Nr. 2: Sneek &#8211; Klein Amsterdam<\/a><\/h3><span class=\"av-vertical-delimiter\"><\/span><\/header><div class=\"slide-meta\"><time class='slide-meta-time updated'  itemprop=\"datePublished\" datetime=\"2022-06-29T12:10:31+02:00\" >29 Juni 2022<\/time><\/div><div class='slide-entry-excerpt entry-content'  itemprop=\"text\" ><div class=\"read-more-link\"><a href=\"https:\/\/www.frieslandhollandtravel.nl\/de\/elfensteden\/stadt-nr-2-sneek-klein-amsterdam\/\" class=\"more-link\">Mehr lesen<span class='more-link-arrow avia-svg-icon avia-font-svg_entypo-fontello' data-av_svg_icon='right-open-big' data-av_iconset='svg_entypo-fontello'><svg version=\"1.1\" xmlns=\"http:\/\/www.w3.org\/2000\/svg\" width=\"15\" height=\"32\" viewBox=\"0 0 15 32\" preserveAspectRatio=\"xMidYMid meet\" role=\"graphics-symbol\" aria-hidden=\"true\">\n<path d=\"M0.416 27.84l11.456-11.84-11.456-11.904q-0.832-0.832 0-1.536 0.832-0.832 1.536 0l12.544 12.608q0.768 0.832 0 1.6l-12.544 12.608q-0.704 0.832-1.536 0-0.832-0.704 0-1.536z\"><\/path>\n<\/svg><\/span><\/a><\/div><\/div><\/div><footer class=\"entry-footer\"><\/footer><span class='hidden'>\n\t\t\t\t<span class='av-structured-data'  itemprop=\"image\" itemscope=\"itemscope\" itemtype=\"https:\/\/schema.org\/ImageObject\" >\n\t\t\t\t\t\t<span itemprop='url'>https:\/\/www.frieslandhollandtravel.nl\/wp-content\/uploads\/2023\/12\/stad-nr-2-sneek.jpg<\/span>\n\t\t\t\t\t\t<span itemprop='height'>700<\/span>\n\t\t\t\t\t\t<span itemprop='width'>933<\/span>\n\t\t\t\t<\/span>\n\t\t\t\t<span class='av-structured-data'  itemprop=\"publisher\" itemtype=\"https:\/\/schema.org\/Organization\" itemscope=\"itemscope\" >\n\t\t\t\t\t\t<span itemprop='name'>admin<\/span>\n\t\t\t\t\t\t<span itemprop='logo' itemscope itemtype='https:\/\/schema.org\/ImageObject'>\n\t\t\t\t\t\t\t<span itemprop='url'>https:\/\/www.frieslandhollandtravel.nl\/wp-content\/uploads\/2023\/12\/logo.svg<\/span>\n\t\t\t\t\t\t<\/span>\n\t\t\t\t<\/span><span class='av-structured-data'  itemprop=\"author\" itemscope=\"itemscope\" itemtype=\"https:\/\/schema.org\/Person\" ><span itemprop='name'>admin<\/span><\/span><span class='av-structured-data'  itemprop=\"datePublished\" datetime=\"2024-01-30T11:50:52+01:00\" >2022-06-29 12:10:31<\/span><span class='av-structured-data'  itemprop=\"dateModified\" itemtype=\"https:\/\/schema.org\/dateModified\" >2022-06-29 12:10:31<\/span><span class='av-structured-data'  itemprop=\"mainEntityOfPage\" itemtype=\"https:\/\/schema.org\/mainEntityOfPage\" ><span itemprop='name'>Stadt Nr. 2: Sneek &#8211; Klein Amsterdam<\/span><\/span><\/span><\/article><\/div><div class=\"slide-entry-wrap\"><article class='slide-entry flex_column  post-entry post-entry-43465 slide-entry-overview slide-loop-4 slide-parity-odd  av_one_third first real-thumbnail posttype-post post-format-standard'  itemscope=\"itemscope\" itemtype=\"https:\/\/schema.org\/CreativeWork\" ><a href='https:\/\/www.frieslandhollandtravel.nl\/de\/elfensteden\/stadt-nr-3-ijlst-die-holzstadt-von-friesland\/' data-rel='slide-1' class='slide-image' title='Stadt Nr. 3: IJlst &#8211; Die Holzstadt von Friesland'><img decoding=\"async\" loading=\"lazy\" width=\"600\" height=\"480\" src=\"https:\/\/www.frieslandhollandtravel.nl\/wp-content\/uploads\/2023\/12\/stad-nr-3-ijlst-600x480.jpg\" class=\"wp-image-43474 avia-img-lazy-loading-43474 attachment-portfolio size-portfolio wp-post-image\" alt=\"\" \/><\/a><div class=\"slide-content\"><header class=\"entry-content-header\" aria-label=\"Slide: Stadt Nr. 3: IJlst - Die Holzstadt von Friesland\"><h3 class='slide-entry-title entry-title '  itemprop=\"headline\" ><a href='https:\/\/www.frieslandhollandtravel.nl\/de\/elfensteden\/stadt-nr-3-ijlst-die-holzstadt-von-friesland\/' title='Stadt Nr. 3: IJlst &#8211; Die Holzstadt von Friesland'>Stadt Nr. 3: IJlst &#8211; Die Holzstadt von Friesland<\/a><\/h3><span class=\"av-vertical-delimiter\"><\/span><\/header><div class=\"slide-meta\"><time class='slide-meta-time updated'  itemprop=\"datePublished\" datetime=\"2022-06-29T12:06:36+02:00\" >29 Juni 2022<\/time><\/div><div class='slide-entry-excerpt entry-content'  itemprop=\"text\" ><div class=\"read-more-link\"><a href=\"https:\/\/www.frieslandhollandtravel.nl\/de\/elfensteden\/stadt-nr-3-ijlst-die-holzstadt-von-friesland\/\" class=\"more-link\">Mehr lesen<span class='more-link-arrow avia-svg-icon avia-font-svg_entypo-fontello' data-av_svg_icon='right-open-big' data-av_iconset='svg_entypo-fontello'><svg version=\"1.1\" xmlns=\"http:\/\/www.w3.org\/2000\/svg\" width=\"15\" height=\"32\" viewBox=\"0 0 15 32\" preserveAspectRatio=\"xMidYMid meet\" role=\"graphics-symbol\" aria-hidden=\"true\">\n<path d=\"M0.416 27.84l11.456-11.84-11.456-11.904q-0.832-0.832 0-1.536 0.832-0.832 1.536 0l12.544 12.608q0.768 0.832 0 1.6l-12.544 12.608q-0.704 0.832-1.536 0-0.832-0.704 0-1.536z\"><\/path>\n<\/svg><\/span><\/a><\/div><\/div><\/div><footer class=\"entry-footer\"><\/footer><span class='hidden'>\n\t\t\t\t<span class='av-structured-data'  itemprop=\"image\" itemscope=\"itemscope\" itemtype=\"https:\/\/schema.org\/ImageObject\" >\n\t\t\t\t\t\t<span itemprop='url'>https:\/\/www.frieslandhollandtravel.nl\/wp-content\/uploads\/2023\/12\/stad-nr-3-ijlst.jpg<\/span>\n\t\t\t\t\t\t<span itemprop='height'>700<\/span>\n\t\t\t\t\t\t<span itemprop='width'>933<\/span>\n\t\t\t\t<\/span>\n\t\t\t\t<span class='av-structured-data'  itemprop=\"publisher\" itemtype=\"https:\/\/schema.org\/Organization\" itemscope=\"itemscope\" >\n\t\t\t\t\t\t<span itemprop='name'>admin<\/span>\n\t\t\t\t\t\t<span itemprop='logo' itemscope itemtype='https:\/\/schema.org\/ImageObject'>\n\t\t\t\t\t\t\t<span itemprop='url'>https:\/\/www.frieslandhollandtravel.nl\/wp-content\/uploads\/2023\/12\/logo.svg<\/span>\n\t\t\t\t\t\t<\/span>\n\t\t\t\t<\/span><span class='av-structured-data'  itemprop=\"author\" itemscope=\"itemscope\" itemtype=\"https:\/\/schema.org\/Person\" ><span itemprop='name'>admin<\/span><\/span><span class='av-structured-data'  itemprop=\"datePublished\" datetime=\"2024-01-30T11:50:52+01:00\" >2022-06-29 12:06:36<\/span><span class='av-structured-data'  itemprop=\"dateModified\" itemtype=\"https:\/\/schema.org\/dateModified\" >2022-06-29 12:06:36<\/span><span class='av-structured-data'  itemprop=\"mainEntityOfPage\" itemtype=\"https:\/\/schema.org\/mainEntityOfPage\" ><span itemprop='name'>Stadt Nr. 3: IJlst &#8211; Die Holzstadt von Friesland<\/span><\/span><\/span><\/article><article class='slide-entry flex_column  post-entry post-entry-43644 slide-entry-overview slide-loop-5 slide-parity-even  av_one_third  real-thumbnail posttype-post post-format-standard'  itemscope=\"itemscope\" itemtype=\"https:\/\/schema.org\/CreativeWork\" ><a href='https:\/\/www.frieslandhollandtravel.nl\/de\/elfensteden\/stadt-nr-4-sloten-die-kleinste-stadt-der-welt\/' data-rel='slide-1' class='slide-image' title='Stadt Nr. 4: Sloten &#8211; Die kleinste Stadt der Welt'><img decoding=\"async\" loading=\"lazy\" width=\"600\" height=\"480\" src=\"https:\/\/www.frieslandhollandtravel.nl\/wp-content\/uploads\/2023\/12\/stad-nr-4-sloten-600x480.jpg\" class=\"wp-image-43655 avia-img-lazy-loading-43655 attachment-portfolio size-portfolio wp-post-image\" alt=\"\" \/><\/a><div class=\"slide-content\"><header class=\"entry-content-header\" aria-label=\"Slide: Stadt Nr. 4: Sloten - Die kleinste Stadt der Welt\"><h3 class='slide-entry-title entry-title '  itemprop=\"headline\" ><a href='https:\/\/www.frieslandhollandtravel.nl\/de\/elfensteden\/stadt-nr-4-sloten-die-kleinste-stadt-der-welt\/' title='Stadt Nr. 4: Sloten &#8211; Die kleinste Stadt der Welt'>Stadt Nr. 4: Sloten &#8211; Die kleinste Stadt der Welt<\/a><\/h3><span class=\"av-vertical-delimiter\"><\/span><\/header><div class=\"slide-meta\"><time class='slide-meta-time updated'  itemprop=\"datePublished\" datetime=\"2022-06-29T12:03:10+02:00\" >29 Juni 2022<\/time><\/div><div class='slide-entry-excerpt entry-content'  itemprop=\"text\" ><div class=\"read-more-link\"><a href=\"https:\/\/www.frieslandhollandtravel.nl\/de\/elfensteden\/stadt-nr-4-sloten-die-kleinste-stadt-der-welt\/\" class=\"more-link\">Mehr lesen<span class='more-link-arrow avia-svg-icon avia-font-svg_entypo-fontello' data-av_svg_icon='right-open-big' data-av_iconset='svg_entypo-fontello'><svg version=\"1.1\" xmlns=\"http:\/\/www.w3.org\/2000\/svg\" width=\"15\" height=\"32\" viewBox=\"0 0 15 32\" preserveAspectRatio=\"xMidYMid meet\" role=\"graphics-symbol\" aria-hidden=\"true\">\n<path d=\"M0.416 27.84l11.456-11.84-11.456-11.904q-0.832-0.832 0-1.536 0.832-0.832 1.536 0l12.544 12.608q0.768 0.832 0 1.6l-12.544 12.608q-0.704 0.832-1.536 0-0.832-0.704 0-1.536z\"><\/path>\n<\/svg><\/span><\/a><\/div><\/div><\/div><footer class=\"entry-footer\"><\/footer><span class='hidden'>\n\t\t\t\t<span class='av-structured-data'  itemprop=\"image\" itemscope=\"itemscope\" itemtype=\"https:\/\/schema.org\/ImageObject\" >\n\t\t\t\t\t\t<span itemprop='url'>https:\/\/www.frieslandhollandtravel.nl\/wp-content\/uploads\/2023\/12\/stad-nr-4-sloten.jpg<\/span>\n\t\t\t\t\t\t<span itemprop='height'>700<\/span>\n\t\t\t\t\t\t<span itemprop='width'>933<\/span>\n\t\t\t\t<\/span>\n\t\t\t\t<span class='av-structured-data'  itemprop=\"publisher\" itemtype=\"https:\/\/schema.org\/Organization\" itemscope=\"itemscope\" >\n\t\t\t\t\t\t<span itemprop='name'>admin<\/span>\n\t\t\t\t\t\t<span itemprop='logo' itemscope itemtype='https:\/\/schema.org\/ImageObject'>\n\t\t\t\t\t\t\t<span itemprop='url'>https:\/\/www.frieslandhollandtravel.nl\/wp-content\/uploads\/2023\/12\/logo.svg<\/span>\n\t\t\t\t\t\t<\/span>\n\t\t\t\t<\/span><span class='av-structured-data'  itemprop=\"author\" itemscope=\"itemscope\" itemtype=\"https:\/\/schema.org\/Person\" ><span itemprop='name'>admin<\/span><\/span><span class='av-structured-data'  itemprop=\"datePublished\" datetime=\"2024-01-30T11:50:52+01:00\" >2022-06-29 12:03:10<\/span><span class='av-structured-data'  itemprop=\"dateModified\" itemtype=\"https:\/\/schema.org\/dateModified\" >2025-01-17 09:53:11<\/span><span class='av-structured-data'  itemprop=\"mainEntityOfPage\" itemtype=\"https:\/\/schema.org\/mainEntityOfPage\" ><span itemprop='name'>Stadt Nr. 4: Sloten &#8211; Die kleinste Stadt der Welt<\/span><\/span><\/span><\/article><article class='slide-entry flex_column  post-entry post-entry-43484 slide-entry-overview slide-loop-6 slide-parity-odd  av_one_third  real-thumbnail posttype-post post-format-standard'  itemscope=\"itemscope\" itemtype=\"https:\/\/schema.org\/CreativeWork\" ><a href='https:\/\/www.frieslandhollandtravel.nl\/de\/elfensteden\/stadt-nr-5-stavoren-hansestadt-mit-schoenen-geschichten\/' data-rel='slide-1' class='slide-image' title='Stadt Nr. 5: Stavoren &#8211; Hansestadt mit sch\u00f6nen Geschichten'><img decoding=\"async\" loading=\"lazy\" width=\"600\" height=\"480\" src=\"https:\/\/www.frieslandhollandtravel.nl\/wp-content\/uploads\/2023\/12\/stad-nr-5-stavoren-600x480.jpg\" class=\"wp-image-43493 avia-img-lazy-loading-43493 attachment-portfolio size-portfolio wp-post-image\" alt=\"\" \/><\/a><div class=\"slide-content\"><header class=\"entry-content-header\" aria-label=\"Slide: Stadt Nr. 5: Stavoren - Hansestadt mit sch\u00f6nen Geschichten\"><h3 class='slide-entry-title entry-title '  itemprop=\"headline\" ><a href='https:\/\/www.frieslandhollandtravel.nl\/de\/elfensteden\/stadt-nr-5-stavoren-hansestadt-mit-schoenen-geschichten\/' title='Stadt Nr. 5: Stavoren &#8211; Hansestadt mit sch\u00f6nen Geschichten'>Stadt Nr. 5: Stavoren &#8211; Hansestadt mit sch\u00f6nen Geschichten<\/a><\/h3><span class=\"av-vertical-delimiter\"><\/span><\/header><div class=\"slide-meta\"><time class='slide-meta-time updated'  itemprop=\"datePublished\" datetime=\"2022-06-29T09:33:49+02:00\" >29 Juni 2022<\/time><\/div><div class='slide-entry-excerpt entry-content'  itemprop=\"text\" ><div class=\"read-more-link\"><a href=\"https:\/\/www.frieslandhollandtravel.nl\/de\/elfensteden\/stadt-nr-5-stavoren-hansestadt-mit-schoenen-geschichten\/\" class=\"more-link\">Mehr lesen<span class='more-link-arrow avia-svg-icon avia-font-svg_entypo-fontello' data-av_svg_icon='right-open-big' data-av_iconset='svg_entypo-fontello'><svg version=\"1.1\" xmlns=\"http:\/\/www.w3.org\/2000\/svg\" width=\"15\" height=\"32\" viewBox=\"0 0 15 32\" preserveAspectRatio=\"xMidYMid meet\" role=\"graphics-symbol\" aria-hidden=\"true\">\n<path d=\"M0.416 27.84l11.456-11.84-11.456-11.904q-0.832-0.832 0-1.536 0.832-0.832 1.536 0l12.544 12.608q0.768 0.832 0 1.6l-12.544 12.608q-0.704 0.832-1.536 0-0.832-0.704 0-1.536z\"><\/path>\n<\/svg><\/span><\/a><\/div><\/div><\/div><footer class=\"entry-footer\"><\/footer><span class='hidden'>\n\t\t\t\t<span class='av-structured-data'  itemprop=\"image\" itemscope=\"itemscope\" itemtype=\"https:\/\/schema.org\/ImageObject\" >\n\t\t\t\t\t\t<span itemprop='url'>https:\/\/www.frieslandhollandtravel.nl\/wp-content\/uploads\/2023\/12\/stad-nr-5-stavoren.jpg<\/span>\n\t\t\t\t\t\t<span itemprop='height'>700<\/span>\n\t\t\t\t\t\t<span itemprop='width'>933<\/span>\n\t\t\t\t<\/span>\n\t\t\t\t<span class='av-structured-data'  itemprop=\"publisher\" itemtype=\"https:\/\/schema.org\/Organization\" itemscope=\"itemscope\" >\n\t\t\t\t\t\t<span itemprop='name'>admin<\/span>\n\t\t\t\t\t\t<span itemprop='logo' itemscope itemtype='https:\/\/schema.org\/ImageObject'>\n\t\t\t\t\t\t\t<span itemprop='url'>https:\/\/www.frieslandhollandtravel.nl\/wp-content\/uploads\/2023\/12\/logo.svg<\/span>\n\t\t\t\t\t\t<\/span>\n\t\t\t\t<\/span><span class='av-structured-data'  itemprop=\"author\" itemscope=\"itemscope\" itemtype=\"https:\/\/schema.org\/Person\" ><span itemprop='name'>admin<\/span><\/span><span class='av-structured-data'  itemprop=\"datePublished\" datetime=\"2024-01-30T11:50:52+01:00\" >2022-06-29 09:33:49<\/span><span class='av-structured-data'  itemprop=\"dateModified\" itemtype=\"https:\/\/schema.org\/dateModified\" >2022-06-29 09:33:49<\/span><span class='av-structured-data'  itemprop=\"mainEntityOfPage\" itemtype=\"https:\/\/schema.org\/mainEntityOfPage\" ><span itemprop='name'>Stadt Nr. 5: Stavoren &#8211; Hansestadt mit sch\u00f6nen Geschichten<\/span><\/span><\/span><\/article><\/div><div class=\"slide-entry-wrap\"><article class='slide-entry flex_column  post-entry post-entry-43504 slide-entry-overview slide-loop-7 slide-parity-odd  av_one_third first real-thumbnail posttype-post post-format-standard'  itemscope=\"itemscope\" itemtype=\"https:\/\/schema.org\/CreativeWork\" ><a href='https:\/\/www.frieslandhollandtravel.nl\/de\/elfensteden\/stadt-nr-6-hindeloopen-hafenstadt-und-wassersportzentrum-mit-internationaler-ausstrahlung\/' data-rel='slide-1' class='slide-image' title='Stadt Nr. 6: Hindeloopen &#8211; Hafenstadt und Wassersportzentrum mit internationaler Ausstrahlung'><img decoding=\"async\" loading=\"lazy\" width=\"600\" height=\"480\" src=\"https:\/\/www.frieslandhollandtravel.nl\/wp-content\/uploads\/2023\/12\/stad-nr-6-hindeloopen-600x480.jpg\" class=\"wp-image-43517 avia-img-lazy-loading-43517 attachment-portfolio size-portfolio wp-post-image\" alt=\"\" \/><\/a><div class=\"slide-content\"><header class=\"entry-content-header\" aria-label=\"Slide: Stadt Nr. 6: Hindeloopen - Hafenstadt und Wassersportzentrum mit internationaler Ausstrahlung\"><h3 class='slide-entry-title entry-title '  itemprop=\"headline\" ><a href='https:\/\/www.frieslandhollandtravel.nl\/de\/elfensteden\/stadt-nr-6-hindeloopen-hafenstadt-und-wassersportzentrum-mit-internationaler-ausstrahlung\/' title='Stadt Nr. 6: Hindeloopen &#8211; Hafenstadt und Wassersportzentrum mit internationaler Ausstrahlung'>Stadt Nr. 6: Hindeloopen &#8211; Hafenstadt und Wassersportzentrum mit internationaler Ausstrahlung<\/a><\/h3><span class=\"av-vertical-delimiter\"><\/span><\/header><div class=\"slide-meta\"><time class='slide-meta-time updated'  itemprop=\"datePublished\" datetime=\"2022-06-29T09:08:28+02:00\" >29 Juni 2022<\/time><\/div><div class='slide-entry-excerpt entry-content'  itemprop=\"text\" ><div class=\"read-more-link\"><a href=\"https:\/\/www.frieslandhollandtravel.nl\/de\/elfensteden\/stadt-nr-6-hindeloopen-hafenstadt-und-wassersportzentrum-mit-internationaler-ausstrahlung\/\" class=\"more-link\">Mehr lesen<span class='more-link-arrow avia-svg-icon avia-font-svg_entypo-fontello' data-av_svg_icon='right-open-big' data-av_iconset='svg_entypo-fontello'><svg version=\"1.1\" xmlns=\"http:\/\/www.w3.org\/2000\/svg\" width=\"15\" height=\"32\" viewBox=\"0 0 15 32\" preserveAspectRatio=\"xMidYMid meet\" role=\"graphics-symbol\" aria-hidden=\"true\">\n<path d=\"M0.416 27.84l11.456-11.84-11.456-11.904q-0.832-0.832 0-1.536 0.832-0.832 1.536 0l12.544 12.608q0.768 0.832 0 1.6l-12.544 12.608q-0.704 0.832-1.536 0-0.832-0.704 0-1.536z\"><\/path>\n<\/svg><\/span><\/a><\/div><\/div><\/div><footer class=\"entry-footer\"><\/footer><span class='hidden'>\n\t\t\t\t<span class='av-structured-data'  itemprop=\"image\" itemscope=\"itemscope\" itemtype=\"https:\/\/schema.org\/ImageObject\" >\n\t\t\t\t\t\t<span itemprop='url'>https:\/\/www.frieslandhollandtravel.nl\/wp-content\/uploads\/2023\/12\/stad-nr-6-hindeloopen.jpg<\/span>\n\t\t\t\t\t\t<span itemprop='height'>700<\/span>\n\t\t\t\t\t\t<span itemprop='width'>933<\/span>\n\t\t\t\t<\/span>\n\t\t\t\t<span class='av-structured-data'  itemprop=\"publisher\" itemtype=\"https:\/\/schema.org\/Organization\" itemscope=\"itemscope\" >\n\t\t\t\t\t\t<span itemprop='name'>admin<\/span>\n\t\t\t\t\t\t<span itemprop='logo' itemscope itemtype='https:\/\/schema.org\/ImageObject'>\n\t\t\t\t\t\t\t<span itemprop='url'>https:\/\/www.frieslandhollandtravel.nl\/wp-content\/uploads\/2023\/12\/logo.svg<\/span>\n\t\t\t\t\t\t<\/span>\n\t\t\t\t<\/span><span class='av-structured-data'  itemprop=\"author\" itemscope=\"itemscope\" itemtype=\"https:\/\/schema.org\/Person\" ><span itemprop='name'>admin<\/span><\/span><span class='av-structured-data'  itemprop=\"datePublished\" datetime=\"2024-01-30T11:50:52+01:00\" >2022-06-29 09:08:28<\/span><span class='av-structured-data'  itemprop=\"dateModified\" itemtype=\"https:\/\/schema.org\/dateModified\" >2022-06-29 09:08:28<\/span><span class='av-structured-data'  itemprop=\"mainEntityOfPage\" itemtype=\"https:\/\/schema.org\/mainEntityOfPage\" ><span itemprop='name'>Stadt Nr. 6: Hindeloopen &#8211; Hafenstadt und Wassersportzentrum mit internationaler Ausstrahlung<\/span><\/span><\/span><\/article><article class='slide-entry flex_column  post-entry post-entry-43530 slide-entry-overview slide-loop-8 slide-parity-even  av_one_third  real-thumbnail posttype-post post-format-standard'  itemscope=\"itemscope\" itemtype=\"https:\/\/schema.org\/CreativeWork\" ><a href='https:\/\/www.frieslandhollandtravel.nl\/de\/elfensteden\/stadt-nr-7-workum-das-gemuetlichste-und-groesste-museum-frieslands\/' data-rel='slide-1' class='slide-image' title='Stadt Nr. 7: Workum &#8211; das gem\u00fctlichste und gr\u00f6\u00dfte Museum Frieslands'><img decoding=\"async\" loading=\"lazy\" width=\"600\" height=\"480\" src=\"https:\/\/www.frieslandhollandtravel.nl\/wp-content\/uploads\/2023\/12\/stad-nr-7-workum-600x480.jpg\" class=\"wp-image-43542 avia-img-lazy-loading-43542 attachment-portfolio size-portfolio wp-post-image\" alt=\"\" \/><\/a><div class=\"slide-content\"><header class=\"entry-content-header\" aria-label=\"Slide: Stadt Nr. 7: Workum - das gem\u00fctlichste und gr\u00f6\u00dfte Museum Frieslands\"><h3 class='slide-entry-title entry-title '  itemprop=\"headline\" ><a href='https:\/\/www.frieslandhollandtravel.nl\/de\/elfensteden\/stadt-nr-7-workum-das-gemuetlichste-und-groesste-museum-frieslands\/' title='Stadt Nr. 7: Workum &#8211; das gem\u00fctlichste und gr\u00f6\u00dfte Museum Frieslands'>Stadt Nr. 7: Workum &#8211; das gem\u00fctlichste und gr\u00f6\u00dfte Museum Frieslands<\/a><\/h3><span class=\"av-vertical-delimiter\"><\/span><\/header><div class=\"slide-meta\"><time class='slide-meta-time updated'  itemprop=\"datePublished\" datetime=\"2022-06-29T08:06:50+02:00\" >29 Juni 2022<\/time><\/div><div class='slide-entry-excerpt entry-content'  itemprop=\"text\" ><div class=\"read-more-link\"><a href=\"https:\/\/www.frieslandhollandtravel.nl\/de\/elfensteden\/stadt-nr-7-workum-das-gemuetlichste-und-groesste-museum-frieslands\/\" class=\"more-link\">Mehr lesen<span class='more-link-arrow avia-svg-icon avia-font-svg_entypo-fontello' data-av_svg_icon='right-open-big' data-av_iconset='svg_entypo-fontello'><svg version=\"1.1\" xmlns=\"http:\/\/www.w3.org\/2000\/svg\" width=\"15\" height=\"32\" viewBox=\"0 0 15 32\" preserveAspectRatio=\"xMidYMid meet\" role=\"graphics-symbol\" aria-hidden=\"true\">\n<path d=\"M0.416 27.84l11.456-11.84-11.456-11.904q-0.832-0.832 0-1.536 0.832-0.832 1.536 0l12.544 12.608q0.768 0.832 0 1.6l-12.544 12.608q-0.704 0.832-1.536 0-0.832-0.704 0-1.536z\"><\/path>\n<\/svg><\/span><\/a><\/div><\/div><\/div><footer class=\"entry-footer\"><\/footer><span class='hidden'>\n\t\t\t\t<span class='av-structured-data'  itemprop=\"image\" itemscope=\"itemscope\" itemtype=\"https:\/\/schema.org\/ImageObject\" >\n\t\t\t\t\t\t<span itemprop='url'>https:\/\/www.frieslandhollandtravel.nl\/wp-content\/uploads\/2023\/12\/stad-nr-7-workum.jpg<\/span>\n\t\t\t\t\t\t<span itemprop='height'>700<\/span>\n\t\t\t\t\t\t<span itemprop='width'>933<\/span>\n\t\t\t\t<\/span>\n\t\t\t\t<span class='av-structured-data'  itemprop=\"publisher\" itemtype=\"https:\/\/schema.org\/Organization\" itemscope=\"itemscope\" >\n\t\t\t\t\t\t<span itemprop='name'>admin<\/span>\n\t\t\t\t\t\t<span itemprop='logo' itemscope itemtype='https:\/\/schema.org\/ImageObject'>\n\t\t\t\t\t\t\t<span itemprop='url'>https:\/\/www.frieslandhollandtravel.nl\/wp-content\/uploads\/2023\/12\/logo.svg<\/span>\n\t\t\t\t\t\t<\/span>\n\t\t\t\t<\/span><span class='av-structured-data'  itemprop=\"author\" itemscope=\"itemscope\" itemtype=\"https:\/\/schema.org\/Person\" ><span itemprop='name'>admin<\/span><\/span><span class='av-structured-data'  itemprop=\"datePublished\" datetime=\"2024-01-30T11:50:52+01:00\" >2022-06-29 08:06:50<\/span><span class='av-structured-data'  itemprop=\"dateModified\" itemtype=\"https:\/\/schema.org\/dateModified\" >2022-06-29 08:06:50<\/span><span class='av-structured-data'  itemprop=\"mainEntityOfPage\" itemtype=\"https:\/\/schema.org\/mainEntityOfPage\" ><span itemprop='name'>Stadt Nr. 7: Workum &#8211; das gem\u00fctlichste und gr\u00f6\u00dfte Museum Frieslands<\/span><\/span><\/span><\/article><article class='slide-entry flex_column  post-entry post-entry-43555 slide-entry-overview slide-loop-9 slide-parity-odd  av_one_third  real-thumbnail posttype-post post-format-standard'  itemscope=\"itemscope\" itemtype=\"https:\/\/schema.org\/CreativeWork\" ><a href='https:\/\/www.frieslandhollandtravel.nl\/de\/elfensteden\/stadt-nr-8-bolsward-hansestadt\/' data-rel='slide-1' class='slide-image' title='Stadt Nr. 8: Bolsward &#8211; Hansestadt'><img decoding=\"async\" loading=\"lazy\" width=\"525\" height=\"480\" src=\"https:\/\/www.frieslandhollandtravel.nl\/wp-content\/uploads\/2023\/12\/stad-nr-8-bolsward-525x480.jpg\" class=\"wp-image-43563 avia-img-lazy-loading-43563 attachment-portfolio size-portfolio wp-post-image\" alt=\"\" \/><\/a><div class=\"slide-content\"><header class=\"entry-content-header\" aria-label=\"Slide: Stadt Nr. 8: Bolsward - Hansestadt\"><h3 class='slide-entry-title entry-title '  itemprop=\"headline\" ><a href='https:\/\/www.frieslandhollandtravel.nl\/de\/elfensteden\/stadt-nr-8-bolsward-hansestadt\/' title='Stadt Nr. 8: Bolsward &#8211; Hansestadt'>Stadt Nr. 8: Bolsward &#8211; Hansestadt<\/a><\/h3><span class=\"av-vertical-delimiter\"><\/span><\/header><div class=\"slide-meta\"><time class='slide-meta-time updated'  itemprop=\"datePublished\" datetime=\"2022-06-28T11:28:04+02:00\" >28 Juni 2022<\/time><\/div><div class='slide-entry-excerpt entry-content'  itemprop=\"text\" ><div class=\"read-more-link\"><a href=\"https:\/\/www.frieslandhollandtravel.nl\/de\/elfensteden\/stadt-nr-8-bolsward-hansestadt\/\" class=\"more-link\">Mehr lesen<span class='more-link-arrow avia-svg-icon avia-font-svg_entypo-fontello' data-av_svg_icon='right-open-big' data-av_iconset='svg_entypo-fontello'><svg version=\"1.1\" xmlns=\"http:\/\/www.w3.org\/2000\/svg\" width=\"15\" height=\"32\" viewBox=\"0 0 15 32\" preserveAspectRatio=\"xMidYMid meet\" role=\"graphics-symbol\" aria-hidden=\"true\">\n<path d=\"M0.416 27.84l11.456-11.84-11.456-11.904q-0.832-0.832 0-1.536 0.832-0.832 1.536 0l12.544 12.608q0.768 0.832 0 1.6l-12.544 12.608q-0.704 0.832-1.536 0-0.832-0.704 0-1.536z\"><\/path>\n<\/svg><\/span><\/a><\/div><\/div><\/div><footer class=\"entry-footer\"><\/footer><span class='hidden'>\n\t\t\t\t<span class='av-structured-data'  itemprop=\"image\" itemscope=\"itemscope\" itemtype=\"https:\/\/schema.org\/ImageObject\" >\n\t\t\t\t\t\t<span itemprop='url'>https:\/\/www.frieslandhollandtravel.nl\/wp-content\/uploads\/2023\/12\/stad-nr-8-bolsward.jpg<\/span>\n\t\t\t\t\t\t<span itemprop='height'>700<\/span>\n\t\t\t\t\t\t<span itemprop='width'>525<\/span>\n\t\t\t\t<\/span>\n\t\t\t\t<span class='av-structured-data'  itemprop=\"publisher\" itemtype=\"https:\/\/schema.org\/Organization\" itemscope=\"itemscope\" >\n\t\t\t\t\t\t<span itemprop='name'>admin<\/span>\n\t\t\t\t\t\t<span itemprop='logo' itemscope itemtype='https:\/\/schema.org\/ImageObject'>\n\t\t\t\t\t\t\t<span itemprop='url'>https:\/\/www.frieslandhollandtravel.nl\/wp-content\/uploads\/2023\/12\/logo.svg<\/span>\n\t\t\t\t\t\t<\/span>\n\t\t\t\t<\/span><span class='av-structured-data'  itemprop=\"author\" itemscope=\"itemscope\" itemtype=\"https:\/\/schema.org\/Person\" ><span itemprop='name'>admin<\/span><\/span><span class='av-structured-data'  itemprop=\"datePublished\" datetime=\"2024-01-30T11:50:52+01:00\" >2022-06-28 11:28:04<\/span><span class='av-structured-data'  itemprop=\"dateModified\" itemtype=\"https:\/\/schema.org\/dateModified\" >2022-06-28 11:28:04<\/span><span class='av-structured-data'  itemprop=\"mainEntityOfPage\" itemtype=\"https:\/\/schema.org\/mainEntityOfPage\" ><span itemprop='name'>Stadt Nr. 8: Bolsward &#8211; Hansestadt<\/span><\/span><\/span><\/article><\/div><div class=\"slide-entry-wrap\"><article class='slide-entry flex_column  post-entry post-entry-43571 slide-entry-overview slide-loop-10 slide-parity-odd  av_one_third first real-thumbnail posttype-post post-format-standard'  itemscope=\"itemscope\" itemtype=\"https:\/\/schema.org\/CreativeWork\" ><a href='https:\/\/www.frieslandhollandtravel.nl\/de\/elfensteden\/stadt-nr-9-harlingen-eine-ueberraschung-am-wattenmeer\/' data-rel='slide-1' class='slide-image' title='Stadt Nr. 9: Harlingen &#8211; Eine \u00dcberraschung am Wattenmeer'><img decoding=\"async\" loading=\"lazy\" width=\"600\" height=\"480\" src=\"https:\/\/www.frieslandhollandtravel.nl\/wp-content\/uploads\/2023\/12\/stad-nr-9-harlingen-600x480.jpg\" class=\"wp-image-43583 avia-img-lazy-loading-43583 attachment-portfolio size-portfolio wp-post-image\" alt=\"\" \/><\/a><div class=\"slide-content\"><header class=\"entry-content-header\" aria-label=\"Slide: Stadt Nr. 9: Harlingen - Eine \u00dcberraschung am Wattenmeer\"><h3 class='slide-entry-title entry-title '  itemprop=\"headline\" ><a href='https:\/\/www.frieslandhollandtravel.nl\/de\/elfensteden\/stadt-nr-9-harlingen-eine-ueberraschung-am-wattenmeer\/' title='Stadt Nr. 9: Harlingen &#8211; Eine \u00dcberraschung am Wattenmeer'>Stadt Nr. 9: Harlingen &#8211; Eine \u00dcberraschung am Wattenmeer<\/a><\/h3><span class=\"av-vertical-delimiter\"><\/span><\/header><div class=\"slide-meta\"><time class='slide-meta-time updated'  itemprop=\"datePublished\" datetime=\"2022-06-28T10:11:59+02:00\" >28 Juni 2022<\/time><\/div><div class='slide-entry-excerpt entry-content'  itemprop=\"text\" ><div class=\"read-more-link\"><a href=\"https:\/\/www.frieslandhollandtravel.nl\/de\/elfensteden\/stadt-nr-9-harlingen-eine-ueberraschung-am-wattenmeer\/\" class=\"more-link\">Mehr lesen<span class='more-link-arrow avia-svg-icon avia-font-svg_entypo-fontello' data-av_svg_icon='right-open-big' data-av_iconset='svg_entypo-fontello'><svg version=\"1.1\" xmlns=\"http:\/\/www.w3.org\/2000\/svg\" width=\"15\" height=\"32\" viewBox=\"0 0 15 32\" preserveAspectRatio=\"xMidYMid meet\" role=\"graphics-symbol\" aria-hidden=\"true\">\n<path d=\"M0.416 27.84l11.456-11.84-11.456-11.904q-0.832-0.832 0-1.536 0.832-0.832 1.536 0l12.544 12.608q0.768 0.832 0 1.6l-12.544 12.608q-0.704 0.832-1.536 0-0.832-0.704 0-1.536z\"><\/path>\n<\/svg><\/span><\/a><\/div><\/div><\/div><footer class=\"entry-footer\"><\/footer><span class='hidden'>\n\t\t\t\t<span class='av-structured-data'  itemprop=\"image\" itemscope=\"itemscope\" itemtype=\"https:\/\/schema.org\/ImageObject\" >\n\t\t\t\t\t\t<span itemprop='url'>https:\/\/www.frieslandhollandtravel.nl\/wp-content\/uploads\/2023\/12\/stad-nr-9-harlingen.jpg<\/span>\n\t\t\t\t\t\t<span itemprop='height'>700<\/span>\n\t\t\t\t\t\t<span itemprop='width'>933<\/span>\n\t\t\t\t<\/span>\n\t\t\t\t<span class='av-structured-data'  itemprop=\"publisher\" itemtype=\"https:\/\/schema.org\/Organization\" itemscope=\"itemscope\" >\n\t\t\t\t\t\t<span itemprop='name'>admin<\/span>\n\t\t\t\t\t\t<span itemprop='logo' itemscope itemtype='https:\/\/schema.org\/ImageObject'>\n\t\t\t\t\t\t\t<span itemprop='url'>https:\/\/www.frieslandhollandtravel.nl\/wp-content\/uploads\/2023\/12\/logo.svg<\/span>\n\t\t\t\t\t\t<\/span>\n\t\t\t\t<\/span><span class='av-structured-data'  itemprop=\"author\" itemscope=\"itemscope\" itemtype=\"https:\/\/schema.org\/Person\" ><span itemprop='name'>admin<\/span><\/span><span class='av-structured-data'  itemprop=\"datePublished\" datetime=\"2024-01-30T11:50:52+01:00\" >2022-06-28 10:11:59<\/span><span class='av-structured-data'  itemprop=\"dateModified\" itemtype=\"https:\/\/schema.org\/dateModified\" >2022-06-28 10:11:59<\/span><span class='av-structured-data'  itemprop=\"mainEntityOfPage\" itemtype=\"https:\/\/schema.org\/mainEntityOfPage\" ><span itemprop='name'>Stadt Nr. 9: Harlingen &#8211; Eine \u00dcberraschung am Wattenmeer<\/span><\/span><\/span><\/article><article class='slide-entry flex_column  post-entry post-entry-43596 slide-entry-overview slide-loop-11 slide-parity-even  av_one_third  real-thumbnail posttype-post post-format-standard'  itemscope=\"itemscope\" itemtype=\"https:\/\/schema.org\/CreativeWork\" ><a href='https:\/\/www.frieslandhollandtravel.nl\/de\/elfensteden\/stadt-nr-10-franeker-ehemalige-universitaetsstadt\/' data-rel='slide-1' class='slide-image' title='Stadt Nr. 10: Franeker &#8211; ehemalige Universit\u00e4tsstadt'><img decoding=\"async\" loading=\"lazy\" width=\"600\" height=\"480\" src=\"https:\/\/www.frieslandhollandtravel.nl\/wp-content\/uploads\/2023\/12\/stad-nr-10-franeker-600x480.jpg\" class=\"wp-image-43609 avia-img-lazy-loading-43609 attachment-portfolio size-portfolio wp-post-image\" alt=\"\" \/><\/a><div class=\"slide-content\"><header class=\"entry-content-header\" aria-label=\"Slide: Stadt Nr. 10: Franeker - ehemalige Universit\u00e4tsstadt\"><h3 class='slide-entry-title entry-title '  itemprop=\"headline\" ><a href='https:\/\/www.frieslandhollandtravel.nl\/de\/elfensteden\/stadt-nr-10-franeker-ehemalige-universitaetsstadt\/' title='Stadt Nr. 10: Franeker &#8211; ehemalige Universit\u00e4tsstadt'>Stadt Nr. 10: Franeker &#8211; ehemalige Universit\u00e4tsstadt<\/a><\/h3><span class=\"av-vertical-delimiter\"><\/span><\/header><div class=\"slide-meta\"><time class='slide-meta-time updated'  itemprop=\"datePublished\" datetime=\"2022-06-28T09:08:13+02:00\" >28 Juni 2022<\/time><\/div><div class='slide-entry-excerpt entry-content'  itemprop=\"text\" ><div class=\"read-more-link\"><a href=\"https:\/\/www.frieslandhollandtravel.nl\/de\/elfensteden\/stadt-nr-10-franeker-ehemalige-universitaetsstadt\/\" class=\"more-link\">Mehr lesen<span class='more-link-arrow avia-svg-icon avia-font-svg_entypo-fontello' data-av_svg_icon='right-open-big' data-av_iconset='svg_entypo-fontello'><svg version=\"1.1\" xmlns=\"http:\/\/www.w3.org\/2000\/svg\" width=\"15\" height=\"32\" viewBox=\"0 0 15 32\" preserveAspectRatio=\"xMidYMid meet\" role=\"graphics-symbol\" aria-hidden=\"true\">\n<path d=\"M0.416 27.84l11.456-11.84-11.456-11.904q-0.832-0.832 0-1.536 0.832-0.832 1.536 0l12.544 12.608q0.768 0.832 0 1.6l-12.544 12.608q-0.704 0.832-1.536 0-0.832-0.704 0-1.536z\"><\/path>\n<\/svg><\/span><\/a><\/div><\/div><\/div><footer class=\"entry-footer\"><\/footer><span class='hidden'>\n\t\t\t\t<span class='av-structured-data'  itemprop=\"image\" itemscope=\"itemscope\" itemtype=\"https:\/\/schema.org\/ImageObject\" >\n\t\t\t\t\t\t<span itemprop='url'>https:\/\/www.frieslandhollandtravel.nl\/wp-content\/uploads\/2023\/12\/stad-nr-10-franeker.jpg<\/span>\n\t\t\t\t\t\t<span itemprop='height'>700<\/span>\n\t\t\t\t\t\t<span itemprop='width'>933<\/span>\n\t\t\t\t<\/span>\n\t\t\t\t<span class='av-structured-data'  itemprop=\"publisher\" itemtype=\"https:\/\/schema.org\/Organization\" itemscope=\"itemscope\" >\n\t\t\t\t\t\t<span itemprop='name'>admin<\/span>\n\t\t\t\t\t\t<span itemprop='logo' itemscope itemtype='https:\/\/schema.org\/ImageObject'>\n\t\t\t\t\t\t\t<span itemprop='url'>https:\/\/www.frieslandhollandtravel.nl\/wp-content\/uploads\/2023\/12\/logo.svg<\/span>\n\t\t\t\t\t\t<\/span>\n\t\t\t\t<\/span><span class='av-structured-data'  itemprop=\"author\" itemscope=\"itemscope\" itemtype=\"https:\/\/schema.org\/Person\" ><span itemprop='name'>admin<\/span><\/span><span class='av-structured-data'  itemprop=\"datePublished\" datetime=\"2024-01-30T11:50:52+01:00\" >2022-06-28 09:08:13<\/span><span class='av-structured-data'  itemprop=\"dateModified\" itemtype=\"https:\/\/schema.org\/dateModified\" >2022-06-28 09:08:13<\/span><span class='av-structured-data'  itemprop=\"mainEntityOfPage\" itemtype=\"https:\/\/schema.org\/mainEntityOfPage\" ><span itemprop='name'>Stadt Nr. 10: Franeker &#8211; ehemalige Universit\u00e4tsstadt<\/span><\/span><\/span><\/article><article class='slide-entry flex_column  post-entry post-entry-43624 slide-entry-overview slide-loop-12 slide-parity-odd  post-entry-last  av_one_third  real-thumbnail posttype-post post-format-standard'  itemscope=\"itemscope\" itemtype=\"https:\/\/schema.org\/CreativeWork\" ><a href='https:\/\/www.frieslandhollandtravel.nl\/de\/elfensteden\/stadt-nr-11-dokkum-wallfahrtsort\/' data-rel='slide-1' class='slide-image' title='Stadt Nr. 11: Dokkum &#8211; Wallfahrtsort'><img decoding=\"async\" loading=\"lazy\" width=\"525\" height=\"480\" src=\"https:\/\/www.frieslandhollandtravel.nl\/wp-content\/uploads\/2023\/12\/stad-nr-11-dokkum-525x480.jpg\" class=\"wp-image-43633 avia-img-lazy-loading-43633 attachment-portfolio size-portfolio wp-post-image\" alt=\"\" \/><\/a><div class=\"slide-content\"><header class=\"entry-content-header\" aria-label=\"Slide: Stadt Nr. 11: Dokkum - Wallfahrtsort\"><h3 class='slide-entry-title entry-title '  itemprop=\"headline\" ><a href='https:\/\/www.frieslandhollandtravel.nl\/de\/elfensteden\/stadt-nr-11-dokkum-wallfahrtsort\/' title='Stadt Nr. 11: Dokkum &#8211; Wallfahrtsort'>Stadt Nr. 11: Dokkum &#8211; Wallfahrtsort<\/a><\/h3><span class=\"av-vertical-delimiter\"><\/span><\/header><div class=\"slide-meta\"><time class='slide-meta-time updated'  itemprop=\"datePublished\" datetime=\"2022-06-28T08:26:50+02:00\" >28 Juni 2022<\/time><\/div><div class='slide-entry-excerpt entry-content'  itemprop=\"text\" ><div class=\"read-more-link\"><a href=\"https:\/\/www.frieslandhollandtravel.nl\/de\/elfensteden\/stadt-nr-11-dokkum-wallfahrtsort\/\" class=\"more-link\">Mehr lesen<span class='more-link-arrow avia-svg-icon avia-font-svg_entypo-fontello' data-av_svg_icon='right-open-big' data-av_iconset='svg_entypo-fontello'><svg version=\"1.1\" xmlns=\"http:\/\/www.w3.org\/2000\/svg\" width=\"15\" height=\"32\" viewBox=\"0 0 15 32\" preserveAspectRatio=\"xMidYMid meet\" role=\"graphics-symbol\" aria-hidden=\"true\">\n<path d=\"M0.416 27.84l11.456-11.84-11.456-11.904q-0.832-0.832 0-1.536 0.832-0.832 1.536 0l12.544 12.608q0.768 0.832 0 1.6l-12.544 12.608q-0.704 0.832-1.536 0-0.832-0.704 0-1.536z\"><\/path>\n<\/svg><\/span><\/a><\/div><\/div><\/div><footer class=\"entry-footer\"><\/footer><span class='hidden'>\n\t\t\t\t<span class='av-structured-data'  itemprop=\"image\" itemscope=\"itemscope\" itemtype=\"https:\/\/schema.org\/ImageObject\" >\n\t\t\t\t\t\t<span itemprop='url'>https:\/\/www.frieslandhollandtravel.nl\/wp-content\/uploads\/2023\/12\/stad-nr-11-dokkum.jpg<\/span>\n\t\t\t\t\t\t<span itemprop='height'>700<\/span>\n\t\t\t\t\t\t<span itemprop='width'>525<\/span>\n\t\t\t\t<\/span>\n\t\t\t\t<span class='av-structured-data'  itemprop=\"publisher\" itemtype=\"https:\/\/schema.org\/Organization\" itemscope=\"itemscope\" >\n\t\t\t\t\t\t<span itemprop='name'>admin<\/span>\n\t\t\t\t\t\t<span itemprop='logo' itemscope itemtype='https:\/\/schema.org\/ImageObject'>\n\t\t\t\t\t\t\t<span itemprop='url'>https:\/\/www.frieslandhollandtravel.nl\/wp-content\/uploads\/2023\/12\/logo.svg<\/span>\n\t\t\t\t\t\t<\/span>\n\t\t\t\t<\/span><span class='av-structured-data'  itemprop=\"author\" itemscope=\"itemscope\" itemtype=\"https:\/\/schema.org\/Person\" ><span itemprop='name'>admin<\/span><\/span><span class='av-structured-data'  itemprop=\"datePublished\" datetime=\"2024-01-30T11:50:52+01:00\" >2022-06-28 08:26:50<\/span><span class='av-structured-data'  itemprop=\"dateModified\" itemtype=\"https:\/\/schema.org\/dateModified\" >2022-06-28 08:26:50<\/span><span class='av-structured-data'  itemprop=\"mainEntityOfPage\" itemtype=\"https:\/\/schema.org\/mainEntityOfPage\" ><span itemprop='name'>Stadt Nr. 11: Dokkum &#8211; Wallfahrtsort<\/span><\/span><\/span><\/article><\/div><\/div><\/div><\/p><\/div>\n","protected":false},"excerpt":{"rendered":"","protected":false},"author":1,"featured_media":45196,"parent":42343,"menu_order":0,"comment_status":"closed","ping_status":"closed","template":"","meta":{"_acf_changed":false,"footnotes":""},"class_list":["post-42379","page","type-page","status-publish","has-post-thumbnail","hentry"],"acf":[],"_links":{"self":[{"href":"https:\/\/www.frieslandhollandtravel.nl\/de\/wp-json\/wp\/v2\/pages\/42379","targetHints":{"allow":["GET"]}}],"collection":[{"href":"https:\/\/www.frieslandhollandtravel.nl\/de\/wp-json\/wp\/v2\/pages"}],"about":[{"href":"https:\/\/www.frieslandhollandtravel.nl\/de\/wp-json\/wp\/v2\/types\/page"}],"author":[{"embeddable":true,"href":"https:\/\/www.frieslandhollandtravel.nl\/de\/wp-json\/wp\/v2\/users\/1"}],"replies":[{"embeddable":true,"href":"https:\/\/www.frieslandhollandtravel.nl\/de\/wp-json\/wp\/v2\/comments?post=42379"}],"version-history":[{"count":0,"href":"https:\/\/www.frieslandhollandtravel.nl\/de\/wp-json\/wp\/v2\/pages\/42379\/revisions"}],"up":[{"embeddable":true,"href":"https:\/\/www.frieslandhollandtravel.nl\/de\/wp-json\/wp\/v2\/pages\/42343"}],"wp:featuredmedia":[{"embeddable":true,"href":"https:\/\/www.frieslandhollandtravel.nl\/de\/wp-json\/wp\/v2\/media\/45196"}],"wp:attachment":[{"href":"https:\/\/www.frieslandhollandtravel.nl\/de\/wp-json\/wp\/v2\/media?parent=42379"}],"curies":[{"name":"wp","href":"https:\/\/api.w.org\/{rel}","templated":true}]}}