{"id":42820,"date":"2020-01-31T13:18:41","date_gmt":"2020-01-31T12:18:41","guid":{"rendered":"https:\/\/www.frieslandhollandtravel.nl\/nachrichten\/"},"modified":"2025-01-09T16:45:12","modified_gmt":"2025-01-09T15:45:12","slug":"nachrichten","status":"publish","type":"page","link":"https:\/\/www.frieslandhollandtravel.nl\/de\/nachrichten\/","title":{"rendered":"Nachrichten"},"content":{"rendered":"\n<style type=\"text\/css\" data-created_by=\"avia_inline_auto\" id=\"style-css-av-lrz22df2-4dd44feeed7d0aa972a731170c46d9a6\">\n.avia-section.av-lrz22df2-4dd44feeed7d0aa972a731170c46d9a6{\nbackground-image:url(https:\/\/www.frieslandhollandtravel.nl\/wp-content\/uploads\/2024\/01\/header-friese-meren-zeilen.jpg);\nbackground-position:50% 50%;\n}\n<\/style>\n<div id='av_section_1'  class='avia-section av-lrz22df2-4dd44feeed7d0aa972a731170c46d9a6 avia-section- avia-  avia-builder-el-0  el_before_av_section  avia-builder-el-first  vdlp-header avia-bg-style- container_wrap fullsize'  data-section-bg-repeat=''><div class='container av-section-cont-open' ><main  role=\"main\" itemprop=\"mainContentOfPage\"  class='template-page content  av-content-full alpha units'><div class='post-entry post-entry-type-page post-entry-42820'><div class='entry-content-wrapper clearfix'>\n<\/div><\/div><\/main><!-- close content main element --><\/div><\/div><div id='av_section_2'  class='avia-section av-qv58-bd827e1c7553bf354780e0f2d5a95a00 main_color avia-section-default avia-no-border-styling  avia-builder-el-1  el_after_av_section  avia-builder-el-last  avia-bg-style-scroll container_wrap fullsize'  ><div class='container av-section-cont-open' ><div class='template-page content  av-content-full alpha units'><div class='post-entry post-entry-type-page post-entry-42820'><div class='entry-content-wrapper clearfix'>\n<div  class='flex_column av-p1y0-3f20ff0b4a8fcbecd62c788abb79b878 av_one_full  avia-builder-el-2  avia-builder-el-no-sibling  first flex_column_div  '     ><p>\n<style type=\"text\/css\" data-created_by=\"avia_inline_auto\" id=\"style-css-av-1m8b8-4a0c7a141fc4d809a9e622044219b4c4\">\n#top .av-special-heading.av-1m8b8-4a0c7a141fc4d809a9e622044219b4c4{\npadding-bottom:10px;\n}\nbody .av-special-heading.av-1m8b8-4a0c7a141fc4d809a9e622044219b4c4 .av-special-heading-tag .heading-char{\nfont-size:25px;\n}\n.av-special-heading.av-1m8b8-4a0c7a141fc4d809a9e622044219b4c4 .av-subheading{\nfont-size:15px;\n}\n<\/style>\n<div  class='av-special-heading av-1m8b8-4a0c7a141fc4d809a9e622044219b4c4 av-special-heading-h1 blockquote modern-quote  avia-builder-el-3  el_before_av_textblock  avia-builder-el-first '><h1 class='av-special-heading-tag '  itemprop=\"headline\"  >Nachrichten<\/h1><div class=\"special-heading-border\"><div class=\"special-heading-inner-border\"><\/div><\/div><\/div><br \/>\n<section  class='av_textblock_section av-lrz28kha-368fd2cac526d6ad9a38ed314797fbaf '   itemscope=\"itemscope\" itemtype=\"https:\/\/schema.org\/CreativeWork\" ><div class='avia_textblock'  itemprop=\"text\" ><p>Entdecken Sie die neuesten Reisenachrichten und Must Do&#8217;s in Friesland. Erkunden, genie\u00dfen und erleben Sie Frysl\u00e2n mit Friesland Holland Travel!<\/p>\n<\/div><\/section><br \/>\n<div  data-slideshow-options=\"{&quot;animation&quot;:&quot;fade&quot;,&quot;autoplay&quot;:false,&quot;loop_autoplay&quot;:&quot;once&quot;,&quot;interval&quot;:5,&quot;loop_manual&quot;:&quot;manual-endless&quot;,&quot;autoplay_stopper&quot;:false,&quot;noNavigation&quot;:false,&quot;show_slide_delay&quot;:90}\" class='avia-content-slider avia-content-grid-active avia-content-slider1 avia-content-slider-odd  avia-builder-el-5  el_after_av_textblock  avia-builder-el-last  av-slideshow-ui av-control-default   av-no-slider-navigation av-slideshow-manual av-loop-once av-loop-manual-endless '  itemscope=\"itemscope\" itemtype=\"https:\/\/schema.org\/Blog\" ><div class=\"avia-content-slider-inner\"><div class=\"slide-entry-wrap\"><article class='slide-entry flex_column  post-entry post-entry-54837 slide-entry-overview slide-loop-1 slide-parity-odd  av_one_third first real-thumbnail posttype-post post-format-standard'  itemscope=\"itemscope\" itemtype=\"https:\/\/schema.org\/CreativeWork\" ><a href='https:\/\/www.frieslandhollandtravel.nl\/de\/nachrichten\/das-internationale-interesse-an-friesland-waechst-deutlich\/' data-rel='slide-1' class='slide-image' title='Das internationale Interesse an Friesland w\u00e4chst deutlich'><img decoding=\"async\" loading=\"lazy\" width=\"2048\" height=\"1149\" src=\"https:\/\/www.frieslandhollandtravel.nl\/wp-content\/uploads\/2026\/02\/DSC00240-scaled.jpg\" class=\"wp-image-54829 avia-img-lazy-loading-54829 attachment-portfolio size-portfolio wp-post-image\" alt=\"\" srcset=\"https:\/\/www.frieslandhollandtravel.nl\/wp-content\/uploads\/2026\/02\/DSC00240-scaled.jpg 2048w, https:\/\/www.frieslandhollandtravel.nl\/wp-content\/uploads\/2026\/02\/DSC00240-300x168.jpg 300w, https:\/\/www.frieslandhollandtravel.nl\/wp-content\/uploads\/2026\/02\/DSC00240-1030x578.jpg 1030w, https:\/\/www.frieslandhollandtravel.nl\/wp-content\/uploads\/2026\/02\/DSC00240-768x431.jpg 768w, https:\/\/www.frieslandhollandtravel.nl\/wp-content\/uploads\/2026\/02\/DSC00240-1536x862.jpg 1536w, https:\/\/www.frieslandhollandtravel.nl\/wp-content\/uploads\/2026\/02\/DSC00240-450x252.jpg 450w, https:\/\/www.frieslandhollandtravel.nl\/wp-content\/uploads\/2026\/02\/DSC00240-600x337.jpg 600w\" sizes=\"auto, (max-width: 2048px) 100vw, 2048px\" \/><\/a><div class=\"slide-content\"><header class=\"entry-content-header\" aria-label=\"Slide: Das internationale Interesse an Friesland w\u00e4chst deutlich\"><h3 class='slide-entry-title entry-title '  itemprop=\"headline\" ><a href='https:\/\/www.frieslandhollandtravel.nl\/de\/nachrichten\/das-internationale-interesse-an-friesland-waechst-deutlich\/' title='Das internationale Interesse an Friesland w\u00e4chst deutlich'>Das internationale Interesse an Friesland w\u00e4chst deutlich<\/a><\/h3><span class=\"av-vertical-delimiter\"><\/span><\/header><div class=\"slide-meta\"><time class='slide-meta-time updated'  itemprop=\"datePublished\" datetime=\"2026-02-11T14:08:40+01:00\" >11 Februar 2026<\/time><\/div><div class='slide-entry-excerpt entry-content'  itemprop=\"text\" ><div class=\"read-more-link\"><a href=\"https:\/\/www.frieslandhollandtravel.nl\/de\/nachrichten\/das-internationale-interesse-an-friesland-waechst-deutlich\/\" class=\"more-link\">Mehr lesen<span class='more-link-arrow avia-svg-icon avia-font-svg_entypo-fontello' data-av_svg_icon='right-open-big' data-av_iconset='svg_entypo-fontello'><svg version=\"1.1\" xmlns=\"http:\/\/www.w3.org\/2000\/svg\" width=\"15\" height=\"32\" viewBox=\"0 0 15 32\" preserveAspectRatio=\"xMidYMid meet\" role=\"graphics-symbol\" aria-hidden=\"true\">\n<path d=\"M0.416 27.84l11.456-11.84-11.456-11.904q-0.832-0.832 0-1.536 0.832-0.832 1.536 0l12.544 12.608q0.768 0.832 0 1.6l-12.544 12.608q-0.704 0.832-1.536 0-0.832-0.704 0-1.536z\"><\/path>\n<\/svg><\/span><\/a><\/div><\/div><\/div><footer class=\"entry-footer\"><\/footer><span class='hidden'>\n\t\t\t\t<span class='av-structured-data'  itemprop=\"image\" itemscope=\"itemscope\" itemtype=\"https:\/\/schema.org\/ImageObject\" >\n\t\t\t\t\t\t<span itemprop='url'>https:\/\/www.frieslandhollandtravel.nl\/wp-content\/uploads\/2026\/02\/DSC00240-scaled.jpg<\/span>\n\t\t\t\t\t\t<span itemprop='height'>1149<\/span>\n\t\t\t\t\t\t<span itemprop='width'>2048<\/span>\n\t\t\t\t<\/span>\n\t\t\t\t<span class='av-structured-data'  itemprop=\"publisher\" itemtype=\"https:\/\/schema.org\/Organization\" itemscope=\"itemscope\" >\n\t\t\t\t\t\t<span itemprop='name'>Beheerder<\/span>\n\t\t\t\t\t\t<span itemprop='logo' itemscope itemtype='https:\/\/schema.org\/ImageObject'>\n\t\t\t\t\t\t\t<span itemprop='url'>https:\/\/www.frieslandhollandtravel.nl\/wp-content\/uploads\/2023\/12\/logo.svg<\/span>\n\t\t\t\t\t\t<\/span>\n\t\t\t\t<\/span><span class='av-structured-data'  itemprop=\"author\" itemscope=\"itemscope\" itemtype=\"https:\/\/schema.org\/Person\" ><span itemprop='name'>Beheerder<\/span><\/span><span class='av-structured-data'  itemprop=\"datePublished\" datetime=\"2020-01-31T13:18:41+01:00\" >2026-02-11 14:08:40<\/span><span class='av-structured-data'  itemprop=\"dateModified\" itemtype=\"https:\/\/schema.org\/dateModified\" >2026-02-11 14:19:03<\/span><span class='av-structured-data'  itemprop=\"mainEntityOfPage\" itemtype=\"https:\/\/schema.org\/mainEntityOfPage\" ><span itemprop='name'>Das internationale Interesse an Friesland w\u00e4chst deutlich<\/span><\/span><\/span><\/article><article class='slide-entry flex_column  post-entry post-entry-54786 slide-entry-overview slide-loop-2 slide-parity-even  av_one_third  real-thumbnail posttype-post post-format-standard'  itemscope=\"itemscope\" itemtype=\"https:\/\/schema.org\/CreativeWork\" ><a href='https:\/\/www.frieslandhollandtravel.nl\/de\/nachrichten\/genussvoll-radeln-in-friesland-gepaeckservice-inklusive\/' data-rel='slide-1' class='slide-image' title='Genussvoll radeln in Friesland: Gep\u00e4ckservice inklusive'><img decoding=\"async\" loading=\"lazy\" width=\"1024\" height=\"768\" src=\"https:\/\/www.frieslandhollandtravel.nl\/wp-content\/uploads\/2025\/06\/1cIMG_6960-Groot-1024x768-1.webp\" class=\"wp-image-45534 avia-img-lazy-loading-45534 attachment-portfolio size-portfolio wp-post-image\" alt=\"\" srcset=\"https:\/\/www.frieslandhollandtravel.nl\/wp-content\/uploads\/2025\/06\/1cIMG_6960-Groot-1024x768-1.webp 1024w, https:\/\/www.frieslandhollandtravel.nl\/wp-content\/uploads\/2025\/06\/1cIMG_6960-Groot-1024x768-1-300x225.webp 300w, https:\/\/www.frieslandhollandtravel.nl\/wp-content\/uploads\/2025\/06\/1cIMG_6960-Groot-1024x768-1-768x576.webp 768w, https:\/\/www.frieslandhollandtravel.nl\/wp-content\/uploads\/2025\/06\/1cIMG_6960-Groot-1024x768-1-450x338.webp 450w, https:\/\/www.frieslandhollandtravel.nl\/wp-content\/uploads\/2025\/06\/1cIMG_6960-Groot-1024x768-1-600x450.webp 600w\" sizes=\"auto, (max-width: 1024px) 100vw, 1024px\" \/><\/a><div class=\"slide-content\"><header class=\"entry-content-header\" aria-label=\"Slide: Genussvoll radeln in Friesland: Gep\u00e4ckservice inklusive\"><h3 class='slide-entry-title entry-title '  itemprop=\"headline\" ><a href='https:\/\/www.frieslandhollandtravel.nl\/de\/nachrichten\/genussvoll-radeln-in-friesland-gepaeckservice-inklusive\/' title='Genussvoll radeln in Friesland: Gep\u00e4ckservice inklusive'>Genussvoll radeln in Friesland: Gep\u00e4ckservice inklusive<\/a><\/h3><span class=\"av-vertical-delimiter\"><\/span><\/header><div class=\"slide-meta\"><time class='slide-meta-time updated'  itemprop=\"datePublished\" datetime=\"2026-02-09T15:20:08+01:00\" >9 Februar 2026<\/time><\/div><div class='slide-entry-excerpt entry-content'  itemprop=\"text\" ><div class=\"read-more-link\"><a href=\"https:\/\/www.frieslandhollandtravel.nl\/de\/nachrichten\/genussvoll-radeln-in-friesland-gepaeckservice-inklusive\/\" class=\"more-link\">Mehr lesen<span class='more-link-arrow avia-svg-icon avia-font-svg_entypo-fontello' data-av_svg_icon='right-open-big' data-av_iconset='svg_entypo-fontello'><svg version=\"1.1\" xmlns=\"http:\/\/www.w3.org\/2000\/svg\" width=\"15\" height=\"32\" viewBox=\"0 0 15 32\" preserveAspectRatio=\"xMidYMid meet\" role=\"graphics-symbol\" aria-hidden=\"true\">\n<path d=\"M0.416 27.84l11.456-11.84-11.456-11.904q-0.832-0.832 0-1.536 0.832-0.832 1.536 0l12.544 12.608q0.768 0.832 0 1.6l-12.544 12.608q-0.704 0.832-1.536 0-0.832-0.704 0-1.536z\"><\/path>\n<\/svg><\/span><\/a><\/div><\/div><\/div><footer class=\"entry-footer\"><\/footer><span class='hidden'>\n\t\t\t\t<span class='av-structured-data'  itemprop=\"image\" itemscope=\"itemscope\" itemtype=\"https:\/\/schema.org\/ImageObject\" >\n\t\t\t\t\t\t<span itemprop='url'>https:\/\/www.frieslandhollandtravel.nl\/wp-content\/uploads\/2025\/06\/1cIMG_6960-Groot-1024x768-1.webp<\/span>\n\t\t\t\t\t\t<span itemprop='height'>768<\/span>\n\t\t\t\t\t\t<span itemprop='width'>1024<\/span>\n\t\t\t\t<\/span>\n\t\t\t\t<span class='av-structured-data'  itemprop=\"publisher\" itemtype=\"https:\/\/schema.org\/Organization\" itemscope=\"itemscope\" >\n\t\t\t\t\t\t<span itemprop='name'>Beheerder<\/span>\n\t\t\t\t\t\t<span itemprop='logo' itemscope itemtype='https:\/\/schema.org\/ImageObject'>\n\t\t\t\t\t\t\t<span itemprop='url'>https:\/\/www.frieslandhollandtravel.nl\/wp-content\/uploads\/2023\/12\/logo.svg<\/span>\n\t\t\t\t\t\t<\/span>\n\t\t\t\t<\/span><span class='av-structured-data'  itemprop=\"author\" itemscope=\"itemscope\" itemtype=\"https:\/\/schema.org\/Person\" ><span itemprop='name'>Beheerder<\/span><\/span><span class='av-structured-data'  itemprop=\"datePublished\" datetime=\"2020-01-31T13:18:41+01:00\" >2026-02-09 15:20:08<\/span><span class='av-structured-data'  itemprop=\"dateModified\" itemtype=\"https:\/\/schema.org\/dateModified\" >2026-02-09 15:20:08<\/span><span class='av-structured-data'  itemprop=\"mainEntityOfPage\" itemtype=\"https:\/\/schema.org\/mainEntityOfPage\" ><span itemprop='name'>Genussvoll radeln in Friesland: Gep\u00e4ckservice inklusive<\/span><\/span><\/span><\/article><article class='slide-entry flex_column  post-entry post-entry-54697 slide-entry-overview slide-loop-3 slide-parity-odd  av_one_third  real-thumbnail posttype-post post-format-standard'  itemscope=\"itemscope\" itemtype=\"https:\/\/schema.org\/CreativeWork\" ><a href='https:\/\/www.frieslandhollandtravel.nl\/de\/nachrichten\/gemeinsam-mit-ihrem-hund-auf-fahrradurlaub-in-friesland\/' data-rel='slide-1' class='slide-image' title='Gemeinsam mit Ihrem Hund auf Fahrradurlaub in Friesland!'><img decoding=\"async\" loading=\"lazy\" width=\"1600\" height=\"1600\" src=\"https:\/\/www.frieslandhollandtravel.nl\/wp-content\/uploads\/2026\/02\/6e5d5596-037a-430d-b896-17f497249991.jpg\" class=\"wp-image-54691 avia-img-lazy-loading-54691 attachment-portfolio size-portfolio wp-post-image\" alt=\"\" srcset=\"https:\/\/www.frieslandhollandtravel.nl\/wp-content\/uploads\/2026\/02\/6e5d5596-037a-430d-b896-17f497249991.jpg 1600w, https:\/\/www.frieslandhollandtravel.nl\/wp-content\/uploads\/2026\/02\/6e5d5596-037a-430d-b896-17f497249991-300x300.jpg 300w, https:\/\/www.frieslandhollandtravel.nl\/wp-content\/uploads\/2026\/02\/6e5d5596-037a-430d-b896-17f497249991-1030x1030.jpg 1030w, https:\/\/www.frieslandhollandtravel.nl\/wp-content\/uploads\/2026\/02\/6e5d5596-037a-430d-b896-17f497249991-80x80.jpg 80w, https:\/\/www.frieslandhollandtravel.nl\/wp-content\/uploads\/2026\/02\/6e5d5596-037a-430d-b896-17f497249991-768x768.jpg 768w, https:\/\/www.frieslandhollandtravel.nl\/wp-content\/uploads\/2026\/02\/6e5d5596-037a-430d-b896-17f497249991-1536x1536.jpg 1536w, https:\/\/www.frieslandhollandtravel.nl\/wp-content\/uploads\/2026\/02\/6e5d5596-037a-430d-b896-17f497249991-36x36.jpg 36w, https:\/\/www.frieslandhollandtravel.nl\/wp-content\/uploads\/2026\/02\/6e5d5596-037a-430d-b896-17f497249991-450x450.jpg 450w, https:\/\/www.frieslandhollandtravel.nl\/wp-content\/uploads\/2026\/02\/6e5d5596-037a-430d-b896-17f497249991-120x120.jpg 120w, https:\/\/www.frieslandhollandtravel.nl\/wp-content\/uploads\/2026\/02\/6e5d5596-037a-430d-b896-17f497249991-600x600.jpg 600w, https:\/\/www.frieslandhollandtravel.nl\/wp-content\/uploads\/2026\/02\/6e5d5596-037a-430d-b896-17f497249991-100x100.jpg 100w\" sizes=\"auto, (max-width: 1600px) 100vw, 1600px\" \/><\/a><div class=\"slide-content\"><header class=\"entry-content-header\" aria-label=\"Slide: Gemeinsam mit Ihrem Hund auf Fahrradurlaub in Friesland!\"><h3 class='slide-entry-title entry-title '  itemprop=\"headline\" ><a href='https:\/\/www.frieslandhollandtravel.nl\/de\/nachrichten\/gemeinsam-mit-ihrem-hund-auf-fahrradurlaub-in-friesland\/' title='Gemeinsam mit Ihrem Hund auf Fahrradurlaub in Friesland!'>Gemeinsam mit Ihrem Hund auf Fahrradurlaub in Friesland!<\/a><\/h3><span class=\"av-vertical-delimiter\"><\/span><\/header><div class=\"slide-meta\"><time class='slide-meta-time updated'  itemprop=\"datePublished\" datetime=\"2026-02-04T11:36:49+01:00\" >4 Februar 2026<\/time><\/div><div class='slide-entry-excerpt entry-content'  itemprop=\"text\" ><div class=\"read-more-link\"><a href=\"https:\/\/www.frieslandhollandtravel.nl\/de\/nachrichten\/gemeinsam-mit-ihrem-hund-auf-fahrradurlaub-in-friesland\/\" class=\"more-link\">Mehr lesen<span class='more-link-arrow avia-svg-icon avia-font-svg_entypo-fontello' data-av_svg_icon='right-open-big' data-av_iconset='svg_entypo-fontello'><svg version=\"1.1\" xmlns=\"http:\/\/www.w3.org\/2000\/svg\" width=\"15\" height=\"32\" viewBox=\"0 0 15 32\" preserveAspectRatio=\"xMidYMid meet\" role=\"graphics-symbol\" aria-hidden=\"true\">\n<path d=\"M0.416 27.84l11.456-11.84-11.456-11.904q-0.832-0.832 0-1.536 0.832-0.832 1.536 0l12.544 12.608q0.768 0.832 0 1.6l-12.544 12.608q-0.704 0.832-1.536 0-0.832-0.704 0-1.536z\"><\/path>\n<\/svg><\/span><\/a><\/div><\/div><\/div><footer class=\"entry-footer\"><\/footer><span class='hidden'>\n\t\t\t\t<span class='av-structured-data'  itemprop=\"image\" itemscope=\"itemscope\" itemtype=\"https:\/\/schema.org\/ImageObject\" >\n\t\t\t\t\t\t<span itemprop='url'>https:\/\/www.frieslandhollandtravel.nl\/wp-content\/uploads\/2026\/02\/6e5d5596-037a-430d-b896-17f497249991.jpg<\/span>\n\t\t\t\t\t\t<span itemprop='height'>1600<\/span>\n\t\t\t\t\t\t<span itemprop='width'>1600<\/span>\n\t\t\t\t<\/span>\n\t\t\t\t<span class='av-structured-data'  itemprop=\"publisher\" itemtype=\"https:\/\/schema.org\/Organization\" itemscope=\"itemscope\" >\n\t\t\t\t\t\t<span itemprop='name'>Beheerder<\/span>\n\t\t\t\t\t\t<span itemprop='logo' itemscope itemtype='https:\/\/schema.org\/ImageObject'>\n\t\t\t\t\t\t\t<span itemprop='url'>https:\/\/www.frieslandhollandtravel.nl\/wp-content\/uploads\/2023\/12\/logo.svg<\/span>\n\t\t\t\t\t\t<\/span>\n\t\t\t\t<\/span><span class='av-structured-data'  itemprop=\"author\" itemscope=\"itemscope\" itemtype=\"https:\/\/schema.org\/Person\" ><span itemprop='name'>Beheerder<\/span><\/span><span class='av-structured-data'  itemprop=\"datePublished\" datetime=\"2020-01-31T13:18:41+01:00\" >2026-02-04 11:36:49<\/span><span class='av-structured-data'  itemprop=\"dateModified\" itemtype=\"https:\/\/schema.org\/dateModified\" >2026-02-04 11:47:25<\/span><span class='av-structured-data'  itemprop=\"mainEntityOfPage\" itemtype=\"https:\/\/schema.org\/mainEntityOfPage\" ><span itemprop='name'>Gemeinsam mit Ihrem Hund auf Fahrradurlaub in Friesland!<\/span><\/span><\/span><\/article><\/div><div class=\"slide-entry-wrap\"><article class='slide-entry flex_column  post-entry post-entry-54400 slide-entry-overview slide-loop-4 slide-parity-odd  av_one_third first real-thumbnail posttype-post post-format-standard'  itemscope=\"itemscope\" itemtype=\"https:\/\/schema.org\/CreativeWork\" ><a href='https:\/\/www.frieslandhollandtravel.nl\/de\/nachrichten\/reisen-bei-regen-so-funktionierts-bei-friesland-holland-travel\/' data-rel='slide-1' class='slide-image' title='Reisen bei Regen? So funktioniert\u2019s bei Friesland Holland Travel'><img decoding=\"async\" loading=\"lazy\" width=\"850\" height=\"450\" src=\"https:\/\/www.frieslandhollandtravel.nl\/wp-content\/uploads\/2026\/01\/Fietsende-senioren-900x450-1.jpg\" class=\"wp-image-54425 avia-img-lazy-loading-54425 attachment-portfolio size-portfolio wp-post-image\" alt=\"\" srcset=\"https:\/\/www.frieslandhollandtravel.nl\/wp-content\/uploads\/2026\/01\/Fietsende-senioren-900x450-1.jpg 850w, https:\/\/www.frieslandhollandtravel.nl\/wp-content\/uploads\/2026\/01\/Fietsende-senioren-900x450-1-300x159.jpg 300w, https:\/\/www.frieslandhollandtravel.nl\/wp-content\/uploads\/2026\/01\/Fietsende-senioren-900x450-1-768x407.jpg 768w, https:\/\/www.frieslandhollandtravel.nl\/wp-content\/uploads\/2026\/01\/Fietsende-senioren-900x450-1-450x238.jpg 450w, https:\/\/www.frieslandhollandtravel.nl\/wp-content\/uploads\/2026\/01\/Fietsende-senioren-900x450-1-600x318.jpg 600w\" sizes=\"auto, (max-width: 850px) 100vw, 850px\" \/><\/a><div class=\"slide-content\"><header class=\"entry-content-header\" aria-label=\"Slide: Reisen bei Regen? So funktioniert\u2019s bei Friesland Holland Travel\"><h3 class='slide-entry-title entry-title '  itemprop=\"headline\" ><a href='https:\/\/www.frieslandhollandtravel.nl\/de\/nachrichten\/reisen-bei-regen-so-funktionierts-bei-friesland-holland-travel\/' title='Reisen bei Regen? So funktioniert\u2019s bei Friesland Holland Travel'>Reisen bei Regen? So funktioniert\u2019s bei Friesland Holland Travel<\/a><\/h3><span class=\"av-vertical-delimiter\"><\/span><\/header><div class=\"slide-meta\"><time class='slide-meta-time updated'  itemprop=\"datePublished\" datetime=\"2026-01-30T09:00:24+01:00\" >30 Januar 2026<\/time><\/div><div class='slide-entry-excerpt entry-content'  itemprop=\"text\" ><div class=\"read-more-link\"><a href=\"https:\/\/www.frieslandhollandtravel.nl\/de\/nachrichten\/reisen-bei-regen-so-funktionierts-bei-friesland-holland-travel\/\" class=\"more-link\">Mehr lesen<span class='more-link-arrow avia-svg-icon avia-font-svg_entypo-fontello' data-av_svg_icon='right-open-big' data-av_iconset='svg_entypo-fontello'><svg version=\"1.1\" xmlns=\"http:\/\/www.w3.org\/2000\/svg\" width=\"15\" height=\"32\" viewBox=\"0 0 15 32\" preserveAspectRatio=\"xMidYMid meet\" role=\"graphics-symbol\" aria-hidden=\"true\">\n<path d=\"M0.416 27.84l11.456-11.84-11.456-11.904q-0.832-0.832 0-1.536 0.832-0.832 1.536 0l12.544 12.608q0.768 0.832 0 1.6l-12.544 12.608q-0.704 0.832-1.536 0-0.832-0.704 0-1.536z\"><\/path>\n<\/svg><\/span><\/a><\/div><\/div><\/div><footer class=\"entry-footer\"><\/footer><span class='hidden'>\n\t\t\t\t<span class='av-structured-data'  itemprop=\"image\" itemscope=\"itemscope\" itemtype=\"https:\/\/schema.org\/ImageObject\" >\n\t\t\t\t\t\t<span itemprop='url'>https:\/\/www.frieslandhollandtravel.nl\/wp-content\/uploads\/2026\/01\/Fietsende-senioren-900x450-1.jpg<\/span>\n\t\t\t\t\t\t<span itemprop='height'>450<\/span>\n\t\t\t\t\t\t<span itemprop='width'>850<\/span>\n\t\t\t\t<\/span>\n\t\t\t\t<span class='av-structured-data'  itemprop=\"publisher\" itemtype=\"https:\/\/schema.org\/Organization\" itemscope=\"itemscope\" >\n\t\t\t\t\t\t<span itemprop='name'>Beheerder<\/span>\n\t\t\t\t\t\t<span itemprop='logo' itemscope itemtype='https:\/\/schema.org\/ImageObject'>\n\t\t\t\t\t\t\t<span itemprop='url'>https:\/\/www.frieslandhollandtravel.nl\/wp-content\/uploads\/2023\/12\/logo.svg<\/span>\n\t\t\t\t\t\t<\/span>\n\t\t\t\t<\/span><span class='av-structured-data'  itemprop=\"author\" itemscope=\"itemscope\" itemtype=\"https:\/\/schema.org\/Person\" ><span itemprop='name'>Beheerder<\/span><\/span><span class='av-structured-data'  itemprop=\"datePublished\" datetime=\"2020-01-31T13:18:41+01:00\" >2026-01-30 09:00:24<\/span><span class='av-structured-data'  itemprop=\"dateModified\" itemtype=\"https:\/\/schema.org\/dateModified\" >2026-01-30 10:14:14<\/span><span class='av-structured-data'  itemprop=\"mainEntityOfPage\" itemtype=\"https:\/\/schema.org\/mainEntityOfPage\" ><span itemprop='name'>Reisen bei Regen? So funktioniert\u2019s bei Friesland Holland Travel<\/span><\/span><\/span><\/article><article class='slide-entry flex_column  post-entry post-entry-54172 slide-entry-overview slide-loop-5 slide-parity-even  av_one_third  real-thumbnail posttype-post post-format-standard'  itemscope=\"itemscope\" itemtype=\"https:\/\/schema.org\/CreativeWork\" ><a href='https:\/\/www.frieslandhollandtravel.nl\/de\/nachrichten\/noardlike-fryske-walden-ikonlandschaft-der-niederlande\/' data-rel='slide-1' class='slide-image' title='Noardlike Fryske W\u00e2lden: Ikonlandschaft der Niederlande'><img decoding=\"async\" loading=\"lazy\" width=\"1920\" height=\"1080\" src=\"https:\/\/www.frieslandhollandtravel.nl\/wp-content\/uploads\/2026\/01\/06_SP_Fryskewalden_icoonlandschap.jpg\" class=\"wp-image-54167 avia-img-lazy-loading-54167 attachment-portfolio size-portfolio wp-post-image\" alt=\"\" srcset=\"https:\/\/www.frieslandhollandtravel.nl\/wp-content\/uploads\/2026\/01\/06_SP_Fryskewalden_icoonlandschap.jpg 1920w, https:\/\/www.frieslandhollandtravel.nl\/wp-content\/uploads\/2026\/01\/06_SP_Fryskewalden_icoonlandschap-300x169.jpg 300w, https:\/\/www.frieslandhollandtravel.nl\/wp-content\/uploads\/2026\/01\/06_SP_Fryskewalden_icoonlandschap-1030x579.jpg 1030w, https:\/\/www.frieslandhollandtravel.nl\/wp-content\/uploads\/2026\/01\/06_SP_Fryskewalden_icoonlandschap-768x432.jpg 768w, https:\/\/www.frieslandhollandtravel.nl\/wp-content\/uploads\/2026\/01\/06_SP_Fryskewalden_icoonlandschap-1536x864.jpg 1536w, https:\/\/www.frieslandhollandtravel.nl\/wp-content\/uploads\/2026\/01\/06_SP_Fryskewalden_icoonlandschap-450x253.jpg 450w, https:\/\/www.frieslandhollandtravel.nl\/wp-content\/uploads\/2026\/01\/06_SP_Fryskewalden_icoonlandschap-600x338.jpg 600w\" sizes=\"auto, (max-width: 1920px) 100vw, 1920px\" \/><\/a><div class=\"slide-content\"><header class=\"entry-content-header\" aria-label=\"Slide: Noardlike Fryske W\u00e2lden: Ikonlandschaft der Niederlande\"><h3 class='slide-entry-title entry-title '  itemprop=\"headline\" ><a href='https:\/\/www.frieslandhollandtravel.nl\/de\/nachrichten\/noardlike-fryske-walden-ikonlandschaft-der-niederlande\/' title='Noardlike Fryske W\u00e2lden: Ikonlandschaft der Niederlande'>Noardlike Fryske W\u00e2lden: Ikonlandschaft der Niederlande<\/a><\/h3><span class=\"av-vertical-delimiter\"><\/span><\/header><div class=\"slide-meta\"><time class='slide-meta-time updated'  itemprop=\"datePublished\" datetime=\"2026-01-28T09:00:00+01:00\" >28 Januar 2026<\/time><\/div><div class='slide-entry-excerpt entry-content'  itemprop=\"text\" ><div class=\"read-more-link\"><a href=\"https:\/\/www.frieslandhollandtravel.nl\/de\/nachrichten\/noardlike-fryske-walden-ikonlandschaft-der-niederlande\/\" class=\"more-link\">Mehr lesen<span class='more-link-arrow avia-svg-icon avia-font-svg_entypo-fontello' data-av_svg_icon='right-open-big' data-av_iconset='svg_entypo-fontello'><svg version=\"1.1\" xmlns=\"http:\/\/www.w3.org\/2000\/svg\" width=\"15\" height=\"32\" viewBox=\"0 0 15 32\" preserveAspectRatio=\"xMidYMid meet\" role=\"graphics-symbol\" aria-hidden=\"true\">\n<path d=\"M0.416 27.84l11.456-11.84-11.456-11.904q-0.832-0.832 0-1.536 0.832-0.832 1.536 0l12.544 12.608q0.768 0.832 0 1.6l-12.544 12.608q-0.704 0.832-1.536 0-0.832-0.704 0-1.536z\"><\/path>\n<\/svg><\/span><\/a><\/div><\/div><\/div><footer class=\"entry-footer\"><\/footer><span class='hidden'>\n\t\t\t\t<span class='av-structured-data'  itemprop=\"image\" itemscope=\"itemscope\" itemtype=\"https:\/\/schema.org\/ImageObject\" >\n\t\t\t\t\t\t<span itemprop='url'>https:\/\/www.frieslandhollandtravel.nl\/wp-content\/uploads\/2026\/01\/06_SP_Fryskewalden_icoonlandschap.jpg<\/span>\n\t\t\t\t\t\t<span itemprop='height'>1080<\/span>\n\t\t\t\t\t\t<span itemprop='width'>1920<\/span>\n\t\t\t\t<\/span>\n\t\t\t\t<span class='av-structured-data'  itemprop=\"publisher\" itemtype=\"https:\/\/schema.org\/Organization\" itemscope=\"itemscope\" >\n\t\t\t\t\t\t<span itemprop='name'>Beheerder<\/span>\n\t\t\t\t\t\t<span itemprop='logo' itemscope itemtype='https:\/\/schema.org\/ImageObject'>\n\t\t\t\t\t\t\t<span itemprop='url'>https:\/\/www.frieslandhollandtravel.nl\/wp-content\/uploads\/2023\/12\/logo.svg<\/span>\n\t\t\t\t\t\t<\/span>\n\t\t\t\t<\/span><span class='av-structured-data'  itemprop=\"author\" itemscope=\"itemscope\" itemtype=\"https:\/\/schema.org\/Person\" ><span itemprop='name'>Beheerder<\/span><\/span><span class='av-structured-data'  itemprop=\"datePublished\" datetime=\"2020-01-31T13:18:41+01:00\" >2026-01-28 09:00:00<\/span><span class='av-structured-data'  itemprop=\"dateModified\" itemtype=\"https:\/\/schema.org\/dateModified\" >2026-01-24 16:32:59<\/span><span class='av-structured-data'  itemprop=\"mainEntityOfPage\" itemtype=\"https:\/\/schema.org\/mainEntityOfPage\" ><span itemprop='name'>Noardlike Fryske W\u00e2lden: Ikonlandschaft der Niederlande<\/span><\/span><\/span><\/article><article class='slide-entry flex_column  post-entry post-entry-54125 slide-entry-overview slide-loop-6 slide-parity-odd  av_one_third  real-thumbnail posttype-post post-format-standard'  itemscope=\"itemscope\" itemtype=\"https:\/\/schema.org\/CreativeWork\" ><a href='https:\/\/www.frieslandhollandtravel.nl\/de\/nachrichten\/eine-verborgene-perle-entlang-der-elfstedentocht\/' data-rel='slide-1' class='slide-image' title='Eine verborgene Perle entlang der Elfstedentocht'><img decoding=\"async\" loading=\"lazy\" width=\"550\" height=\"825\" src=\"https:\/\/www.frieslandhollandtravel.nl\/wp-content\/uploads\/2026\/01\/thumbnail-1.jpg\" class=\"wp-image-54121 avia-img-lazy-loading-54121 attachment-portfolio size-portfolio wp-post-image\" alt=\"\" srcset=\"https:\/\/www.frieslandhollandtravel.nl\/wp-content\/uploads\/2026\/01\/thumbnail-1.jpg 550w, https:\/\/www.frieslandhollandtravel.nl\/wp-content\/uploads\/2026\/01\/thumbnail-1-200x300.jpg 200w, https:\/\/www.frieslandhollandtravel.nl\/wp-content\/uploads\/2026\/01\/thumbnail-1-450x675.jpg 450w\" sizes=\"auto, (max-width: 550px) 100vw, 550px\" \/><\/a><div class=\"slide-content\"><header class=\"entry-content-header\" aria-label=\"Slide: Eine verborgene Perle entlang der Elfstedentocht\"><h3 class='slide-entry-title entry-title '  itemprop=\"headline\" ><a href='https:\/\/www.frieslandhollandtravel.nl\/de\/nachrichten\/eine-verborgene-perle-entlang-der-elfstedentocht\/' title='Eine verborgene Perle entlang der Elfstedentocht'>Eine verborgene Perle entlang der Elfstedentocht<\/a><\/h3><span class=\"av-vertical-delimiter\"><\/span><\/header><div class=\"slide-meta\"><time class='slide-meta-time updated'  itemprop=\"datePublished\" datetime=\"2026-01-26T09:00:37+01:00\" >26 Januar 2026<\/time><\/div><div class='slide-entry-excerpt entry-content'  itemprop=\"text\" ><div class=\"read-more-link\"><a href=\"https:\/\/www.frieslandhollandtravel.nl\/de\/nachrichten\/eine-verborgene-perle-entlang-der-elfstedentocht\/\" class=\"more-link\">Mehr lesen<span class='more-link-arrow avia-svg-icon avia-font-svg_entypo-fontello' data-av_svg_icon='right-open-big' data-av_iconset='svg_entypo-fontello'><svg version=\"1.1\" xmlns=\"http:\/\/www.w3.org\/2000\/svg\" width=\"15\" height=\"32\" viewBox=\"0 0 15 32\" preserveAspectRatio=\"xMidYMid meet\" role=\"graphics-symbol\" aria-hidden=\"true\">\n<path d=\"M0.416 27.84l11.456-11.84-11.456-11.904q-0.832-0.832 0-1.536 0.832-0.832 1.536 0l12.544 12.608q0.768 0.832 0 1.6l-12.544 12.608q-0.704 0.832-1.536 0-0.832-0.704 0-1.536z\"><\/path>\n<\/svg><\/span><\/a><\/div><\/div><\/div><footer class=\"entry-footer\"><\/footer><span class='hidden'>\n\t\t\t\t<span class='av-structured-data'  itemprop=\"image\" itemscope=\"itemscope\" itemtype=\"https:\/\/schema.org\/ImageObject\" >\n\t\t\t\t\t\t<span itemprop='url'>https:\/\/www.frieslandhollandtravel.nl\/wp-content\/uploads\/2026\/01\/thumbnail-1.jpg<\/span>\n\t\t\t\t\t\t<span itemprop='height'>825<\/span>\n\t\t\t\t\t\t<span itemprop='width'>550<\/span>\n\t\t\t\t<\/span>\n\t\t\t\t<span class='av-structured-data'  itemprop=\"publisher\" itemtype=\"https:\/\/schema.org\/Organization\" itemscope=\"itemscope\" >\n\t\t\t\t\t\t<span itemprop='name'>Beheerder<\/span>\n\t\t\t\t\t\t<span itemprop='logo' itemscope itemtype='https:\/\/schema.org\/ImageObject'>\n\t\t\t\t\t\t\t<span itemprop='url'>https:\/\/www.frieslandhollandtravel.nl\/wp-content\/uploads\/2023\/12\/logo.svg<\/span>\n\t\t\t\t\t\t<\/span>\n\t\t\t\t<\/span><span class='av-structured-data'  itemprop=\"author\" itemscope=\"itemscope\" itemtype=\"https:\/\/schema.org\/Person\" ><span itemprop='name'>Beheerder<\/span><\/span><span class='av-structured-data'  itemprop=\"datePublished\" datetime=\"2020-01-31T13:18:41+01:00\" >2026-01-26 09:00:37<\/span><span class='av-structured-data'  itemprop=\"dateModified\" itemtype=\"https:\/\/schema.org\/dateModified\" >2026-01-21 15:34:42<\/span><span class='av-structured-data'  itemprop=\"mainEntityOfPage\" itemtype=\"https:\/\/schema.org\/mainEntityOfPage\" ><span itemprop='name'>Eine verborgene Perle entlang der Elfstedentocht<\/span><\/span><\/span><\/article><\/div><div class=\"slide-entry-wrap\"><article class='slide-entry flex_column  post-entry post-entry-53316 slide-entry-overview slide-loop-7 slide-parity-odd  av_one_third first real-thumbnail posttype-post post-format-standard'  itemscope=\"itemscope\" itemtype=\"https:\/\/schema.org\/CreativeWork\" ><a href='https:\/\/www.frieslandhollandtravel.nl\/de\/nachrichten\/erleben-sie-terschelling-waehrend-ihres-elfstedentocht-fahrradurlaubs\/' data-rel='slide-1' class='slide-image' title='Erleben Sie Terschelling w\u00e4hrend Ihrer Elfstedentocht-Fahrradtour'><img decoding=\"async\" loading=\"lazy\" width=\"800\" height=\"800\" src=\"https:\/\/www.frieslandhollandtravel.nl\/wp-content\/uploads\/2026\/01\/1.-Richting-Terschelling.webp\" class=\"wp-image-53312 avia-img-lazy-loading-53312 attachment-portfolio size-portfolio wp-post-image\" alt=\"\" srcset=\"https:\/\/www.frieslandhollandtravel.nl\/wp-content\/uploads\/2026\/01\/1.-Richting-Terschelling.webp 800w, https:\/\/www.frieslandhollandtravel.nl\/wp-content\/uploads\/2026\/01\/1.-Richting-Terschelling-300x300.webp 300w, https:\/\/www.frieslandhollandtravel.nl\/wp-content\/uploads\/2026\/01\/1.-Richting-Terschelling-80x80.webp 80w, https:\/\/www.frieslandhollandtravel.nl\/wp-content\/uploads\/2026\/01\/1.-Richting-Terschelling-768x768.webp 768w, https:\/\/www.frieslandhollandtravel.nl\/wp-content\/uploads\/2026\/01\/1.-Richting-Terschelling-36x36.webp 36w, https:\/\/www.frieslandhollandtravel.nl\/wp-content\/uploads\/2026\/01\/1.-Richting-Terschelling-450x450.webp 450w, https:\/\/www.frieslandhollandtravel.nl\/wp-content\/uploads\/2026\/01\/1.-Richting-Terschelling-120x120.webp 120w, https:\/\/www.frieslandhollandtravel.nl\/wp-content\/uploads\/2026\/01\/1.-Richting-Terschelling-600x600.webp 600w, https:\/\/www.frieslandhollandtravel.nl\/wp-content\/uploads\/2026\/01\/1.-Richting-Terschelling-100x100.webp 100w\" sizes=\"auto, (max-width: 800px) 100vw, 800px\" \/><\/a><div class=\"slide-content\"><header class=\"entry-content-header\" aria-label=\"Slide: Erleben Sie Terschelling w\u00e4hrend Ihrer Elfstedentocht-Fahrradtour\"><h3 class='slide-entry-title entry-title '  itemprop=\"headline\" ><a href='https:\/\/www.frieslandhollandtravel.nl\/de\/nachrichten\/erleben-sie-terschelling-waehrend-ihres-elfstedentocht-fahrradurlaubs\/' title='Erleben Sie Terschelling w\u00e4hrend Ihrer Elfstedentocht-Fahrradtour'>Erleben Sie Terschelling w\u00e4hrend Ihrer Elfstedentocht-Fahrradtour<\/a><\/h3><span class=\"av-vertical-delimiter\"><\/span><\/header><div class=\"slide-meta\"><time class='slide-meta-time updated'  itemprop=\"datePublished\" datetime=\"2026-01-23T09:00:20+01:00\" >23 Januar 2026<\/time><\/div><div class='slide-entry-excerpt entry-content'  itemprop=\"text\" ><div class=\"read-more-link\"><a href=\"https:\/\/www.frieslandhollandtravel.nl\/de\/nachrichten\/erleben-sie-terschelling-waehrend-ihres-elfstedentocht-fahrradurlaubs\/\" class=\"more-link\">Mehr lesen<span class='more-link-arrow avia-svg-icon avia-font-svg_entypo-fontello' data-av_svg_icon='right-open-big' data-av_iconset='svg_entypo-fontello'><svg version=\"1.1\" xmlns=\"http:\/\/www.w3.org\/2000\/svg\" width=\"15\" height=\"32\" viewBox=\"0 0 15 32\" preserveAspectRatio=\"xMidYMid meet\" role=\"graphics-symbol\" aria-hidden=\"true\">\n<path d=\"M0.416 27.84l11.456-11.84-11.456-11.904q-0.832-0.832 0-1.536 0.832-0.832 1.536 0l12.544 12.608q0.768 0.832 0 1.6l-12.544 12.608q-0.704 0.832-1.536 0-0.832-0.704 0-1.536z\"><\/path>\n<\/svg><\/span><\/a><\/div><\/div><\/div><footer class=\"entry-footer\"><\/footer><span class='hidden'>\n\t\t\t\t<span class='av-structured-data'  itemprop=\"image\" itemscope=\"itemscope\" itemtype=\"https:\/\/schema.org\/ImageObject\" >\n\t\t\t\t\t\t<span itemprop='url'>https:\/\/www.frieslandhollandtravel.nl\/wp-content\/uploads\/2026\/01\/1.-Richting-Terschelling.webp<\/span>\n\t\t\t\t\t\t<span itemprop='height'>800<\/span>\n\t\t\t\t\t\t<span itemprop='width'>800<\/span>\n\t\t\t\t<\/span>\n\t\t\t\t<span class='av-structured-data'  itemprop=\"publisher\" itemtype=\"https:\/\/schema.org\/Organization\" itemscope=\"itemscope\" >\n\t\t\t\t\t\t<span itemprop='name'>Beheerder<\/span>\n\t\t\t\t\t\t<span itemprop='logo' itemscope itemtype='https:\/\/schema.org\/ImageObject'>\n\t\t\t\t\t\t\t<span itemprop='url'>https:\/\/www.frieslandhollandtravel.nl\/wp-content\/uploads\/2023\/12\/logo.svg<\/span>\n\t\t\t\t\t\t<\/span>\n\t\t\t\t<\/span><span class='av-structured-data'  itemprop=\"author\" itemscope=\"itemscope\" itemtype=\"https:\/\/schema.org\/Person\" ><span itemprop='name'>Beheerder<\/span><\/span><span class='av-structured-data'  itemprop=\"datePublished\" datetime=\"2020-01-31T13:18:41+01:00\" >2026-01-23 09:00:20<\/span><span class='av-structured-data'  itemprop=\"dateModified\" itemtype=\"https:\/\/schema.org\/dateModified\" >2026-01-17 11:08:25<\/span><span class='av-structured-data'  itemprop=\"mainEntityOfPage\" itemtype=\"https:\/\/schema.org\/mainEntityOfPage\" ><span itemprop='name'>Erleben Sie Terschelling w\u00e4hrend Ihrer Elfstedentocht-Fahrradtour<\/span><\/span><\/span><\/article><article class='slide-entry flex_column  post-entry post-entry-53302 slide-entry-overview slide-loop-8 slide-parity-even  av_one_third  real-thumbnail posttype-post post-format-standard'  itemscope=\"itemscope\" itemtype=\"https:\/\/schema.org\/CreativeWork\" ><a href='https:\/\/www.frieslandhollandtravel.nl\/de\/nachrichten\/53302\/' data-rel='slide-1' class='slide-image' title='Elfstedentocht-Fahrradurlaub 2026 mit friesischem Reiseleiter Sytze'><img decoding=\"async\" loading=\"lazy\" width=\"2048\" height=\"1153\" src=\"https:\/\/www.frieslandhollandtravel.nl\/wp-content\/uploads\/2025\/07\/498013336_1431894781517361_601595992083939508_n.jpg\" class=\"wp-image-45785 avia-img-lazy-loading-45785 attachment-portfolio size-portfolio wp-post-image\" alt=\"\" srcset=\"https:\/\/www.frieslandhollandtravel.nl\/wp-content\/uploads\/2025\/07\/498013336_1431894781517361_601595992083939508_n.jpg 2048w, https:\/\/www.frieslandhollandtravel.nl\/wp-content\/uploads\/2025\/07\/498013336_1431894781517361_601595992083939508_n-300x169.jpg 300w, https:\/\/www.frieslandhollandtravel.nl\/wp-content\/uploads\/2025\/07\/498013336_1431894781517361_601595992083939508_n-1030x580.jpg 1030w, https:\/\/www.frieslandhollandtravel.nl\/wp-content\/uploads\/2025\/07\/498013336_1431894781517361_601595992083939508_n-768x432.jpg 768w, https:\/\/www.frieslandhollandtravel.nl\/wp-content\/uploads\/2025\/07\/498013336_1431894781517361_601595992083939508_n-1536x865.jpg 1536w, https:\/\/www.frieslandhollandtravel.nl\/wp-content\/uploads\/2025\/07\/498013336_1431894781517361_601595992083939508_n-450x253.jpg 450w, https:\/\/www.frieslandhollandtravel.nl\/wp-content\/uploads\/2025\/07\/498013336_1431894781517361_601595992083939508_n-600x338.jpg 600w\" sizes=\"auto, (max-width: 2048px) 100vw, 2048px\" \/><\/a><div class=\"slide-content\"><header class=\"entry-content-header\" aria-label=\"Slide: Elfstedentocht-Fahrradurlaub 2026 mit friesischem Reiseleiter Sytze\"><h3 class='slide-entry-title entry-title '  itemprop=\"headline\" ><a href='https:\/\/www.frieslandhollandtravel.nl\/de\/nachrichten\/53302\/' title='Elfstedentocht-Fahrradurlaub 2026 mit friesischem Reiseleiter Sytze'>Elfstedentocht-Fahrradurlaub 2026 mit friesischem Reiseleiter Sytze<\/a><\/h3><span class=\"av-vertical-delimiter\"><\/span><\/header><div class=\"slide-meta\"><time class='slide-meta-time updated'  itemprop=\"datePublished\" datetime=\"2026-01-21T09:00:00+01:00\" >21 Januar 2026<\/time><\/div><div class='slide-entry-excerpt entry-content'  itemprop=\"text\" ><div class=\"read-more-link\"><a href=\"https:\/\/www.frieslandhollandtravel.nl\/de\/nachrichten\/53302\/\" class=\"more-link\">Mehr lesen<span class='more-link-arrow avia-svg-icon avia-font-svg_entypo-fontello' data-av_svg_icon='right-open-big' data-av_iconset='svg_entypo-fontello'><svg version=\"1.1\" xmlns=\"http:\/\/www.w3.org\/2000\/svg\" width=\"15\" height=\"32\" viewBox=\"0 0 15 32\" preserveAspectRatio=\"xMidYMid meet\" role=\"graphics-symbol\" aria-hidden=\"true\">\n<path d=\"M0.416 27.84l11.456-11.84-11.456-11.904q-0.832-0.832 0-1.536 0.832-0.832 1.536 0l12.544 12.608q0.768 0.832 0 1.6l-12.544 12.608q-0.704 0.832-1.536 0-0.832-0.704 0-1.536z\"><\/path>\n<\/svg><\/span><\/a><\/div><\/div><\/div><footer class=\"entry-footer\"><\/footer><span class='hidden'>\n\t\t\t\t<span class='av-structured-data'  itemprop=\"image\" itemscope=\"itemscope\" itemtype=\"https:\/\/schema.org\/ImageObject\" >\n\t\t\t\t\t\t<span itemprop='url'>https:\/\/www.frieslandhollandtravel.nl\/wp-content\/uploads\/2025\/07\/498013336_1431894781517361_601595992083939508_n.jpg<\/span>\n\t\t\t\t\t\t<span itemprop='height'>1153<\/span>\n\t\t\t\t\t\t<span itemprop='width'>2048<\/span>\n\t\t\t\t<\/span>\n\t\t\t\t<span class='av-structured-data'  itemprop=\"publisher\" itemtype=\"https:\/\/schema.org\/Organization\" itemscope=\"itemscope\" >\n\t\t\t\t\t\t<span itemprop='name'>Beheerder<\/span>\n\t\t\t\t\t\t<span itemprop='logo' itemscope itemtype='https:\/\/schema.org\/ImageObject'>\n\t\t\t\t\t\t\t<span itemprop='url'>https:\/\/www.frieslandhollandtravel.nl\/wp-content\/uploads\/2023\/12\/logo.svg<\/span>\n\t\t\t\t\t\t<\/span>\n\t\t\t\t<\/span><span class='av-structured-data'  itemprop=\"author\" itemscope=\"itemscope\" itemtype=\"https:\/\/schema.org\/Person\" ><span itemprop='name'>Beheerder<\/span><\/span><span class='av-structured-data'  itemprop=\"datePublished\" datetime=\"2020-01-31T13:18:41+01:00\" >2026-01-21 09:00:00<\/span><span class='av-structured-data'  itemprop=\"dateModified\" itemtype=\"https:\/\/schema.org\/dateModified\" >2026-01-16 12:52:03<\/span><span class='av-structured-data'  itemprop=\"mainEntityOfPage\" itemtype=\"https:\/\/schema.org\/mainEntityOfPage\" ><span itemprop='name'>Elfstedentocht-Fahrradurlaub 2026 mit friesischem Reiseleiter Sytze<\/span><\/span><\/span><\/article><article class='slide-entry flex_column  post-entry post-entry-53289 slide-entry-overview slide-loop-9 slide-parity-odd  av_one_third  real-thumbnail posttype-post post-format-standard'  itemscope=\"itemscope\" itemtype=\"https:\/\/schema.org\/CreativeWork\" ><a href='https:\/\/www.frieslandhollandtravel.nl\/de\/nachrichten\/elfstedentocht-gibt-es-sie-noch-erleben-sie-sie-als-radurlaub\/' data-rel='slide-1' class='slide-image' title='Elfstedentocht auf Natureis wird selten: die Route bleibt'><img decoding=\"async\" loading=\"lazy\" width=\"2048\" height=\"1350\" src=\"https:\/\/www.frieslandhollandtravel.nl\/wp-content\/uploads\/2026\/01\/Bartlehiem_v.l.n.r._Hans_Bouma__Jan_Kooiman__Rein_Jonker__Nanne_Semplonius_Bestanddeelnr_933-5792-scaled.jpg\" class=\"wp-image-53285 avia-img-lazy-loading-53285 attachment-portfolio size-portfolio wp-post-image\" alt=\"\" srcset=\"https:\/\/www.frieslandhollandtravel.nl\/wp-content\/uploads\/2026\/01\/Bartlehiem_v.l.n.r._Hans_Bouma__Jan_Kooiman__Rein_Jonker__Nanne_Semplonius_Bestanddeelnr_933-5792-scaled.jpg 2048w, https:\/\/www.frieslandhollandtravel.nl\/wp-content\/uploads\/2026\/01\/Bartlehiem_v.l.n.r._Hans_Bouma__Jan_Kooiman__Rein_Jonker__Nanne_Semplonius_Bestanddeelnr_933-5792-300x198.jpg 300w, https:\/\/www.frieslandhollandtravel.nl\/wp-content\/uploads\/2026\/01\/Bartlehiem_v.l.n.r._Hans_Bouma__Jan_Kooiman__Rein_Jonker__Nanne_Semplonius_Bestanddeelnr_933-5792-1030x679.jpg 1030w, https:\/\/www.frieslandhollandtravel.nl\/wp-content\/uploads\/2026\/01\/Bartlehiem_v.l.n.r._Hans_Bouma__Jan_Kooiman__Rein_Jonker__Nanne_Semplonius_Bestanddeelnr_933-5792-768x506.jpg 768w, https:\/\/www.frieslandhollandtravel.nl\/wp-content\/uploads\/2026\/01\/Bartlehiem_v.l.n.r._Hans_Bouma__Jan_Kooiman__Rein_Jonker__Nanne_Semplonius_Bestanddeelnr_933-5792-1536x1013.jpg 1536w, https:\/\/www.frieslandhollandtravel.nl\/wp-content\/uploads\/2026\/01\/Bartlehiem_v.l.n.r._Hans_Bouma__Jan_Kooiman__Rein_Jonker__Nanne_Semplonius_Bestanddeelnr_933-5792-450x297.jpg 450w, https:\/\/www.frieslandhollandtravel.nl\/wp-content\/uploads\/2026\/01\/Bartlehiem_v.l.n.r._Hans_Bouma__Jan_Kooiman__Rein_Jonker__Nanne_Semplonius_Bestanddeelnr_933-5792-600x396.jpg 600w\" sizes=\"auto, (max-width: 2048px) 100vw, 2048px\" \/><\/a><div class=\"slide-content\"><header class=\"entry-content-header\" aria-label=\"Slide: Elfstedentocht auf Natureis wird selten: die Route bleibt\"><h3 class='slide-entry-title entry-title '  itemprop=\"headline\" ><a href='https:\/\/www.frieslandhollandtravel.nl\/de\/nachrichten\/elfstedentocht-gibt-es-sie-noch-erleben-sie-sie-als-radurlaub\/' title='Elfstedentocht auf Natureis wird selten: die Route bleibt'>Elfstedentocht auf Natureis wird selten: die Route bleibt<\/a><\/h3><span class=\"av-vertical-delimiter\"><\/span><\/header><div class=\"slide-meta\"><time class='slide-meta-time updated'  itemprop=\"datePublished\" datetime=\"2026-01-19T09:00:25+01:00\" >19 Januar 2026<\/time><\/div><div class='slide-entry-excerpt entry-content'  itemprop=\"text\" ><div class=\"read-more-link\"><a href=\"https:\/\/www.frieslandhollandtravel.nl\/de\/nachrichten\/elfstedentocht-gibt-es-sie-noch-erleben-sie-sie-als-radurlaub\/\" class=\"more-link\">Mehr lesen<span class='more-link-arrow avia-svg-icon avia-font-svg_entypo-fontello' data-av_svg_icon='right-open-big' data-av_iconset='svg_entypo-fontello'><svg version=\"1.1\" xmlns=\"http:\/\/www.w3.org\/2000\/svg\" width=\"15\" height=\"32\" viewBox=\"0 0 15 32\" preserveAspectRatio=\"xMidYMid meet\" role=\"graphics-symbol\" aria-hidden=\"true\">\n<path d=\"M0.416 27.84l11.456-11.84-11.456-11.904q-0.832-0.832 0-1.536 0.832-0.832 1.536 0l12.544 12.608q0.768 0.832 0 1.6l-12.544 12.608q-0.704 0.832-1.536 0-0.832-0.704 0-1.536z\"><\/path>\n<\/svg><\/span><\/a><\/div><\/div><\/div><footer class=\"entry-footer\"><\/footer><span class='hidden'>\n\t\t\t\t<span class='av-structured-data'  itemprop=\"image\" itemscope=\"itemscope\" itemtype=\"https:\/\/schema.org\/ImageObject\" >\n\t\t\t\t\t\t<span itemprop='url'>https:\/\/www.frieslandhollandtravel.nl\/wp-content\/uploads\/2026\/01\/Bartlehiem_v.l.n.r._Hans_Bouma__Jan_Kooiman__Rein_Jonker__Nanne_Semplonius_Bestanddeelnr_933-5792-scaled.jpg<\/span>\n\t\t\t\t\t\t<span itemprop='height'>1350<\/span>\n\t\t\t\t\t\t<span itemprop='width'>2048<\/span>\n\t\t\t\t<\/span>\n\t\t\t\t<span class='av-structured-data'  itemprop=\"publisher\" itemtype=\"https:\/\/schema.org\/Organization\" itemscope=\"itemscope\" >\n\t\t\t\t\t\t<span itemprop='name'>Beheerder<\/span>\n\t\t\t\t\t\t<span itemprop='logo' itemscope itemtype='https:\/\/schema.org\/ImageObject'>\n\t\t\t\t\t\t\t<span itemprop='url'>https:\/\/www.frieslandhollandtravel.nl\/wp-content\/uploads\/2023\/12\/logo.svg<\/span>\n\t\t\t\t\t\t<\/span>\n\t\t\t\t<\/span><span class='av-structured-data'  itemprop=\"author\" itemscope=\"itemscope\" itemtype=\"https:\/\/schema.org\/Person\" ><span itemprop='name'>Beheerder<\/span><\/span><span class='av-structured-data'  itemprop=\"datePublished\" datetime=\"2020-01-31T13:18:41+01:00\" >2026-01-19 09:00:25<\/span><span class='av-structured-data'  itemprop=\"dateModified\" itemtype=\"https:\/\/schema.org\/dateModified\" >2026-01-17 10:49:45<\/span><span class='av-structured-data'  itemprop=\"mainEntityOfPage\" itemtype=\"https:\/\/schema.org\/mainEntityOfPage\" ><span itemprop='name'>Elfstedentocht auf Natureis wird selten: die Route bleibt<\/span><\/span><\/span><\/article><\/div><div class=\"slide-entry-wrap\"><article class='slide-entry flex_column  post-entry post-entry-53269 slide-entry-overview slide-loop-10 slide-parity-odd  av_one_third first real-thumbnail posttype-post post-format-standard'  itemscope=\"itemscope\" itemtype=\"https:\/\/schema.org\/CreativeWork\" ><a href='https:\/\/www.frieslandhollandtravel.nl\/de\/nachrichten\/pannengarantie-bei-ihrer-radreise-zur-elfstedentocht\/' data-rel='slide-1' class='slide-image' title='Sorgenfrei Radfahren: Pannenservice bei Ihrer Elfstedentocht-Tour'><img decoding=\"async\" loading=\"lazy\" width=\"1500\" height=\"1500\" src=\"https:\/\/www.frieslandhollandtravel.nl\/wp-content\/uploads\/2026\/01\/art-revisited-kunstkaart-marius-van-dokkum-onder-h.webp\" class=\"wp-image-53264 avia-img-lazy-loading-53264 attachment-portfolio size-portfolio wp-post-image\" alt=\"\" srcset=\"https:\/\/www.frieslandhollandtravel.nl\/wp-content\/uploads\/2026\/01\/art-revisited-kunstkaart-marius-van-dokkum-onder-h.webp 1500w, https:\/\/www.frieslandhollandtravel.nl\/wp-content\/uploads\/2026\/01\/art-revisited-kunstkaart-marius-van-dokkum-onder-h-300x300.webp 300w, https:\/\/www.frieslandhollandtravel.nl\/wp-content\/uploads\/2026\/01\/art-revisited-kunstkaart-marius-van-dokkum-onder-h-1030x1030.webp 1030w, https:\/\/www.frieslandhollandtravel.nl\/wp-content\/uploads\/2026\/01\/art-revisited-kunstkaart-marius-van-dokkum-onder-h-80x80.webp 80w, https:\/\/www.frieslandhollandtravel.nl\/wp-content\/uploads\/2026\/01\/art-revisited-kunstkaart-marius-van-dokkum-onder-h-768x768.webp 768w, https:\/\/www.frieslandhollandtravel.nl\/wp-content\/uploads\/2026\/01\/art-revisited-kunstkaart-marius-van-dokkum-onder-h-36x36.webp 36w, https:\/\/www.frieslandhollandtravel.nl\/wp-content\/uploads\/2026\/01\/art-revisited-kunstkaart-marius-van-dokkum-onder-h-450x450.webp 450w, https:\/\/www.frieslandhollandtravel.nl\/wp-content\/uploads\/2026\/01\/art-revisited-kunstkaart-marius-van-dokkum-onder-h-120x120.webp 120w, https:\/\/www.frieslandhollandtravel.nl\/wp-content\/uploads\/2026\/01\/art-revisited-kunstkaart-marius-van-dokkum-onder-h-600x600.webp 600w, https:\/\/www.frieslandhollandtravel.nl\/wp-content\/uploads\/2026\/01\/art-revisited-kunstkaart-marius-van-dokkum-onder-h-100x100.webp 100w\" sizes=\"auto, (max-width: 1500px) 100vw, 1500px\" \/><\/a><div class=\"slide-content\"><header class=\"entry-content-header\" aria-label=\"Slide: Sorgenfrei Radfahren: Pannenservice bei Ihrer Elfstedentocht-Tour\"><h3 class='slide-entry-title entry-title '  itemprop=\"headline\" ><a href='https:\/\/www.frieslandhollandtravel.nl\/de\/nachrichten\/pannengarantie-bei-ihrer-radreise-zur-elfstedentocht\/' title='Sorgenfrei Radfahren: Pannenservice bei Ihrer Elfstedentocht-Tour'>Sorgenfrei Radfahren: Pannenservice bei Ihrer Elfstedentocht-Tour<\/a><\/h3><span class=\"av-vertical-delimiter\"><\/span><\/header><div class=\"slide-meta\"><time class='slide-meta-time updated'  itemprop=\"datePublished\" datetime=\"2026-01-16T09:00:44+01:00\" >16 Januar 2026<\/time><\/div><div class='slide-entry-excerpt entry-content'  itemprop=\"text\" ><div class=\"read-more-link\"><a href=\"https:\/\/www.frieslandhollandtravel.nl\/de\/nachrichten\/pannengarantie-bei-ihrer-radreise-zur-elfstedentocht\/\" class=\"more-link\">Mehr lesen<span class='more-link-arrow avia-svg-icon avia-font-svg_entypo-fontello' data-av_svg_icon='right-open-big' data-av_iconset='svg_entypo-fontello'><svg version=\"1.1\" xmlns=\"http:\/\/www.w3.org\/2000\/svg\" width=\"15\" height=\"32\" viewBox=\"0 0 15 32\" preserveAspectRatio=\"xMidYMid meet\" role=\"graphics-symbol\" aria-hidden=\"true\">\n<path d=\"M0.416 27.84l11.456-11.84-11.456-11.904q-0.832-0.832 0-1.536 0.832-0.832 1.536 0l12.544 12.608q0.768 0.832 0 1.6l-12.544 12.608q-0.704 0.832-1.536 0-0.832-0.704 0-1.536z\"><\/path>\n<\/svg><\/span><\/a><\/div><\/div><\/div><footer class=\"entry-footer\"><\/footer><span class='hidden'>\n\t\t\t\t<span class='av-structured-data'  itemprop=\"image\" itemscope=\"itemscope\" itemtype=\"https:\/\/schema.org\/ImageObject\" >\n\t\t\t\t\t\t<span itemprop='url'>https:\/\/www.frieslandhollandtravel.nl\/wp-content\/uploads\/2026\/01\/art-revisited-kunstkaart-marius-van-dokkum-onder-h.webp<\/span>\n\t\t\t\t\t\t<span itemprop='height'>1500<\/span>\n\t\t\t\t\t\t<span itemprop='width'>1500<\/span>\n\t\t\t\t<\/span>\n\t\t\t\t<span class='av-structured-data'  itemprop=\"publisher\" itemtype=\"https:\/\/schema.org\/Organization\" itemscope=\"itemscope\" >\n\t\t\t\t\t\t<span itemprop='name'>Beheerder<\/span>\n\t\t\t\t\t\t<span itemprop='logo' itemscope itemtype='https:\/\/schema.org\/ImageObject'>\n\t\t\t\t\t\t\t<span itemprop='url'>https:\/\/www.frieslandhollandtravel.nl\/wp-content\/uploads\/2023\/12\/logo.svg<\/span>\n\t\t\t\t\t\t<\/span>\n\t\t\t\t<\/span><span class='av-structured-data'  itemprop=\"author\" itemscope=\"itemscope\" itemtype=\"https:\/\/schema.org\/Person\" ><span itemprop='name'>Beheerder<\/span><\/span><span class='av-structured-data'  itemprop=\"datePublished\" datetime=\"2020-01-31T13:18:41+01:00\" >2026-01-16 09:00:44<\/span><span class='av-structured-data'  itemprop=\"dateModified\" itemtype=\"https:\/\/schema.org\/dateModified\" >2026-01-17 11:29:47<\/span><span class='av-structured-data'  itemprop=\"mainEntityOfPage\" itemtype=\"https:\/\/schema.org\/mainEntityOfPage\" ><span itemprop='name'>Sorgenfrei Radfahren: Pannenservice bei Ihrer Elfstedentocht-Tour<\/span><\/span><\/span><\/article><article class='slide-entry flex_column  post-entry post-entry-53211 slide-entry-overview slide-loop-11 slide-parity-even  av_one_third  real-thumbnail posttype-post post-format-standard'  itemscope=\"itemscope\" itemtype=\"https:\/\/schema.org\/CreativeWork\" ><a href='https:\/\/www.frieslandhollandtravel.nl\/de\/nachrichten\/kulinarische-elfstedentocht-dokkum-das-sollten-sie-nicht-verpassen\/' data-rel='slide-1' class='slide-image' title='Kulinarische Elfstedentocht Dokkum: Das sollten Sie nicht verpassen!'><img decoding=\"async\" loading=\"lazy\" width=\"968\" height=\"619\" src=\"https:\/\/www.frieslandhollandtravel.nl\/wp-content\/uploads\/2026\/01\/Culinaire-Elfstedentocht.png\" class=\"wp-image-53199 avia-img-lazy-loading-53199 attachment-portfolio size-portfolio wp-post-image\" alt=\"\" srcset=\"https:\/\/www.frieslandhollandtravel.nl\/wp-content\/uploads\/2026\/01\/Culinaire-Elfstedentocht.png 968w, https:\/\/www.frieslandhollandtravel.nl\/wp-content\/uploads\/2026\/01\/Culinaire-Elfstedentocht-300x192.png 300w, https:\/\/www.frieslandhollandtravel.nl\/wp-content\/uploads\/2026\/01\/Culinaire-Elfstedentocht-768x491.png 768w, https:\/\/www.frieslandhollandtravel.nl\/wp-content\/uploads\/2026\/01\/Culinaire-Elfstedentocht-450x288.png 450w, https:\/\/www.frieslandhollandtravel.nl\/wp-content\/uploads\/2026\/01\/Culinaire-Elfstedentocht-600x384.png 600w\" sizes=\"auto, (max-width: 968px) 100vw, 968px\" \/><\/a><div class=\"slide-content\"><header class=\"entry-content-header\" aria-label=\"Slide: Kulinarische Elfstedentocht Dokkum: Das sollten Sie nicht verpassen!\"><h3 class='slide-entry-title entry-title '  itemprop=\"headline\" ><a href='https:\/\/www.frieslandhollandtravel.nl\/de\/nachrichten\/kulinarische-elfstedentocht-dokkum-das-sollten-sie-nicht-verpassen\/' title='Kulinarische Elfstedentocht Dokkum: Das sollten Sie nicht verpassen!'>Kulinarische Elfstedentocht Dokkum: Das sollten Sie nicht verpassen!<\/a><\/h3><span class=\"av-vertical-delimiter\"><\/span><\/header><div class=\"slide-meta\"><time class='slide-meta-time updated'  itemprop=\"datePublished\" datetime=\"2026-01-15T09:00:35+01:00\" >15 Januar 2026<\/time><\/div><div class='slide-entry-excerpt entry-content'  itemprop=\"text\" ><div class=\"read-more-link\"><a href=\"https:\/\/www.frieslandhollandtravel.nl\/de\/nachrichten\/kulinarische-elfstedentocht-dokkum-das-sollten-sie-nicht-verpassen\/\" class=\"more-link\">Mehr lesen<span class='more-link-arrow avia-svg-icon avia-font-svg_entypo-fontello' data-av_svg_icon='right-open-big' data-av_iconset='svg_entypo-fontello'><svg version=\"1.1\" xmlns=\"http:\/\/www.w3.org\/2000\/svg\" width=\"15\" height=\"32\" viewBox=\"0 0 15 32\" preserveAspectRatio=\"xMidYMid meet\" role=\"graphics-symbol\" aria-hidden=\"true\">\n<path d=\"M0.416 27.84l11.456-11.84-11.456-11.904q-0.832-0.832 0-1.536 0.832-0.832 1.536 0l12.544 12.608q0.768 0.832 0 1.6l-12.544 12.608q-0.704 0.832-1.536 0-0.832-0.704 0-1.536z\"><\/path>\n<\/svg><\/span><\/a><\/div><\/div><\/div><footer class=\"entry-footer\"><\/footer><span class='hidden'>\n\t\t\t\t<span class='av-structured-data'  itemprop=\"image\" itemscope=\"itemscope\" itemtype=\"https:\/\/schema.org\/ImageObject\" >\n\t\t\t\t\t\t<span itemprop='url'>https:\/\/www.frieslandhollandtravel.nl\/wp-content\/uploads\/2026\/01\/Culinaire-Elfstedentocht.png<\/span>\n\t\t\t\t\t\t<span itemprop='height'>619<\/span>\n\t\t\t\t\t\t<span itemprop='width'>968<\/span>\n\t\t\t\t<\/span>\n\t\t\t\t<span class='av-structured-data'  itemprop=\"publisher\" itemtype=\"https:\/\/schema.org\/Organization\" itemscope=\"itemscope\" >\n\t\t\t\t\t\t<span itemprop='name'>Beheerder<\/span>\n\t\t\t\t\t\t<span itemprop='logo' itemscope itemtype='https:\/\/schema.org\/ImageObject'>\n\t\t\t\t\t\t\t<span itemprop='url'>https:\/\/www.frieslandhollandtravel.nl\/wp-content\/uploads\/2023\/12\/logo.svg<\/span>\n\t\t\t\t\t\t<\/span>\n\t\t\t\t<\/span><span class='av-structured-data'  itemprop=\"author\" itemscope=\"itemscope\" itemtype=\"https:\/\/schema.org\/Person\" ><span itemprop='name'>Beheerder<\/span><\/span><span class='av-structured-data'  itemprop=\"datePublished\" datetime=\"2020-01-31T13:18:41+01:00\" >2026-01-15 09:00:35<\/span><span class='av-structured-data'  itemprop=\"dateModified\" itemtype=\"https:\/\/schema.org\/dateModified\" >2026-01-13 18:54:07<\/span><span class='av-structured-data'  itemprop=\"mainEntityOfPage\" itemtype=\"https:\/\/schema.org\/mainEntityOfPage\" ><span itemprop='name'>Kulinarische Elfstedentocht Dokkum: Das sollten Sie nicht verpassen!<\/span><\/span><\/span><\/article><article class='slide-entry flex_column  post-entry post-entry-53173 slide-entry-overview slide-loop-12 slide-parity-odd  av_one_third  real-thumbnail posttype-post post-format-standard'  itemscope=\"itemscope\" itemtype=\"https:\/\/schema.org\/CreativeWork\" ><a href='https:\/\/www.frieslandhollandtravel.nl\/de\/nachrichten\/warum-der-15-januar-als-der-tag-der-elfstedentocht-gilt\/' data-rel='slide-1' class='slide-image' title='Warum der 15. Januar als der Tag der Elfstedentocht gilt'><img decoding=\"async\" loading=\"lazy\" width=\"913\" height=\"413\" src=\"https:\/\/www.frieslandhollandtravel.nl\/wp-content\/uploads\/2026\/01\/Vlag-Elfstedentocht-1997.jpg\" class=\"wp-image-53169 avia-img-lazy-loading-53169 attachment-portfolio size-portfolio wp-post-image\" alt=\"\" srcset=\"https:\/\/www.frieslandhollandtravel.nl\/wp-content\/uploads\/2026\/01\/Vlag-Elfstedentocht-1997.jpg 913w, https:\/\/www.frieslandhollandtravel.nl\/wp-content\/uploads\/2026\/01\/Vlag-Elfstedentocht-1997-300x136.jpg 300w, https:\/\/www.frieslandhollandtravel.nl\/wp-content\/uploads\/2026\/01\/Vlag-Elfstedentocht-1997-768x347.jpg 768w, https:\/\/www.frieslandhollandtravel.nl\/wp-content\/uploads\/2026\/01\/Vlag-Elfstedentocht-1997-450x204.jpg 450w, https:\/\/www.frieslandhollandtravel.nl\/wp-content\/uploads\/2026\/01\/Vlag-Elfstedentocht-1997-600x271.jpg 600w\" sizes=\"auto, (max-width: 913px) 100vw, 913px\" \/><\/a><div class=\"slide-content\"><header class=\"entry-content-header\" aria-label=\"Slide: Warum der 15. Januar als der Tag der Elfstedentocht gilt\"><h3 class='slide-entry-title entry-title '  itemprop=\"headline\" ><a href='https:\/\/www.frieslandhollandtravel.nl\/de\/nachrichten\/warum-der-15-januar-als-der-tag-der-elfstedentocht-gilt\/' title='Warum der 15. Januar als der Tag der Elfstedentocht gilt'>Warum der 15. Januar als der Tag der Elfstedentocht gilt<\/a><\/h3><span class=\"av-vertical-delimiter\"><\/span><\/header><div class=\"slide-meta\"><time class='slide-meta-time updated'  itemprop=\"datePublished\" datetime=\"2026-01-13T11:33:46+01:00\" >13 Januar 2026<\/time><\/div><div class='slide-entry-excerpt entry-content'  itemprop=\"text\" ><div class=\"read-more-link\"><a href=\"https:\/\/www.frieslandhollandtravel.nl\/de\/nachrichten\/warum-der-15-januar-als-der-tag-der-elfstedentocht-gilt\/\" class=\"more-link\">Mehr lesen<span class='more-link-arrow avia-svg-icon avia-font-svg_entypo-fontello' data-av_svg_icon='right-open-big' data-av_iconset='svg_entypo-fontello'><svg version=\"1.1\" xmlns=\"http:\/\/www.w3.org\/2000\/svg\" width=\"15\" height=\"32\" viewBox=\"0 0 15 32\" preserveAspectRatio=\"xMidYMid meet\" role=\"graphics-symbol\" aria-hidden=\"true\">\n<path d=\"M0.416 27.84l11.456-11.84-11.456-11.904q-0.832-0.832 0-1.536 0.832-0.832 1.536 0l12.544 12.608q0.768 0.832 0 1.6l-12.544 12.608q-0.704 0.832-1.536 0-0.832-0.704 0-1.536z\"><\/path>\n<\/svg><\/span><\/a><\/div><\/div><\/div><footer class=\"entry-footer\"><\/footer><span class='hidden'>\n\t\t\t\t<span class='av-structured-data'  itemprop=\"image\" itemscope=\"itemscope\" itemtype=\"https:\/\/schema.org\/ImageObject\" >\n\t\t\t\t\t\t<span itemprop='url'>https:\/\/www.frieslandhollandtravel.nl\/wp-content\/uploads\/2026\/01\/Vlag-Elfstedentocht-1997.jpg<\/span>\n\t\t\t\t\t\t<span itemprop='height'>413<\/span>\n\t\t\t\t\t\t<span itemprop='width'>913<\/span>\n\t\t\t\t<\/span>\n\t\t\t\t<span class='av-structured-data'  itemprop=\"publisher\" itemtype=\"https:\/\/schema.org\/Organization\" itemscope=\"itemscope\" >\n\t\t\t\t\t\t<span itemprop='name'>Beheerder<\/span>\n\t\t\t\t\t\t<span itemprop='logo' itemscope itemtype='https:\/\/schema.org\/ImageObject'>\n\t\t\t\t\t\t\t<span itemprop='url'>https:\/\/www.frieslandhollandtravel.nl\/wp-content\/uploads\/2023\/12\/logo.svg<\/span>\n\t\t\t\t\t\t<\/span>\n\t\t\t\t<\/span><span class='av-structured-data'  itemprop=\"author\" itemscope=\"itemscope\" itemtype=\"https:\/\/schema.org\/Person\" ><span itemprop='name'>Beheerder<\/span><\/span><span class='av-structured-data'  itemprop=\"datePublished\" datetime=\"2020-01-31T13:18:41+01:00\" >2026-01-13 11:33:46<\/span><span class='av-structured-data'  itemprop=\"dateModified\" itemtype=\"https:\/\/schema.org\/dateModified\" >2026-01-13 11:33:46<\/span><span class='av-structured-data'  itemprop=\"mainEntityOfPage\" itemtype=\"https:\/\/schema.org\/mainEntityOfPage\" ><span itemprop='name'>Warum der 15. Januar als der Tag der Elfstedentocht gilt<\/span><\/span><\/span><\/article><\/div><div class=\"slide-entry-wrap\"><article class='slide-entry flex_column  post-entry post-entry-53102 slide-entry-overview slide-loop-13 slide-parity-odd  av_one_third first real-thumbnail posttype-post post-format-standard'  itemscope=\"itemscope\" itemtype=\"https:\/\/schema.org\/CreativeWork\" ><a href='https:\/\/www.frieslandhollandtravel.nl\/de\/nachrichten\/ihre-fahrradtour-erweitern-pferderettungsboot-auf-ameland-erleben\/' data-rel='slide-1' class='slide-image' title='Ihre Fahrradtour erweitern: Pferderettungsboot auf Ameland erleben'><img decoding=\"async\" loading=\"lazy\" width=\"2048\" height=\"1365\" src=\"https:\/\/www.frieslandhollandtravel.nl\/wp-content\/uploads\/2026\/01\/MarcelRfotografie_reddingsbootdemonstratie_ameland_29-07-2023-27-2048x1365-1.jpg\" class=\"wp-image-53095 avia-img-lazy-loading-53095 attachment-portfolio size-portfolio wp-post-image\" alt=\"\" srcset=\"https:\/\/www.frieslandhollandtravel.nl\/wp-content\/uploads\/2026\/01\/MarcelRfotografie_reddingsbootdemonstratie_ameland_29-07-2023-27-2048x1365-1.jpg 2048w, https:\/\/www.frieslandhollandtravel.nl\/wp-content\/uploads\/2026\/01\/MarcelRfotografie_reddingsbootdemonstratie_ameland_29-07-2023-27-2048x1365-1-300x200.jpg 300w, https:\/\/www.frieslandhollandtravel.nl\/wp-content\/uploads\/2026\/01\/MarcelRfotografie_reddingsbootdemonstratie_ameland_29-07-2023-27-2048x1365-1-1030x686.jpg 1030w, https:\/\/www.frieslandhollandtravel.nl\/wp-content\/uploads\/2026\/01\/MarcelRfotografie_reddingsbootdemonstratie_ameland_29-07-2023-27-2048x1365-1-768x512.jpg 768w, https:\/\/www.frieslandhollandtravel.nl\/wp-content\/uploads\/2026\/01\/MarcelRfotografie_reddingsbootdemonstratie_ameland_29-07-2023-27-2048x1365-1-1536x1024.jpg 1536w, https:\/\/www.frieslandhollandtravel.nl\/wp-content\/uploads\/2026\/01\/MarcelRfotografie_reddingsbootdemonstratie_ameland_29-07-2023-27-2048x1365-1-450x300.jpg 450w, https:\/\/www.frieslandhollandtravel.nl\/wp-content\/uploads\/2026\/01\/MarcelRfotografie_reddingsbootdemonstratie_ameland_29-07-2023-27-2048x1365-1-600x400.jpg 600w\" sizes=\"auto, (max-width: 2048px) 100vw, 2048px\" \/><\/a><div class=\"slide-content\"><header class=\"entry-content-header\" aria-label=\"Slide: Ihre Fahrradtour erweitern: Pferderettungsboot auf Ameland erleben\"><h3 class='slide-entry-title entry-title '  itemprop=\"headline\" ><a href='https:\/\/www.frieslandhollandtravel.nl\/de\/nachrichten\/ihre-fahrradtour-erweitern-pferderettungsboot-auf-ameland-erleben\/' title='Ihre Fahrradtour erweitern: Pferderettungsboot auf Ameland erleben'>Ihre Fahrradtour erweitern: Pferderettungsboot auf Ameland erleben<\/a><\/h3><span class=\"av-vertical-delimiter\"><\/span><\/header><div class=\"slide-meta\"><time class='slide-meta-time updated'  itemprop=\"datePublished\" datetime=\"2026-01-10T10:38:46+01:00\" >10 Januar 2026<\/time><\/div><div class='slide-entry-excerpt entry-content'  itemprop=\"text\" ><div class=\"read-more-link\"><a href=\"https:\/\/www.frieslandhollandtravel.nl\/de\/nachrichten\/ihre-fahrradtour-erweitern-pferderettungsboot-auf-ameland-erleben\/\" class=\"more-link\">Mehr lesen<span class='more-link-arrow avia-svg-icon avia-font-svg_entypo-fontello' data-av_svg_icon='right-open-big' data-av_iconset='svg_entypo-fontello'><svg version=\"1.1\" xmlns=\"http:\/\/www.w3.org\/2000\/svg\" width=\"15\" height=\"32\" viewBox=\"0 0 15 32\" preserveAspectRatio=\"xMidYMid meet\" role=\"graphics-symbol\" aria-hidden=\"true\">\n<path d=\"M0.416 27.84l11.456-11.84-11.456-11.904q-0.832-0.832 0-1.536 0.832-0.832 1.536 0l12.544 12.608q0.768 0.832 0 1.6l-12.544 12.608q-0.704 0.832-1.536 0-0.832-0.704 0-1.536z\"><\/path>\n<\/svg><\/span><\/a><\/div><\/div><\/div><footer class=\"entry-footer\"><\/footer><span class='hidden'>\n\t\t\t\t<span class='av-structured-data'  itemprop=\"image\" itemscope=\"itemscope\" itemtype=\"https:\/\/schema.org\/ImageObject\" >\n\t\t\t\t\t\t<span itemprop='url'>https:\/\/www.frieslandhollandtravel.nl\/wp-content\/uploads\/2026\/01\/MarcelRfotografie_reddingsbootdemonstratie_ameland_29-07-2023-27-2048x1365-1.jpg<\/span>\n\t\t\t\t\t\t<span itemprop='height'>1365<\/span>\n\t\t\t\t\t\t<span itemprop='width'>2048<\/span>\n\t\t\t\t<\/span>\n\t\t\t\t<span class='av-structured-data'  itemprop=\"publisher\" itemtype=\"https:\/\/schema.org\/Organization\" itemscope=\"itemscope\" >\n\t\t\t\t\t\t<span itemprop='name'>Beheerder<\/span>\n\t\t\t\t\t\t<span itemprop='logo' itemscope itemtype='https:\/\/schema.org\/ImageObject'>\n\t\t\t\t\t\t\t<span itemprop='url'>https:\/\/www.frieslandhollandtravel.nl\/wp-content\/uploads\/2023\/12\/logo.svg<\/span>\n\t\t\t\t\t\t<\/span>\n\t\t\t\t<\/span><span class='av-structured-data'  itemprop=\"author\" itemscope=\"itemscope\" itemtype=\"https:\/\/schema.org\/Person\" ><span itemprop='name'>Beheerder<\/span><\/span><span class='av-structured-data'  itemprop=\"datePublished\" datetime=\"2020-01-31T13:18:41+01:00\" >2026-01-10 10:38:46<\/span><span class='av-structured-data'  itemprop=\"dateModified\" itemtype=\"https:\/\/schema.org\/dateModified\" >2026-01-10 10:56:09<\/span><span class='av-structured-data'  itemprop=\"mainEntityOfPage\" itemtype=\"https:\/\/schema.org\/mainEntityOfPage\" ><span itemprop='name'>Ihre Fahrradtour erweitern: Pferderettungsboot auf Ameland erleben<\/span><\/span><\/span><\/article><article class='slide-entry flex_column  post-entry post-entry-53042 slide-entry-overview slide-loop-14 slide-parity-even  av_one_third  real-thumbnail posttype-post post-format-standard'  itemscope=\"itemscope\" itemtype=\"https:\/\/schema.org\/CreativeWork\" ><a href='https:\/\/www.frieslandhollandtravel.nl\/de\/nachrichten\/die-romantische-elf-staedte-route-leuchtet-zum-koenigstag-orange\/' data-rel='slide-1' class='slide-image' title='Die romantische Elf-St\u00e4dte-Route leuchtet zum K\u00f6nigstag orange!'><img decoding=\"async\" loading=\"lazy\" width=\"2048\" height=\"1347\" src=\"https:\/\/www.frieslandhollandtravel.nl\/wp-content\/uploads\/2026\/01\/keningsdei_iconblauw-1-scaled.png\" class=\"wp-image-53033 avia-img-lazy-loading-53033 attachment-portfolio size-portfolio wp-post-image\" alt=\"\" srcset=\"https:\/\/www.frieslandhollandtravel.nl\/wp-content\/uploads\/2026\/01\/keningsdei_iconblauw-1-scaled.png 2048w, https:\/\/www.frieslandhollandtravel.nl\/wp-content\/uploads\/2026\/01\/keningsdei_iconblauw-1-300x197.png 300w, https:\/\/www.frieslandhollandtravel.nl\/wp-content\/uploads\/2026\/01\/keningsdei_iconblauw-1-1030x678.png 1030w, https:\/\/www.frieslandhollandtravel.nl\/wp-content\/uploads\/2026\/01\/keningsdei_iconblauw-1-768x505.png 768w, https:\/\/www.frieslandhollandtravel.nl\/wp-content\/uploads\/2026\/01\/keningsdei_iconblauw-1-1536x1010.png 1536w, https:\/\/www.frieslandhollandtravel.nl\/wp-content\/uploads\/2026\/01\/keningsdei_iconblauw-1-450x296.png 450w, https:\/\/www.frieslandhollandtravel.nl\/wp-content\/uploads\/2026\/01\/keningsdei_iconblauw-1-600x395.png 600w\" sizes=\"auto, (max-width: 2048px) 100vw, 2048px\" \/><\/a><div class=\"slide-content\"><header class=\"entry-content-header\" aria-label=\"Slide: Die romantische Elf-St\u00e4dte-Route leuchtet zum K\u00f6nigstag orange!\"><h3 class='slide-entry-title entry-title '  itemprop=\"headline\" ><a href='https:\/\/www.frieslandhollandtravel.nl\/de\/nachrichten\/die-romantische-elf-staedte-route-leuchtet-zum-koenigstag-orange\/' title='Die romantische Elf-St\u00e4dte-Route leuchtet zum K\u00f6nigstag orange!'>Die romantische Elf-St\u00e4dte-Route leuchtet zum K\u00f6nigstag orange!<\/a><\/h3><span class=\"av-vertical-delimiter\"><\/span><\/header><div class=\"slide-meta\"><time class='slide-meta-time updated'  itemprop=\"datePublished\" datetime=\"2026-01-09T17:41:45+01:00\" >9 Januar 2026<\/time><\/div><div class='slide-entry-excerpt entry-content'  itemprop=\"text\" ><div class=\"read-more-link\"><a href=\"https:\/\/www.frieslandhollandtravel.nl\/de\/nachrichten\/die-romantische-elf-staedte-route-leuchtet-zum-koenigstag-orange\/\" class=\"more-link\">Mehr lesen<span class='more-link-arrow avia-svg-icon avia-font-svg_entypo-fontello' data-av_svg_icon='right-open-big' data-av_iconset='svg_entypo-fontello'><svg version=\"1.1\" xmlns=\"http:\/\/www.w3.org\/2000\/svg\" width=\"15\" height=\"32\" viewBox=\"0 0 15 32\" preserveAspectRatio=\"xMidYMid meet\" role=\"graphics-symbol\" aria-hidden=\"true\">\n<path d=\"M0.416 27.84l11.456-11.84-11.456-11.904q-0.832-0.832 0-1.536 0.832-0.832 1.536 0l12.544 12.608q0.768 0.832 0 1.6l-12.544 12.608q-0.704 0.832-1.536 0-0.832-0.704 0-1.536z\"><\/path>\n<\/svg><\/span><\/a><\/div><\/div><\/div><footer class=\"entry-footer\"><\/footer><span class='hidden'>\n\t\t\t\t<span class='av-structured-data'  itemprop=\"image\" itemscope=\"itemscope\" itemtype=\"https:\/\/schema.org\/ImageObject\" >\n\t\t\t\t\t\t<span itemprop='url'>https:\/\/www.frieslandhollandtravel.nl\/wp-content\/uploads\/2026\/01\/keningsdei_iconblauw-1-scaled.png<\/span>\n\t\t\t\t\t\t<span itemprop='height'>1347<\/span>\n\t\t\t\t\t\t<span itemprop='width'>2048<\/span>\n\t\t\t\t<\/span>\n\t\t\t\t<span class='av-structured-data'  itemprop=\"publisher\" itemtype=\"https:\/\/schema.org\/Organization\" itemscope=\"itemscope\" >\n\t\t\t\t\t\t<span itemprop='name'>Beheerder<\/span>\n\t\t\t\t\t\t<span itemprop='logo' itemscope itemtype='https:\/\/schema.org\/ImageObject'>\n\t\t\t\t\t\t\t<span itemprop='url'>https:\/\/www.frieslandhollandtravel.nl\/wp-content\/uploads\/2023\/12\/logo.svg<\/span>\n\t\t\t\t\t\t<\/span>\n\t\t\t\t<\/span><span class='av-structured-data'  itemprop=\"author\" itemscope=\"itemscope\" itemtype=\"https:\/\/schema.org\/Person\" ><span itemprop='name'>Beheerder<\/span><\/span><span class='av-structured-data'  itemprop=\"datePublished\" datetime=\"2020-01-31T13:18:41+01:00\" >2026-01-09 17:41:45<\/span><span class='av-structured-data'  itemprop=\"dateModified\" itemtype=\"https:\/\/schema.org\/dateModified\" >2026-01-09 18:32:58<\/span><span class='av-structured-data'  itemprop=\"mainEntityOfPage\" itemtype=\"https:\/\/schema.org\/mainEntityOfPage\" ><span itemprop='name'>Die romantische Elf-St\u00e4dte-Route leuchtet zum K\u00f6nigstag orange!<\/span><\/span><\/span><\/article><article class='slide-entry flex_column  post-entry post-entry-53011 slide-entry-overview slide-loop-15 slide-parity-odd  av_one_third  real-thumbnail posttype-post post-format-standard'  itemscope=\"itemscope\" itemtype=\"https:\/\/schema.org\/CreativeWork\" ><a href='https:\/\/www.frieslandhollandtravel.nl\/de\/nachrichten\/friesland-holland-travel-auf-der-rad-und-wanderboerse-in-utrecht-gent\/' data-rel='slide-1' class='slide-image' title='Friesland Holland Travel auf der Rad- und Wanderb\u00f6rse in Utrecht &#038; Gent'><img decoding=\"async\" loading=\"lazy\" width=\"1200\" height=\"1600\" src=\"https:\/\/www.frieslandhollandtravel.nl\/wp-content\/uploads\/2025\/03\/afc05c75-7757-4e1d-bdba-8a6667c0bbb9.jpg\" class=\"wp-image-44514 avia-img-lazy-loading-44514 attachment-portfolio size-portfolio wp-post-image\" alt=\"\" srcset=\"https:\/\/www.frieslandhollandtravel.nl\/wp-content\/uploads\/2025\/03\/afc05c75-7757-4e1d-bdba-8a6667c0bbb9.jpg 1200w, https:\/\/www.frieslandhollandtravel.nl\/wp-content\/uploads\/2025\/03\/afc05c75-7757-4e1d-bdba-8a6667c0bbb9-225x300.jpg 225w, https:\/\/www.frieslandhollandtravel.nl\/wp-content\/uploads\/2025\/03\/afc05c75-7757-4e1d-bdba-8a6667c0bbb9-773x1030.jpg 773w, https:\/\/www.frieslandhollandtravel.nl\/wp-content\/uploads\/2025\/03\/afc05c75-7757-4e1d-bdba-8a6667c0bbb9-768x1024.jpg 768w, https:\/\/www.frieslandhollandtravel.nl\/wp-content\/uploads\/2025\/03\/afc05c75-7757-4e1d-bdba-8a6667c0bbb9-1152x1536.jpg 1152w, https:\/\/www.frieslandhollandtravel.nl\/wp-content\/uploads\/2025\/03\/afc05c75-7757-4e1d-bdba-8a6667c0bbb9-450x600.jpg 450w, https:\/\/www.frieslandhollandtravel.nl\/wp-content\/uploads\/2025\/03\/afc05c75-7757-4e1d-bdba-8a6667c0bbb9-600x800.jpg 600w\" sizes=\"auto, (max-width: 1200px) 100vw, 1200px\" \/><\/a><div class=\"slide-content\"><header class=\"entry-content-header\" aria-label=\"Slide: Friesland Holland Travel auf der Rad- und Wanderb\u00f6rse in Utrecht &amp; Gent\"><h3 class='slide-entry-title entry-title '  itemprop=\"headline\" ><a href='https:\/\/www.frieslandhollandtravel.nl\/de\/nachrichten\/friesland-holland-travel-auf-der-rad-und-wanderboerse-in-utrecht-gent\/' title='Friesland Holland Travel auf der Rad- und Wanderb\u00f6rse in Utrecht &#038; Gent'>Friesland Holland Travel auf der Rad- und Wanderb\u00f6rse in Utrecht &#038; Gent<\/a><\/h3><span class=\"av-vertical-delimiter\"><\/span><\/header><div class=\"slide-meta\"><time class='slide-meta-time updated'  itemprop=\"datePublished\" datetime=\"2026-01-09T12:45:08+01:00\" >9 Januar 2026<\/time><\/div><div class='slide-entry-excerpt entry-content'  itemprop=\"text\" ><div class=\"read-more-link\"><a href=\"https:\/\/www.frieslandhollandtravel.nl\/de\/nachrichten\/friesland-holland-travel-auf-der-rad-und-wanderboerse-in-utrecht-gent\/\" class=\"more-link\">Mehr lesen<span class='more-link-arrow avia-svg-icon avia-font-svg_entypo-fontello' data-av_svg_icon='right-open-big' data-av_iconset='svg_entypo-fontello'><svg version=\"1.1\" xmlns=\"http:\/\/www.w3.org\/2000\/svg\" width=\"15\" height=\"32\" viewBox=\"0 0 15 32\" preserveAspectRatio=\"xMidYMid meet\" role=\"graphics-symbol\" aria-hidden=\"true\">\n<path d=\"M0.416 27.84l11.456-11.84-11.456-11.904q-0.832-0.832 0-1.536 0.832-0.832 1.536 0l12.544 12.608q0.768 0.832 0 1.6l-12.544 12.608q-0.704 0.832-1.536 0-0.832-0.704 0-1.536z\"><\/path>\n<\/svg><\/span><\/a><\/div><\/div><\/div><footer class=\"entry-footer\"><\/footer><span class='hidden'>\n\t\t\t\t<span class='av-structured-data'  itemprop=\"image\" itemscope=\"itemscope\" itemtype=\"https:\/\/schema.org\/ImageObject\" >\n\t\t\t\t\t\t<span itemprop='url'>https:\/\/www.frieslandhollandtravel.nl\/wp-content\/uploads\/2025\/03\/afc05c75-7757-4e1d-bdba-8a6667c0bbb9.jpg<\/span>\n\t\t\t\t\t\t<span itemprop='height'>1600<\/span>\n\t\t\t\t\t\t<span itemprop='width'>1200<\/span>\n\t\t\t\t<\/span>\n\t\t\t\t<span class='av-structured-data'  itemprop=\"publisher\" itemtype=\"https:\/\/schema.org\/Organization\" itemscope=\"itemscope\" >\n\t\t\t\t\t\t<span itemprop='name'>Beheerder<\/span>\n\t\t\t\t\t\t<span itemprop='logo' itemscope itemtype='https:\/\/schema.org\/ImageObject'>\n\t\t\t\t\t\t\t<span itemprop='url'>https:\/\/www.frieslandhollandtravel.nl\/wp-content\/uploads\/2023\/12\/logo.svg<\/span>\n\t\t\t\t\t\t<\/span>\n\t\t\t\t<\/span><span class='av-structured-data'  itemprop=\"author\" itemscope=\"itemscope\" itemtype=\"https:\/\/schema.org\/Person\" ><span itemprop='name'>Beheerder<\/span><\/span><span class='av-structured-data'  itemprop=\"datePublished\" datetime=\"2020-01-31T13:18:41+01:00\" >2026-01-09 12:45:08<\/span><span class='av-structured-data'  itemprop=\"dateModified\" itemtype=\"https:\/\/schema.org\/dateModified\" >2026-01-09 12:52:12<\/span><span class='av-structured-data'  itemprop=\"mainEntityOfPage\" itemtype=\"https:\/\/schema.org\/mainEntityOfPage\" ><span itemprop='name'>Friesland Holland Travel auf der Rad- und Wanderb\u00f6rse in Utrecht &#038; Gent<\/span><\/span><\/span><\/article><\/div><div class=\"slide-entry-wrap\"><article class='slide-entry flex_column  post-entry post-entry-52988 slide-entry-overview slide-loop-16 slide-parity-odd  av_one_third first real-thumbnail posttype-post post-format-standard'  itemscope=\"itemscope\" itemtype=\"https:\/\/schema.org\/CreativeWork\" ><a href='https:\/\/www.frieslandhollandtravel.nl\/de\/nachrichten\/zee-van-tijd-verbindet-festland-und-ameland\/' data-rel='slide-1' class='slide-image' title='Zee van Tijd verbindet Festland und Ameland'><img decoding=\"async\" loading=\"lazy\" width=\"1024\" height=\"683\" src=\"https:\/\/www.frieslandhollandtravel.nl\/wp-content\/uploads\/2025\/07\/317288616.jpg\" class=\"wp-image-45992 avia-img-lazy-loading-45992 attachment-portfolio size-portfolio wp-post-image\" alt=\"\" srcset=\"https:\/\/www.frieslandhollandtravel.nl\/wp-content\/uploads\/2025\/07\/317288616.jpg 1024w, https:\/\/www.frieslandhollandtravel.nl\/wp-content\/uploads\/2025\/07\/317288616-300x200.jpg 300w, https:\/\/www.frieslandhollandtravel.nl\/wp-content\/uploads\/2025\/07\/317288616-768x512.jpg 768w, https:\/\/www.frieslandhollandtravel.nl\/wp-content\/uploads\/2025\/07\/317288616-450x300.jpg 450w, https:\/\/www.frieslandhollandtravel.nl\/wp-content\/uploads\/2025\/07\/317288616-600x400.jpg 600w\" sizes=\"auto, (max-width: 1024px) 100vw, 1024px\" \/><\/a><div class=\"slide-content\"><header class=\"entry-content-header\" aria-label=\"Slide: Zee van Tijd verbindet Festland und Ameland\"><h3 class='slide-entry-title entry-title '  itemprop=\"headline\" ><a href='https:\/\/www.frieslandhollandtravel.nl\/de\/nachrichten\/zee-van-tijd-verbindet-festland-und-ameland\/' title='Zee van Tijd verbindet Festland und Ameland'>Zee van Tijd verbindet Festland und Ameland<\/a><\/h3><span class=\"av-vertical-delimiter\"><\/span><\/header><div class=\"slide-meta\"><time class='slide-meta-time updated'  itemprop=\"datePublished\" datetime=\"2026-01-08T15:25:10+01:00\" >8 Januar 2026<\/time><\/div><div class='slide-entry-excerpt entry-content'  itemprop=\"text\" ><div class=\"read-more-link\"><a href=\"https:\/\/www.frieslandhollandtravel.nl\/de\/nachrichten\/zee-van-tijd-verbindet-festland-und-ameland\/\" class=\"more-link\">Mehr lesen<span class='more-link-arrow avia-svg-icon avia-font-svg_entypo-fontello' data-av_svg_icon='right-open-big' data-av_iconset='svg_entypo-fontello'><svg version=\"1.1\" xmlns=\"http:\/\/www.w3.org\/2000\/svg\" width=\"15\" height=\"32\" viewBox=\"0 0 15 32\" preserveAspectRatio=\"xMidYMid meet\" role=\"graphics-symbol\" aria-hidden=\"true\">\n<path d=\"M0.416 27.84l11.456-11.84-11.456-11.904q-0.832-0.832 0-1.536 0.832-0.832 1.536 0l12.544 12.608q0.768 0.832 0 1.6l-12.544 12.608q-0.704 0.832-1.536 0-0.832-0.704 0-1.536z\"><\/path>\n<\/svg><\/span><\/a><\/div><\/div><\/div><footer class=\"entry-footer\"><\/footer><span class='hidden'>\n\t\t\t\t<span class='av-structured-data'  itemprop=\"image\" itemscope=\"itemscope\" itemtype=\"https:\/\/schema.org\/ImageObject\" >\n\t\t\t\t\t\t<span itemprop='url'>https:\/\/www.frieslandhollandtravel.nl\/wp-content\/uploads\/2025\/07\/317288616.jpg<\/span>\n\t\t\t\t\t\t<span itemprop='height'>683<\/span>\n\t\t\t\t\t\t<span itemprop='width'>1024<\/span>\n\t\t\t\t<\/span>\n\t\t\t\t<span class='av-structured-data'  itemprop=\"publisher\" itemtype=\"https:\/\/schema.org\/Organization\" itemscope=\"itemscope\" >\n\t\t\t\t\t\t<span itemprop='name'>Beheerder<\/span>\n\t\t\t\t\t\t<span itemprop='logo' itemscope itemtype='https:\/\/schema.org\/ImageObject'>\n\t\t\t\t\t\t\t<span itemprop='url'>https:\/\/www.frieslandhollandtravel.nl\/wp-content\/uploads\/2023\/12\/logo.svg<\/span>\n\t\t\t\t\t\t<\/span>\n\t\t\t\t<\/span><span class='av-structured-data'  itemprop=\"author\" itemscope=\"itemscope\" itemtype=\"https:\/\/schema.org\/Person\" ><span itemprop='name'>Beheerder<\/span><\/span><span class='av-structured-data'  itemprop=\"datePublished\" datetime=\"2020-01-31T13:18:41+01:00\" >2026-01-08 15:25:10<\/span><span class='av-structured-data'  itemprop=\"dateModified\" itemtype=\"https:\/\/schema.org\/dateModified\" >2026-01-10 10:05:12<\/span><span class='av-structured-data'  itemprop=\"mainEntityOfPage\" itemtype=\"https:\/\/schema.org\/mainEntityOfPage\" ><span itemprop='name'>Zee van Tijd verbindet Festland und Ameland<\/span><\/span><\/span><\/article><article class='slide-entry flex_column  post-entry post-entry-52788 slide-entry-overview slide-loop-17 slide-parity-even  av_one_third  real-thumbnail posttype-post post-format-standard'  itemscope=\"itemscope\" itemtype=\"https:\/\/schema.org\/CreativeWork\" ><a href='https:\/\/www.frieslandhollandtravel.nl\/de\/nachrichten\/der-wert-von-rmt-nof\/' data-rel='slide-1' class='slide-image' title='Der Wert von RMT NOF'><img decoding=\"async\" loading=\"lazy\" width=\"2048\" height=\"1776\" src=\"https:\/\/www.frieslandhollandtravel.nl\/wp-content\/uploads\/2026\/01\/IMG_8433-1-scaled.jpeg\" class=\"wp-image-52785 avia-img-lazy-loading-52785 attachment-portfolio size-portfolio wp-post-image\" alt=\"\" srcset=\"https:\/\/www.frieslandhollandtravel.nl\/wp-content\/uploads\/2026\/01\/IMG_8433-1-scaled.jpeg 2048w, https:\/\/www.frieslandhollandtravel.nl\/wp-content\/uploads\/2026\/01\/IMG_8433-1-300x260.jpeg 300w, https:\/\/www.frieslandhollandtravel.nl\/wp-content\/uploads\/2026\/01\/IMG_8433-1-1030x893.jpeg 1030w, https:\/\/www.frieslandhollandtravel.nl\/wp-content\/uploads\/2026\/01\/IMG_8433-1-768x666.jpeg 768w, https:\/\/www.frieslandhollandtravel.nl\/wp-content\/uploads\/2026\/01\/IMG_8433-1-1536x1332.jpeg 1536w, https:\/\/www.frieslandhollandtravel.nl\/wp-content\/uploads\/2026\/01\/IMG_8433-1-450x390.jpeg 450w, https:\/\/www.frieslandhollandtravel.nl\/wp-content\/uploads\/2026\/01\/IMG_8433-1-600x520.jpeg 600w\" sizes=\"auto, (max-width: 2048px) 100vw, 2048px\" \/><\/a><div class=\"slide-content\"><header class=\"entry-content-header\" aria-label=\"Slide: Der Wert von RMT NOF\"><h3 class='slide-entry-title entry-title '  itemprop=\"headline\" ><a href='https:\/\/www.frieslandhollandtravel.nl\/de\/nachrichten\/der-wert-von-rmt-nof\/' title='Der Wert von RMT NOF'>Der Wert von RMT NOF<\/a><\/h3><span class=\"av-vertical-delimiter\"><\/span><\/header><div class=\"slide-meta\"><time class='slide-meta-time updated'  itemprop=\"datePublished\" datetime=\"2026-01-05T17:20:03+01:00\" >5 Januar 2026<\/time><\/div><div class='slide-entry-excerpt entry-content'  itemprop=\"text\" ><div class=\"read-more-link\"><a href=\"https:\/\/www.frieslandhollandtravel.nl\/de\/nachrichten\/der-wert-von-rmt-nof\/\" class=\"more-link\">Mehr lesen<span class='more-link-arrow avia-svg-icon avia-font-svg_entypo-fontello' data-av_svg_icon='right-open-big' data-av_iconset='svg_entypo-fontello'><svg version=\"1.1\" xmlns=\"http:\/\/www.w3.org\/2000\/svg\" width=\"15\" height=\"32\" viewBox=\"0 0 15 32\" preserveAspectRatio=\"xMidYMid meet\" role=\"graphics-symbol\" aria-hidden=\"true\">\n<path d=\"M0.416 27.84l11.456-11.84-11.456-11.904q-0.832-0.832 0-1.536 0.832-0.832 1.536 0l12.544 12.608q0.768 0.832 0 1.6l-12.544 12.608q-0.704 0.832-1.536 0-0.832-0.704 0-1.536z\"><\/path>\n<\/svg><\/span><\/a><\/div><\/div><\/div><footer class=\"entry-footer\"><\/footer><span class='hidden'>\n\t\t\t\t<span class='av-structured-data'  itemprop=\"image\" itemscope=\"itemscope\" itemtype=\"https:\/\/schema.org\/ImageObject\" >\n\t\t\t\t\t\t<span itemprop='url'>https:\/\/www.frieslandhollandtravel.nl\/wp-content\/uploads\/2026\/01\/IMG_8433-1-scaled.jpeg<\/span>\n\t\t\t\t\t\t<span itemprop='height'>1776<\/span>\n\t\t\t\t\t\t<span itemprop='width'>2048<\/span>\n\t\t\t\t<\/span>\n\t\t\t\t<span class='av-structured-data'  itemprop=\"publisher\" itemtype=\"https:\/\/schema.org\/Organization\" itemscope=\"itemscope\" >\n\t\t\t\t\t\t<span itemprop='name'>Beheerder<\/span>\n\t\t\t\t\t\t<span itemprop='logo' itemscope itemtype='https:\/\/schema.org\/ImageObject'>\n\t\t\t\t\t\t\t<span itemprop='url'>https:\/\/www.frieslandhollandtravel.nl\/wp-content\/uploads\/2023\/12\/logo.svg<\/span>\n\t\t\t\t\t\t<\/span>\n\t\t\t\t<\/span><span class='av-structured-data'  itemprop=\"author\" itemscope=\"itemscope\" itemtype=\"https:\/\/schema.org\/Person\" ><span itemprop='name'>Beheerder<\/span><\/span><span class='av-structured-data'  itemprop=\"datePublished\" datetime=\"2020-01-31T13:18:41+01:00\" >2026-01-05 17:20:03<\/span><span class='av-structured-data'  itemprop=\"dateModified\" itemtype=\"https:\/\/schema.org\/dateModified\" >2026-01-08 15:08:55<\/span><span class='av-structured-data'  itemprop=\"mainEntityOfPage\" itemtype=\"https:\/\/schema.org\/mainEntityOfPage\" ><span itemprop='name'>Der Wert von RMT NOF<\/span><\/span><\/span><\/article><article class='slide-entry flex_column  post-entry post-entry-45805 slide-entry-overview slide-loop-18 slide-parity-odd  post-entry-last  av_one_third  real-thumbnail posttype-post post-format-standard'  itemscope=\"itemscope\" itemtype=\"https:\/\/schema.org\/CreativeWork\" ><a href='https:\/\/www.frieslandhollandtravel.nl\/de\/nachrichten\/tag-4-die-hoelle-des-nordens-bei-tropischer-waerme\/' data-rel='slide-1' class='slide-image' title='Tag 4: Die H\u00f6lle des Nordens bei tropischer W\u00e4rme'><img decoding=\"async\" loading=\"lazy\" width=\"2048\" height=\"925\" src=\"https:\/\/www.frieslandhollandtravel.nl\/wp-content\/uploads\/2025\/07\/498173274_1431895458183960_1996917033902507979_n-scaled.jpg\" class=\"wp-image-45788 avia-img-lazy-loading-45788 attachment-portfolio size-portfolio wp-post-image\" alt=\"\" srcset=\"https:\/\/www.frieslandhollandtravel.nl\/wp-content\/uploads\/2025\/07\/498173274_1431895458183960_1996917033902507979_n-scaled.jpg 2048w, https:\/\/www.frieslandhollandtravel.nl\/wp-content\/uploads\/2025\/07\/498173274_1431895458183960_1996917033902507979_n-300x135.jpg 300w, https:\/\/www.frieslandhollandtravel.nl\/wp-content\/uploads\/2025\/07\/498173274_1431895458183960_1996917033902507979_n-1030x465.jpg 1030w, https:\/\/www.frieslandhollandtravel.nl\/wp-content\/uploads\/2025\/07\/498173274_1431895458183960_1996917033902507979_n-768x347.jpg 768w, https:\/\/www.frieslandhollandtravel.nl\/wp-content\/uploads\/2025\/07\/498173274_1431895458183960_1996917033902507979_n-1536x694.jpg 1536w, https:\/\/www.frieslandhollandtravel.nl\/wp-content\/uploads\/2025\/07\/498173274_1431895458183960_1996917033902507979_n-450x203.jpg 450w, https:\/\/www.frieslandhollandtravel.nl\/wp-content\/uploads\/2025\/07\/498173274_1431895458183960_1996917033902507979_n-600x271.jpg 600w\" sizes=\"auto, (max-width: 2048px) 100vw, 2048px\" \/><\/a><div class=\"slide-content\"><header class=\"entry-content-header\" aria-label=\"Slide: Tag 4: Die H\u00f6lle des Nordens bei tropischer W\u00e4rme\"><h3 class='slide-entry-title entry-title '  itemprop=\"headline\" ><a href='https:\/\/www.frieslandhollandtravel.nl\/de\/nachrichten\/tag-4-die-hoelle-des-nordens-bei-tropischer-waerme\/' title='Tag 4: Die H\u00f6lle des Nordens bei tropischer W\u00e4rme'>Tag 4: Die H\u00f6lle des Nordens bei tropischer W\u00e4rme<\/a><\/h3><span class=\"av-vertical-delimiter\"><\/span><\/header><div class=\"slide-meta\"><time class='slide-meta-time updated'  itemprop=\"datePublished\" datetime=\"2025-07-01T21:50:44+02:00\" >1 Juli 2025<\/time><\/div><div class='slide-entry-excerpt entry-content'  itemprop=\"text\" ><div class=\"read-more-link\"><a href=\"https:\/\/www.frieslandhollandtravel.nl\/de\/nachrichten\/tag-4-die-hoelle-des-nordens-bei-tropischer-waerme\/\" class=\"more-link\">Mehr lesen<span class='more-link-arrow avia-svg-icon avia-font-svg_entypo-fontello' data-av_svg_icon='right-open-big' data-av_iconset='svg_entypo-fontello'><svg version=\"1.1\" xmlns=\"http:\/\/www.w3.org\/2000\/svg\" width=\"15\" height=\"32\" viewBox=\"0 0 15 32\" preserveAspectRatio=\"xMidYMid meet\" role=\"graphics-symbol\" aria-hidden=\"true\">\n<path d=\"M0.416 27.84l11.456-11.84-11.456-11.904q-0.832-0.832 0-1.536 0.832-0.832 1.536 0l12.544 12.608q0.768 0.832 0 1.6l-12.544 12.608q-0.704 0.832-1.536 0-0.832-0.704 0-1.536z\"><\/path>\n<\/svg><\/span><\/a><\/div><\/div><\/div><footer class=\"entry-footer\"><\/footer><span class='hidden'>\n\t\t\t\t<span class='av-structured-data'  itemprop=\"image\" itemscope=\"itemscope\" itemtype=\"https:\/\/schema.org\/ImageObject\" >\n\t\t\t\t\t\t<span itemprop='url'>https:\/\/www.frieslandhollandtravel.nl\/wp-content\/uploads\/2025\/07\/498173274_1431895458183960_1996917033902507979_n-scaled.jpg<\/span>\n\t\t\t\t\t\t<span itemprop='height'>925<\/span>\n\t\t\t\t\t\t<span itemprop='width'>2048<\/span>\n\t\t\t\t<\/span>\n\t\t\t\t<span class='av-structured-data'  itemprop=\"publisher\" itemtype=\"https:\/\/schema.org\/Organization\" itemscope=\"itemscope\" >\n\t\t\t\t\t\t<span itemprop='name'>Beheerder<\/span>\n\t\t\t\t\t\t<span itemprop='logo' itemscope itemtype='https:\/\/schema.org\/ImageObject'>\n\t\t\t\t\t\t\t<span itemprop='url'>https:\/\/www.frieslandhollandtravel.nl\/wp-content\/uploads\/2023\/12\/logo.svg<\/span>\n\t\t\t\t\t\t<\/span>\n\t\t\t\t<\/span><span class='av-structured-data'  itemprop=\"author\" itemscope=\"itemscope\" itemtype=\"https:\/\/schema.org\/Person\" ><span itemprop='name'>Beheerder<\/span><\/span><span class='av-structured-data'  itemprop=\"datePublished\" datetime=\"2020-01-31T13:18:41+01:00\" >2025-07-01 21:50:44<\/span><span class='av-structured-data'  itemprop=\"dateModified\" itemtype=\"https:\/\/schema.org\/dateModified\" >2025-07-01 22:03:02<\/span><span class='av-structured-data'  itemprop=\"mainEntityOfPage\" itemtype=\"https:\/\/schema.org\/mainEntityOfPage\" ><span itemprop='name'>Tag 4: Die H\u00f6lle des Nordens bei tropischer W\u00e4rme<\/span><\/span><\/span><\/article><\/div><\/div><div class='pagination-wrap pagination-slider'><nav class='pagination'><span class='pagination-meta'>Seite 1 von 3<\/span><span class='current'>1<\/span><a href='https:\/\/www.frieslandhollandtravel.nl\/de\/wp-json\/wp\/v2\/pages\/42820\/?avia-element-paging=2' class='inactive next_page' >2<\/a><a href='https:\/\/www.frieslandhollandtravel.nl\/de\/wp-json\/wp\/v2\/pages\/42820\/?avia-element-paging=3' class='inactive' >3<\/a><\/nav>\n<\/div><\/div><\/p><\/div>\n","protected":false},"excerpt":{"rendered":"","protected":false},"author":1,"featured_media":0,"parent":0,"menu_order":20,"comment_status":"closed","ping_status":"closed","template":"","meta":{"_acf_changed":false,"footnotes":""},"class_list":["post-42820","page","type-page","status-publish","hentry"],"acf":[],"_links":{"self":[{"href":"https:\/\/www.frieslandhollandtravel.nl\/de\/wp-json\/wp\/v2\/pages\/42820","targetHints":{"allow":["GET"]}}],"collection":[{"href":"https:\/\/www.frieslandhollandtravel.nl\/de\/wp-json\/wp\/v2\/pages"}],"about":[{"href":"https:\/\/www.frieslandhollandtravel.nl\/de\/wp-json\/wp\/v2\/types\/page"}],"author":[{"embeddable":true,"href":"https:\/\/www.frieslandhollandtravel.nl\/de\/wp-json\/wp\/v2\/users\/1"}],"replies":[{"embeddable":true,"href":"https:\/\/www.frieslandhollandtravel.nl\/de\/wp-json\/wp\/v2\/comments?post=42820"}],"version-history":[{"count":0,"href":"https:\/\/www.frieslandhollandtravel.nl\/de\/wp-json\/wp\/v2\/pages\/42820\/revisions"}],"wp:attachment":[{"href":"https:\/\/www.frieslandhollandtravel.nl\/de\/wp-json\/wp\/v2\/media?parent=42820"}],"curies":[{"name":"wp","href":"https:\/\/api.w.org\/{rel}","templated":true}]}}