{"id":48192,"date":"2025-11-11T15:47:02","date_gmt":"2025-11-11T14:47:02","guid":{"rendered":"https:\/\/www.frieslandhollandtravel.nl\/markant-friesland\/"},"modified":"2026-07-21T13:23:02","modified_gmt":"2026-07-21T11:23:02","slug":"standort-holwerd","status":"publish","type":"page","link":"https:\/\/www.frieslandhollandtravel.nl\/de\/standort-holwerd\/","title":{"rendered":"Standort Holwerd"},"content":{"rendered":"<div id='av_section_1'  class='avia-section av-33pw8sz-6b120ebe7634da641299f2d35974c1ee main_color avia-section-default avia-no-border-styling  avia-builder-el-0  el_before_av_section  avia-builder-el-first  avia-bg-style-scroll container_wrap fullsize'  ><div class='container av-section-cont-open' ><main  role=\"main\" itemprop=\"mainContentOfPage\"  class='template-page content  av-content-full alpha units'><div class='post-entry post-entry-type-page post-entry-48192'><div class='entry-content-wrapper clearfix'>\n<div  class='flex_column av-2oioqpf-74ed40a5e79a437e064307b9327b81f6 av_three_fourth  avia-builder-el-1  el_before_av_productslider  avia-builder-el-first  first flex_column_div  '     ><p>\n<style type=\"text\/css\" data-created_by=\"avia_inline_auto\" id=\"style-css-av-ls8s2hw6-5bf4f1ba0d0e431d610a2ec436c09377\">\n#top .av-special-heading.av-ls8s2hw6-5bf4f1ba0d0e431d610a2ec436c09377{\npadding-bottom:20px;\n}\nbody .av-special-heading.av-ls8s2hw6-5bf4f1ba0d0e431d610a2ec436c09377 .av-special-heading-tag .heading-char{\nfont-size:25px;\n}\n.av-special-heading.av-ls8s2hw6-5bf4f1ba0d0e431d610a2ec436c09377 .av-subheading{\nfont-size:15px;\n}\n<\/style>\n<div  class='av-special-heading av-ls8s2hw6-5bf4f1ba0d0e431d610a2ec436c09377 av-special-heading-h1 blockquote modern-quote  avia-builder-el-2  el_before_av_textblock  avia-builder-el-first '><h1 class='av-special-heading-tag '  itemprop=\"headline\"  >Standort-Arrangements<\/h1><div class=\"special-heading-border\"><div class=\"special-heading-inner-border\"><\/div><\/div><\/div><br \/>\n<section  class='av_textblock_section av-ls8s3xhz-302e6ebbf967839003e354151f94f2ce '   itemscope=\"itemscope\" itemtype=\"https:\/\/schema.org\/CreativeWork\" ><div class='avia_textblock'  itemprop=\"text\" ><p class=\"PDq2pG_selectionAnchorContainer\" data-start=\"0\" data-end=\"278\">Auf dieser Seite finden Sie eine \u00dcbersicht unserer Standort-Arrangements mit dem historischen Dorf Holwerd als Ausgangspunkt. Holwerd liegt an der friesischen Wattenk\u00fcste, mitten im UNESCO-Weltnaturerbe Wattenmeer, und ist der ideale Ausgangsort, um die Region zu entdecken.<\/p>\n<p data-start=\"280\" data-end=\"542\">Dank seiner zentralen Lage erreichen Sie in kurzer Zeit die Watteninsel Ameland, die Elf-St\u00e4dte Dokkum und Leeuwarden sowie charakteristische D\u00f6rfer wie Moddergat, Birdaard und Hegebeintum. Von Holwerd aus liegen all diese besonderen Orte in greifbarer N\u00e4he.<\/p>\n<p data-start=\"544\" data-end=\"617\" data-is-last-node=\"\" data-is-only-node=\"\">Bei unseren Standort-Arrangements ist kein Gep\u00e4ckservice inbegriffen.<\/p>\n<\/div><\/section><br \/>\n\n<style type=\"text\/css\" data-created_by=\"avia_inline_auto\" id=\"style-css-av-mhm5aaee-ef813040ae4a54203daa9e2cf5e0ee19\">\n#top .hr.hr-invisible.av-mhm5aaee-ef813040ae4a54203daa9e2cf5e0ee19{\nheight:50px;\n}\n<\/style>\n<div  class='hr av-mhm5aaee-ef813040ae4a54203daa9e2cf5e0ee19 hr-invisible  avia-builder-el-4  el_after_av_textblock  avia-builder-el-last '><span class='hr-inner '><span class=\"hr-inner-style\"><\/span><\/span><\/div><\/p><\/div><p>Keine Produkte gefunden, die deiner Auswahl entsprechen.<\/p><div class=\"clear\"><\/div>\n<br \/>\n<\/div><\/div><\/main><!-- close content main element --><\/div><\/div><div id='av_section_2'  class='avia-section av-de-holwerd-sec-acfd972ba323ee526f576a6d8929d704 main_color avia-section-default avia-no-border-styling  avia-builder-el-6  el_after_av_section  el_before_av_postcontent  avia-bg-style-scroll container_wrap fullsize'  ><div class='container av-section-cont-open' ><div class='template-page content  av-content-full alpha units'><div class='post-entry post-entry-type-page post-entry-48192'><div class='entry-content-wrapper clearfix'>\n\n<style type=\"text\/css\" data-created_by=\"avia_inline_auto\" id=\"style-css-av-de-holwerd-col-8fc11c92ca58c13dc763409fecdde70e\">\n.flex_column.av-de-holwerd-col-8fc11c92ca58c13dc763409fecdde70e{\npadding:0px 0px 0px 0px;\n}\n<\/style>\n<div  class='flex_column av-de-holwerd-col-8fc11c92ca58c13dc763409fecdde70e av_one_full first flex_column_div av-zero-column-padding  '     ><div  class='avia-product-slider-container av-de-holwerd-grid-ee288d8d5e4d00e99aad0925ea47fb73 template-shop avia-content-slider avia-content-grid-active shop_columns_3 avia-content-slider-odd av-slideshow-ui av-slider-hover-pause av-slideshow-manual av-loop-once av-loop-manual-endless avia-product-slider2' data-slideshow-options=\"{&quot;animation&quot;:&quot;fade&quot;,&quot;autoplay&quot;:false,&quot;loop_autoplay&quot;:&quot;once&quot;,&quot;interval&quot;:5,&quot;loop_manual&quot;:&quot;manual-endless&quot;,&quot;autoplay_stopper&quot;:false,&quot;noNavigation&quot;:false,&quot;bg_slider&quot;:false,&quot;keep_padding&quot;:false,&quot;hoverpause&quot;:true,&quot;show_slide_delay&quot;:0}\"><div class='avia-content-slider-inner'><ul class=\"products\"><li class=\"product type-product post-56582 status-publish first instock product_cat-standort-holwerd product_tag-50-km-de product_tag-aanbevolen product_tag-fiets has-post-thumbnail sold-individually purchasable product-type-simple yith-wcbm-product-has-badges\">\n\t<div class='inner_product main_color wrapped_style noLightbox  av-product-class-no_button'><a href=\"https:\/\/www.frieslandhollandtravel.nl\/de\/reisen\/5-taegiger-standorturlaub-in-holwerd-mit-ameland-dokkum-leeuwarden\/\" class=\"woocommerce-LoopProduct-link woocommerce-loop-product__link\"><div class=\"thumbnail_container\"><div class='container-image-and-badge  '><img decoding=\"async\" loading=\"lazy\" width=\"450\" height=\"450\" src=\"https:\/\/www.frieslandhollandtravel.nl\/wp-content\/uploads\/2026\/06\/Waling-Suite-1-450x450.jpg\" class=\"wp-image-56654 avia-img-lazy-loading-56654 attachment-shop_catalog size-shop_catalog wp-post-image\" alt=\"\" srcset=\"https:\/\/www.frieslandhollandtravel.nl\/wp-content\/uploads\/2026\/06\/Waling-Suite-1-450x450.jpg 450w, https:\/\/www.frieslandhollandtravel.nl\/wp-content\/uploads\/2026\/06\/Waling-Suite-1-80x80.jpg 80w, https:\/\/www.frieslandhollandtravel.nl\/wp-content\/uploads\/2026\/06\/Waling-Suite-1-36x36.jpg 36w, https:\/\/www.frieslandhollandtravel.nl\/wp-content\/uploads\/2026\/06\/Waling-Suite-1-120x120.jpg 120w, https:\/\/www.frieslandhollandtravel.nl\/wp-content\/uploads\/2026\/06\/Waling-Suite-1-300x300.jpg 300w, https:\/\/www.frieslandhollandtravel.nl\/wp-content\/uploads\/2026\/06\/Waling-Suite-1-100x100.jpg 100w\" sizes=\"auto, (max-width: 450px) 100vw, 450px\" \/>\n<div class='yith-wcbm-badge yith-wcbm-badge-43026 yith-wcbm-badge-text yith-wcbm-badge--on-product-56582 yith-wcbm-badge-text' data-position='{&quot;top&quot;:&quot;0&quot;,&quot;right&quot;:&quot;0&quot;,&quot;bottom&quot;:&quot;auto&quot;,&quot;left&quot;:&quot;auto&quot;}' data-transform=''>\n\t<div class='yith-wcbm-badge__wrap'>\n\t\t<div class=\"yith-wcbm-badge-text\"><p>50 - 70 km pro Tag<\/p><\/div>\n\t<\/div>\n<\/div>\n<!--yith-wcbm-badge-->\n<\/div><!--container-image-and-badge--><span class=\"cart-loading\"><\/span><\/div><div class='inner_product_header'><div class='avia-arrow'><\/div><div class='inner_product_header_table'><div class='inner_product_header_cell'><h2 class=\"woocommerce-loop-product__title\">5-t\u00e4giger Standorturlaub in Holwerd mit Ameland, Dokkum &#038; Leeuwarden<\/h2>\n\t<span class=\"price\"><span class=\"woocommerce-price-before\">Startpreis (p.p.): <\/span><span class=\"woocommerce-Price-amount amount\"><bdi><span class=\"woocommerce-Price-currencySymbol\">&euro;<\/span>&nbsp;545,00<\/bdi><\/span><\/span>\n<\/div><\/div><\/div><\/a><div class=\"avia_cart_buttons\"><a class=\"button show_details_button\" href=\"https:\/\/www.frieslandhollandtravel.nl\/de\/reisen\/5-taegiger-standorturlaub-in-holwerd-mit-ameland-dokkum-leeuwarden\/\">Reisende sehen<\/a><\/div><\/div><\/li>\n<li class=\"product type-product post-56587 status-publish instock product_cat-standort-holwerd product_tag-50-km-de product_tag-aanbevolen product_tag-fiets has-post-thumbnail sold-individually purchasable product-type-simple yith-wcbm-product-has-badges\">\n\t<div class='inner_product main_color wrapped_style noLightbox  av-product-class-no_button'><a href=\"https:\/\/www.frieslandhollandtravel.nl\/de\/reisen\/4-taegiger-standorturlaub-in-holwerd-mit-dokkum-und-ameland\/\" class=\"woocommerce-LoopProduct-link woocommerce-loop-product__link\"><div class=\"thumbnail_container\"><div class='container-image-and-badge  '><img decoding=\"async\" loading=\"lazy\" width=\"450\" height=\"450\" src=\"https:\/\/www.frieslandhollandtravel.nl\/wp-content\/uploads\/2026\/06\/Waling-Suite-5-450x450.jpg\" class=\"wp-image-56660 avia-img-lazy-loading-56660 attachment-shop_catalog size-shop_catalog wp-post-image\" alt=\"\" srcset=\"https:\/\/www.frieslandhollandtravel.nl\/wp-content\/uploads\/2026\/06\/Waling-Suite-5-450x450.jpg 450w, https:\/\/www.frieslandhollandtravel.nl\/wp-content\/uploads\/2026\/06\/Waling-Suite-5-80x80.jpg 80w, https:\/\/www.frieslandhollandtravel.nl\/wp-content\/uploads\/2026\/06\/Waling-Suite-5-36x36.jpg 36w, https:\/\/www.frieslandhollandtravel.nl\/wp-content\/uploads\/2026\/06\/Waling-Suite-5-120x120.jpg 120w, https:\/\/www.frieslandhollandtravel.nl\/wp-content\/uploads\/2026\/06\/Waling-Suite-5-300x300.jpg 300w, https:\/\/www.frieslandhollandtravel.nl\/wp-content\/uploads\/2026\/06\/Waling-Suite-5-100x100.jpg 100w\" sizes=\"auto, (max-width: 450px) 100vw, 450px\" \/>\n<div class='yith-wcbm-badge yith-wcbm-badge-43026 yith-wcbm-badge-text yith-wcbm-badge--on-product-56587 yith-wcbm-badge-text' data-position='{&quot;top&quot;:&quot;0&quot;,&quot;right&quot;:&quot;0&quot;,&quot;bottom&quot;:&quot;auto&quot;,&quot;left&quot;:&quot;auto&quot;}' data-transform=''>\n\t<div class='yith-wcbm-badge__wrap'>\n\t\t<div class=\"yith-wcbm-badge-text\"><p>50 - 70 km pro Tag<\/p><\/div>\n\t<\/div>\n<\/div>\n<!--yith-wcbm-badge-->\n<\/div><!--container-image-and-badge--><span class=\"cart-loading\"><\/span><\/div><div class='inner_product_header'><div class='avia-arrow'><\/div><div class='inner_product_header_table'><div class='inner_product_header_cell'><h2 class=\"woocommerce-loop-product__title\">4-t\u00e4giger Standorturlaub in Holwerd mit Dokkum und Ameland<\/h2>\n\t<span class=\"price\"><span class=\"woocommerce-price-before\">Startpreis (p.p.): <\/span><span class=\"woocommerce-Price-amount amount\"><bdi><span class=\"woocommerce-Price-currencySymbol\">&euro;<\/span>&nbsp;435,00<\/bdi><\/span><\/span>\n<\/div><\/div><\/div><\/a><div class=\"avia_cart_buttons\"><a class=\"button show_details_button\" href=\"https:\/\/www.frieslandhollandtravel.nl\/de\/reisen\/4-taegiger-standorturlaub-in-holwerd-mit-dokkum-und-ameland\/\">Reisende sehen<\/a><\/div><\/div><\/li>\n<li class=\"product type-product post-56591 status-publish last instock product_cat-standort-holwerd product_tag-50-km-de product_tag-aanbevolen product_tag-fiets has-post-thumbnail sold-individually purchasable product-type-simple yith-wcbm-product-has-badges\">\n\t<div class='inner_product main_color wrapped_style noLightbox  av-product-class-no_button'><a href=\"https:\/\/www.frieslandhollandtravel.nl\/de\/reisen\/3-taegiger-standortaufenthalt-in-holwerd-mit-tagesausflug-ameland\/\" class=\"woocommerce-LoopProduct-link woocommerce-loop-product__link\"><div class=\"thumbnail_container\"><div class='container-image-and-badge  '><img decoding=\"async\" loading=\"lazy\" width=\"450\" height=\"450\" src=\"https:\/\/www.frieslandhollandtravel.nl\/wp-content\/uploads\/2026\/06\/Waling-Suite-12-450x450.jpg\" class=\"wp-image-56672 avia-img-lazy-loading-56672 attachment-shop_catalog size-shop_catalog wp-post-image\" alt=\"\" srcset=\"https:\/\/www.frieslandhollandtravel.nl\/wp-content\/uploads\/2026\/06\/Waling-Suite-12-450x450.jpg 450w, https:\/\/www.frieslandhollandtravel.nl\/wp-content\/uploads\/2026\/06\/Waling-Suite-12-80x80.jpg 80w, https:\/\/www.frieslandhollandtravel.nl\/wp-content\/uploads\/2026\/06\/Waling-Suite-12-36x36.jpg 36w, https:\/\/www.frieslandhollandtravel.nl\/wp-content\/uploads\/2026\/06\/Waling-Suite-12-120x120.jpg 120w, https:\/\/www.frieslandhollandtravel.nl\/wp-content\/uploads\/2026\/06\/Waling-Suite-12-300x300.jpg 300w, https:\/\/www.frieslandhollandtravel.nl\/wp-content\/uploads\/2026\/06\/Waling-Suite-12-100x100.jpg 100w\" sizes=\"auto, (max-width: 450px) 100vw, 450px\" \/>\n<div class='yith-wcbm-badge yith-wcbm-badge-43026 yith-wcbm-badge-text yith-wcbm-badge--on-product-56591 yith-wcbm-badge-text' data-position='{&quot;top&quot;:&quot;0&quot;,&quot;right&quot;:&quot;0&quot;,&quot;bottom&quot;:&quot;auto&quot;,&quot;left&quot;:&quot;auto&quot;}' data-transform=''>\n\t<div class='yith-wcbm-badge__wrap'>\n\t\t<div class=\"yith-wcbm-badge-text\"><p>50 - 70 km pro Tag<\/p><\/div>\n\t<\/div>\n<\/div>\n<!--yith-wcbm-badge-->\n<\/div><!--container-image-and-badge--><span class=\"cart-loading\"><\/span><\/div><div class='inner_product_header'><div class='avia-arrow'><\/div><div class='inner_product_header_table'><div class='inner_product_header_cell'><h2 class=\"woocommerce-loop-product__title\">3-t\u00e4giger Standortaufenthalt in Holwerd mit Tagesausflug Ameland<\/h2>\n\t<span class=\"price\"><span class=\"woocommerce-price-before\">Startpreis (p.p.): <\/span><span class=\"woocommerce-Price-amount amount\"><bdi><span class=\"woocommerce-Price-currencySymbol\">&euro;<\/span>&nbsp;215,00<\/bdi><\/span><\/span>\n<\/div><\/div><\/div><\/a><div class=\"avia_cart_buttons\"><a class=\"button show_details_button\" href=\"https:\/\/www.frieslandhollandtravel.nl\/de\/reisen\/3-taegiger-standortaufenthalt-in-holwerd-mit-tagesausflug-ameland\/\">Reisende sehen<\/a><\/div><\/div><\/li>\n<li class=\"product type-product post-56596 status-publish first instock product_cat-standort-holwerd product_tag-50-km-de product_tag-aanbevolen product_tag-fiets has-post-thumbnail sold-individually purchasable product-type-simple yith-wcbm-product-has-badges\">\n\t<div class='inner_product main_color wrapped_style noLightbox  av-product-class-no_button'><a href=\"https:\/\/www.frieslandhollandtravel.nl\/de\/reisen\/7-taegige-reise-3-naechte-in-holwerd-und-3-naechte-auf-ameland\/\" class=\"woocommerce-LoopProduct-link woocommerce-loop-product__link\"><div class=\"thumbnail_container\"><div class='container-image-and-badge  '><img decoding=\"async\" loading=\"lazy\" width=\"450\" height=\"450\" src=\"https:\/\/www.frieslandhollandtravel.nl\/wp-content\/uploads\/2026\/06\/De-Wadden_Schiermonnikoog_fietsen_vogels-spotten_ouderen_zomer_lente_herfst_RMT-450x450.jpg\" class=\"wp-image-56681 avia-img-lazy-loading-56681 attachment-shop_catalog size-shop_catalog wp-post-image\" alt=\"\" srcset=\"https:\/\/www.frieslandhollandtravel.nl\/wp-content\/uploads\/2026\/06\/De-Wadden_Schiermonnikoog_fietsen_vogels-spotten_ouderen_zomer_lente_herfst_RMT-450x450.jpg 450w, https:\/\/www.frieslandhollandtravel.nl\/wp-content\/uploads\/2026\/06\/De-Wadden_Schiermonnikoog_fietsen_vogels-spotten_ouderen_zomer_lente_herfst_RMT-80x80.jpg 80w, https:\/\/www.frieslandhollandtravel.nl\/wp-content\/uploads\/2026\/06\/De-Wadden_Schiermonnikoog_fietsen_vogels-spotten_ouderen_zomer_lente_herfst_RMT-36x36.jpg 36w, https:\/\/www.frieslandhollandtravel.nl\/wp-content\/uploads\/2026\/06\/De-Wadden_Schiermonnikoog_fietsen_vogels-spotten_ouderen_zomer_lente_herfst_RMT-120x120.jpg 120w, https:\/\/www.frieslandhollandtravel.nl\/wp-content\/uploads\/2026\/06\/De-Wadden_Schiermonnikoog_fietsen_vogels-spotten_ouderen_zomer_lente_herfst_RMT-300x300.jpg 300w, https:\/\/www.frieslandhollandtravel.nl\/wp-content\/uploads\/2026\/06\/De-Wadden_Schiermonnikoog_fietsen_vogels-spotten_ouderen_zomer_lente_herfst_RMT-100x100.jpg 100w\" sizes=\"auto, (max-width: 450px) 100vw, 450px\" \/>\n<div class='yith-wcbm-badge yith-wcbm-badge-43026 yith-wcbm-badge-text yith-wcbm-badge--on-product-56596 yith-wcbm-badge-text' data-position='{&quot;top&quot;:&quot;0&quot;,&quot;right&quot;:&quot;0&quot;,&quot;bottom&quot;:&quot;auto&quot;,&quot;left&quot;:&quot;auto&quot;}' data-transform=''>\n\t<div class='yith-wcbm-badge__wrap'>\n\t\t<div class=\"yith-wcbm-badge-text\"><p>50 - 70 km pro Tag<\/p><\/div>\n\t<\/div>\n<\/div>\n<!--yith-wcbm-badge-->\n<\/div><!--container-image-and-badge--><span class=\"cart-loading\"><\/span><\/div><div class='inner_product_header'><div class='avia-arrow'><\/div><div class='inner_product_header_table'><div class='inner_product_header_cell'><h2 class=\"woocommerce-loop-product__title\">7-t\u00e4gige Reise: 3 N\u00e4chte in Holwerd und 3 N\u00e4chte auf Ameland<\/h2>\n\t<span class=\"price\"><span class=\"woocommerce-price-before\">Startpreis (p.p.): <\/span><span class=\"woocommerce-Price-amount amount\"><bdi><span class=\"woocommerce-Price-currencySymbol\">&euro;<\/span>&nbsp;635,00<\/bdi><\/span><\/span>\n<\/div><\/div><\/div><\/a><div class=\"avia_cart_buttons\"><a class=\"button show_details_button\" href=\"https:\/\/www.frieslandhollandtravel.nl\/de\/reisen\/7-taegige-reise-3-naechte-in-holwerd-und-3-naechte-auf-ameland\/\">Reisende sehen<\/a><\/div><\/div><\/li>\n<li class=\"product type-product post-56784 status-publish instock product_cat-standort-holwerd product_tag-50-km-de product_tag-aanbevolen product_tag-fiets has-post-thumbnail sold-individually purchasable product-type-simple yith-wcbm-product-has-badges\">\n\t<div class='inner_product main_color wrapped_style noLightbox  av-product-class-no_button'><a href=\"https:\/\/www.frieslandhollandtravel.nl\/de\/reisen\/7-tagige-reise-3-nachte-in-holwerd-und-3-nachte-auf-ameland-kopie\/\" class=\"woocommerce-LoopProduct-link woocommerce-loop-product__link\"><div class=\"thumbnail_container\"><div class='container-image-and-badge  '><img decoding=\"async\" loading=\"lazy\" width=\"450\" height=\"450\" src=\"https:\/\/www.frieslandhollandtravel.nl\/wp-content\/uploads\/2026\/07\/Zee-van-Tijd-Holwerd-1-450x450.jpg\" class=\"wp-image-56788 avia-img-lazy-loading-56788 attachment-shop_catalog size-shop_catalog wp-post-image\" alt=\"\" srcset=\"https:\/\/www.frieslandhollandtravel.nl\/wp-content\/uploads\/2026\/07\/Zee-van-Tijd-Holwerd-1-450x450.jpg 450w, https:\/\/www.frieslandhollandtravel.nl\/wp-content\/uploads\/2026\/07\/Zee-van-Tijd-Holwerd-1-80x80.jpg 80w, https:\/\/www.frieslandhollandtravel.nl\/wp-content\/uploads\/2026\/07\/Zee-van-Tijd-Holwerd-1-36x36.jpg 36w, https:\/\/www.frieslandhollandtravel.nl\/wp-content\/uploads\/2026\/07\/Zee-van-Tijd-Holwerd-1-120x120.jpg 120w, https:\/\/www.frieslandhollandtravel.nl\/wp-content\/uploads\/2026\/07\/Zee-van-Tijd-Holwerd-1-300x300.jpg 300w, https:\/\/www.frieslandhollandtravel.nl\/wp-content\/uploads\/2026\/07\/Zee-van-Tijd-Holwerd-1-100x100.jpg 100w\" sizes=\"auto, (max-width: 450px) 100vw, 450px\" \/>\n<div class='yith-wcbm-badge yith-wcbm-badge-43026 yith-wcbm-badge-text yith-wcbm-badge--on-product-56784 yith-wcbm-badge-text' data-position='{&quot;top&quot;:&quot;0&quot;,&quot;right&quot;:&quot;0&quot;,&quot;bottom&quot;:&quot;auto&quot;,&quot;left&quot;:&quot;auto&quot;}' data-transform=''>\n\t<div class='yith-wcbm-badge__wrap'>\n\t\t<div class=\"yith-wcbm-badge-text\"><p>50 - 70 km pro Tag<\/p><\/div>\n\t<\/div>\n<\/div>\n<!--yith-wcbm-badge-->\n<\/div><!--container-image-and-badge--><span class=\"cart-loading\"><\/span><\/div><div class='inner_product_header'><div class='avia-arrow'><\/div><div class='inner_product_header_table'><div class='inner_product_header_cell'><h2 class=\"woocommerce-loop-product__title\">3-Tage-Ameland-Arrangement ab Zee van Tijd in Holwerd<\/h2>\n\t<span class=\"price\"><span class=\"woocommerce-price-before\">Startpreis (p.p.): <\/span><span class=\"woocommerce-Price-amount amount\"><bdi><span class=\"woocommerce-Price-currencySymbol\">&euro;<\/span>&nbsp;195,00<\/bdi><\/span><\/span>\n<\/div><\/div><\/div><\/a><div class=\"avia_cart_buttons\"><a class=\"button show_details_button\" href=\"https:\/\/www.frieslandhollandtravel.nl\/de\/reisen\/7-tagige-reise-3-nachte-in-holwerd-und-3-nachte-auf-ameland-kopie\/\">Reisende sehen<\/a><\/div><\/div><\/li>\n<li class=\"product type-product post-56809 status-publish last instock product_cat-standort-holwerd product_tag-50-km-de product_tag-aanbevolen product_tag-fiets has-post-thumbnail sold-individually purchasable product-type-simple yith-wcbm-product-has-badges\">\n\t<div class='inner_product main_color wrapped_style noLightbox  av-product-class-no_button'><a href=\"https:\/\/www.frieslandhollandtravel.nl\/de\/reisen\/7-tagige-reise-3-nachte-in-holwerd-und-3-nachte-auf-ameland-kopie-kopie\/\" class=\"woocommerce-LoopProduct-link woocommerce-loop-product__link\"><div class=\"thumbnail_container\"><div class='container-image-and-badge  '><img decoding=\"async\" loading=\"lazy\" width=\"450\" height=\"450\" src=\"https:\/\/www.frieslandhollandtravel.nl\/wp-content\/uploads\/2026\/07\/545173442-450x450.jpg\" class=\"wp-image-56822 avia-img-lazy-loading-56822 attachment-shop_catalog size-shop_catalog wp-post-image\" alt=\"\" srcset=\"https:\/\/www.frieslandhollandtravel.nl\/wp-content\/uploads\/2026\/07\/545173442-450x450.jpg 450w, https:\/\/www.frieslandhollandtravel.nl\/wp-content\/uploads\/2026\/07\/545173442-80x80.jpg 80w, https:\/\/www.frieslandhollandtravel.nl\/wp-content\/uploads\/2026\/07\/545173442-36x36.jpg 36w, https:\/\/www.frieslandhollandtravel.nl\/wp-content\/uploads\/2026\/07\/545173442-120x120.jpg 120w, https:\/\/www.frieslandhollandtravel.nl\/wp-content\/uploads\/2026\/07\/545173442-300x300.jpg 300w, https:\/\/www.frieslandhollandtravel.nl\/wp-content\/uploads\/2026\/07\/545173442-100x100.jpg 100w\" sizes=\"auto, (max-width: 450px) 100vw, 450px\" \/>\n<div class='yith-wcbm-badge yith-wcbm-badge-43026 yith-wcbm-badge-text yith-wcbm-badge--on-product-56809 yith-wcbm-badge-text' data-position='{&quot;top&quot;:&quot;0&quot;,&quot;right&quot;:&quot;0&quot;,&quot;bottom&quot;:&quot;auto&quot;,&quot;left&quot;:&quot;auto&quot;}' data-transform=''>\n\t<div class='yith-wcbm-badge__wrap'>\n\t\t<div class=\"yith-wcbm-badge-text\"><p>50 - 70 km pro Tag<\/p><\/div>\n\t<\/div>\n<\/div>\n<!--yith-wcbm-badge-->\n<\/div><!--container-image-and-badge--><span class=\"cart-loading\"><\/span><\/div><div class='inner_product_header'><div class='avia-arrow'><\/div><div class='inner_product_header_table'><div class='inner_product_header_cell'><h2 class=\"woocommerce-loop-product__title\">3-Tage-Ameland-Erlebnis ab Camping Zee van Tijd (Pod)<\/h2>\n\t<span class=\"price\"><span class=\"woocommerce-price-before\">Startpreis (p.p.): <\/span><span class=\"woocommerce-Price-amount amount\"><bdi><span class=\"woocommerce-Price-currencySymbol\">&euro;<\/span>&nbsp;135,00<\/bdi><\/span><\/span>\n<\/div><\/div><\/div><\/a><div class=\"avia_cart_buttons\"><a class=\"button show_details_button\" href=\"https:\/\/www.frieslandhollandtravel.nl\/de\/reisen\/7-tagige-reise-3-nachte-in-holwerd-und-3-nachte-auf-ameland-kopie-kopie\/\">Reisende sehen<\/a><\/div><\/div><\/li>\n<li class=\"product type-product post-56916 status-publish first instock product_cat-standort-holwerd product_tag-50-km-de product_tag-aanbevolen product_tag-fiets has-post-thumbnail sold-individually purchasable product-type-simple yith-wcbm-product-has-badges\">\n\t<div class='inner_product main_color wrapped_style noLightbox  av-product-class-no_button'><a href=\"https:\/\/www.frieslandhollandtravel.nl\/de\/reisen\/7-tagige-reise-3-nachte-in-holwerd-und-3-nachte-auf-ameland-kopie-kopie-kopie-2\/\" class=\"woocommerce-LoopProduct-link woocommerce-loop-product__link\"><div class=\"thumbnail_container\"><div class='container-image-and-badge  '><img decoding=\"async\" loading=\"lazy\" width=\"450\" height=\"450\" src=\"https:\/\/www.frieslandhollandtravel.nl\/wp-content\/uploads\/2026\/07\/545182884-450x450.jpg\" class=\"wp-image-56893 avia-img-lazy-loading-56893 attachment-shop_catalog size-shop_catalog wp-post-image\" alt=\"\" srcset=\"https:\/\/www.frieslandhollandtravel.nl\/wp-content\/uploads\/2026\/07\/545182884-450x450.jpg 450w, https:\/\/www.frieslandhollandtravel.nl\/wp-content\/uploads\/2026\/07\/545182884-80x80.jpg 80w, https:\/\/www.frieslandhollandtravel.nl\/wp-content\/uploads\/2026\/07\/545182884-36x36.jpg 36w, https:\/\/www.frieslandhollandtravel.nl\/wp-content\/uploads\/2026\/07\/545182884-120x120.jpg 120w, https:\/\/www.frieslandhollandtravel.nl\/wp-content\/uploads\/2026\/07\/545182884-300x300.jpg 300w, https:\/\/www.frieslandhollandtravel.nl\/wp-content\/uploads\/2026\/07\/545182884-100x100.jpg 100w\" sizes=\"auto, (max-width: 450px) 100vw, 450px\" \/>\n<div class='yith-wcbm-badge yith-wcbm-badge-43026 yith-wcbm-badge-text yith-wcbm-badge--on-product-56916 yith-wcbm-badge-text' data-position='{&quot;top&quot;:&quot;0&quot;,&quot;right&quot;:&quot;0&quot;,&quot;bottom&quot;:&quot;auto&quot;,&quot;left&quot;:&quot;auto&quot;}' data-transform=''>\n\t<div class='yith-wcbm-badge__wrap'>\n\t\t<div class=\"yith-wcbm-badge-text\"><p>50 - 70 km pro Tag<\/p><\/div>\n\t<\/div>\n<\/div>\n<!--yith-wcbm-badge-->\n<\/div><!--container-image-and-badge--><span class=\"cart-loading\"><\/span><\/div><div class='inner_product_header'><div class='avia-arrow'><\/div><div class='inner_product_header_table'><div class='inner_product_header_cell'><h2 class=\"woocommerce-loop-product__title\">3-t\u00e4giges Ameland-Arrangement ab Camping Zee van Tijd (Zelt)<\/h2>\n\t<span class=\"price\"><span class=\"woocommerce-price-before\">Startpreis (p.p.): <\/span><span class=\"woocommerce-Price-amount amount\"><bdi><span class=\"woocommerce-Price-currencySymbol\">&euro;<\/span>&nbsp;125,00<\/bdi><\/span><\/span>\n<\/div><\/div><\/div><\/a><div class=\"avia_cart_buttons\"><a class=\"button show_details_button\" href=\"https:\/\/www.frieslandhollandtravel.nl\/de\/reisen\/7-tagige-reise-3-nachte-in-holwerd-und-3-nachte-auf-ameland-kopie-kopie-kopie-2\/\">Reisende sehen<\/a><\/div><\/div><\/li>\n<li class=\"product type-product post-56969 status-publish instock product_cat-standort-holwerd product_tag-50-km-de product_tag-aanbevolen product_tag-fiets has-post-thumbnail sold-individually purchasable product-type-simple yith-wcbm-product-has-badges\">\n\t<div class='inner_product main_color wrapped_style noLightbox  av-product-class-no_button'><a href=\"https:\/\/www.frieslandhollandtravel.nl\/de\/reisen\/7-tagige-reise-3-nachte-in-holwerd-und-3-nachte-auf-ameland-kopie-kopie-2\/\" class=\"woocommerce-LoopProduct-link woocommerce-loop-product__link\"><div class=\"thumbnail_container\"><div class='container-image-and-badge  '><img decoding=\"async\" loading=\"lazy\" width=\"450\" height=\"450\" src=\"https:\/\/www.frieslandhollandtravel.nl\/wp-content\/uploads\/2026\/07\/De-Wadden_Moddergat_schapen_bankje_lente_zomer_RMT_001-450x450.jpg\" class=\"wp-image-56979 avia-img-lazy-loading-56979 attachment-shop_catalog size-shop_catalog wp-post-image\" alt=\"\" srcset=\"https:\/\/www.frieslandhollandtravel.nl\/wp-content\/uploads\/2026\/07\/De-Wadden_Moddergat_schapen_bankje_lente_zomer_RMT_001-450x450.jpg 450w, https:\/\/www.frieslandhollandtravel.nl\/wp-content\/uploads\/2026\/07\/De-Wadden_Moddergat_schapen_bankje_lente_zomer_RMT_001-80x80.jpg 80w, https:\/\/www.frieslandhollandtravel.nl\/wp-content\/uploads\/2026\/07\/De-Wadden_Moddergat_schapen_bankje_lente_zomer_RMT_001-36x36.jpg 36w, https:\/\/www.frieslandhollandtravel.nl\/wp-content\/uploads\/2026\/07\/De-Wadden_Moddergat_schapen_bankje_lente_zomer_RMT_001-120x120.jpg 120w, https:\/\/www.frieslandhollandtravel.nl\/wp-content\/uploads\/2026\/07\/De-Wadden_Moddergat_schapen_bankje_lente_zomer_RMT_001-300x300.jpg 300w, https:\/\/www.frieslandhollandtravel.nl\/wp-content\/uploads\/2026\/07\/De-Wadden_Moddergat_schapen_bankje_lente_zomer_RMT_001-100x100.jpg 100w\" sizes=\"auto, (max-width: 450px) 100vw, 450px\" \/>\n<div class='yith-wcbm-badge yith-wcbm-badge-43026 yith-wcbm-badge-text yith-wcbm-badge--on-product-56969 yith-wcbm-badge-text' data-position='{&quot;top&quot;:&quot;0&quot;,&quot;right&quot;:&quot;0&quot;,&quot;bottom&quot;:&quot;auto&quot;,&quot;left&quot;:&quot;auto&quot;}' data-transform=''>\n\t<div class='yith-wcbm-badge__wrap'>\n\t\t<div class=\"yith-wcbm-badge-text\"><p>50 - 70 km pro Tag<\/p><\/div>\n\t<\/div>\n<\/div>\n<!--yith-wcbm-badge-->\n<\/div><!--container-image-and-badge--><span class=\"cart-loading\"><\/span><\/div><div class='inner_product_header'><div class='avia-arrow'><\/div><div class='inner_product_header_table'><div class='inner_product_header_cell'><h2 class=\"woocommerce-loop-product__title\">3-Tage-Arrangement: Wattenk\u00fcste &#038; N\u00f6rdliche Friesische W\u00e4lder<\/h2>\n\t<span class=\"price\"><span class=\"woocommerce-price-before\">Startpreis (p.p.): <\/span><span class=\"woocommerce-Price-amount amount\"><bdi><span class=\"woocommerce-Price-currencySymbol\">&euro;<\/span>&nbsp;195,00<\/bdi><\/span><\/span>\n<\/div><\/div><\/div><\/a><div class=\"avia_cart_buttons\"><a class=\"button show_details_button\" href=\"https:\/\/www.frieslandhollandtravel.nl\/de\/reisen\/7-tagige-reise-3-nachte-in-holwerd-und-3-nachte-auf-ameland-kopie-kopie-2\/\">Reisende sehen<\/a><\/div><\/div><\/li>\n<li class=\"product type-product post-56994 status-publish last instock product_cat-standort-holwerd product_tag-50-km-de product_tag-aanbevolen product_tag-fiets has-post-thumbnail sold-individually purchasable product-type-simple yith-wcbm-product-has-badges\">\n\t<div class='inner_product main_color wrapped_style noLightbox  av-product-class-no_button'><a href=\"https:\/\/www.frieslandhollandtravel.nl\/de\/reisen\/7-tagige-reise-3-nachte-in-holwerd-und-3-nachte-auf-ameland-kopie-kopie-kopie-3\/\" class=\"woocommerce-LoopProduct-link woocommerce-loop-product__link\"><div class=\"thumbnail_container\"><div class='container-image-and-badge  '><img decoding=\"async\" loading=\"lazy\" width=\"450\" height=\"450\" src=\"https:\/\/www.frieslandhollandtravel.nl\/wp-content\/uploads\/2026\/07\/De-Wadden_Holwerd_paarden_vogels_dijk_lente_herfst_zomer_RMT_002-450x450.jpg\" class=\"wp-image-56976 avia-img-lazy-loading-56976 attachment-shop_catalog size-shop_catalog wp-post-image\" alt=\"\" srcset=\"https:\/\/www.frieslandhollandtravel.nl\/wp-content\/uploads\/2026\/07\/De-Wadden_Holwerd_paarden_vogels_dijk_lente_herfst_zomer_RMT_002-450x450.jpg 450w, https:\/\/www.frieslandhollandtravel.nl\/wp-content\/uploads\/2026\/07\/De-Wadden_Holwerd_paarden_vogels_dijk_lente_herfst_zomer_RMT_002-80x80.jpg 80w, https:\/\/www.frieslandhollandtravel.nl\/wp-content\/uploads\/2026\/07\/De-Wadden_Holwerd_paarden_vogels_dijk_lente_herfst_zomer_RMT_002-36x36.jpg 36w, https:\/\/www.frieslandhollandtravel.nl\/wp-content\/uploads\/2026\/07\/De-Wadden_Holwerd_paarden_vogels_dijk_lente_herfst_zomer_RMT_002-120x120.jpg 120w, https:\/\/www.frieslandhollandtravel.nl\/wp-content\/uploads\/2026\/07\/De-Wadden_Holwerd_paarden_vogels_dijk_lente_herfst_zomer_RMT_002-300x300.jpg 300w, https:\/\/www.frieslandhollandtravel.nl\/wp-content\/uploads\/2026\/07\/De-Wadden_Holwerd_paarden_vogels_dijk_lente_herfst_zomer_RMT_002-100x100.jpg 100w\" sizes=\"auto, (max-width: 450px) 100vw, 450px\" \/>\n<div class='yith-wcbm-badge yith-wcbm-badge-43026 yith-wcbm-badge-text yith-wcbm-badge--on-product-56994 yith-wcbm-badge-text' data-position='{&quot;top&quot;:&quot;0&quot;,&quot;right&quot;:&quot;0&quot;,&quot;bottom&quot;:&quot;auto&quot;,&quot;left&quot;:&quot;auto&quot;}' data-transform=''>\n\t<div class='yith-wcbm-badge__wrap'>\n\t\t<div class=\"yith-wcbm-badge-text\"><p>50 - 70 km pro Tag<\/p><\/div>\n\t<\/div>\n<\/div>\n<!--yith-wcbm-badge-->\n<\/div><!--container-image-and-badge--><span class=\"cart-loading\"><\/span><\/div><div class='inner_product_header'><div class='avia-arrow'><\/div><div class='inner_product_header_table'><div class='inner_product_header_cell'><h2 class=\"woocommerce-loop-product__title\">4-Tage-Auszeit: Ameland &#038; die N\u00f6rdlichen Friesischen W\u00e4lder<\/h2>\n\t<span class=\"price\"><span class=\"woocommerce-price-before\">Startpreis (p.p.): <\/span><span class=\"woocommerce-Price-amount amount\"><bdi><span class=\"woocommerce-Price-currencySymbol\">&euro;<\/span>&nbsp;285,00<\/bdi><\/span><\/span>\n<\/div><\/div><\/div><\/a><div class=\"avia_cart_buttons\"><a class=\"button show_details_button\" href=\"https:\/\/www.frieslandhollandtravel.nl\/de\/reisen\/7-tagige-reise-3-nachte-in-holwerd-und-3-nachte-auf-ameland-kopie-kopie-kopie-3\/\">Reisende sehen<\/a><\/div><\/div><\/li>\n<li class=\"product type-product post-57142 status-publish first instock product_cat-radfahren-urlaub product_cat-standort-holwerd product_tag-50-km-de product_tag-aanbevolen product_tag-fiets has-post-thumbnail sold-individually purchasable product-type-simple\">\n\t<div class='inner_product main_color wrapped_style noLightbox  av-product-class-no_button'><a href=\"https:\/\/www.frieslandhollandtravel.nl\/de\/reisen\/3-taegiges-ameland-arrangement-mit-eigenem-wohnmobil\/\" class=\"woocommerce-LoopProduct-link woocommerce-loop-product__link\"><div class=\"thumbnail_container\"><img decoding=\"async\" loading=\"lazy\" width=\"450\" height=\"450\" src=\"https:\/\/www.frieslandhollandtravel.nl\/wp-content\/uploads\/2026\/07\/650752929-1-450x450.jpg\" class=\"wp-image-56902 avia-img-lazy-loading-56902 attachment-shop_catalog size-shop_catalog wp-post-image\" alt=\"\" srcset=\"https:\/\/www.frieslandhollandtravel.nl\/wp-content\/uploads\/2026\/07\/650752929-1-450x450.jpg 450w, https:\/\/www.frieslandhollandtravel.nl\/wp-content\/uploads\/2026\/07\/650752929-1-80x80.jpg 80w, https:\/\/www.frieslandhollandtravel.nl\/wp-content\/uploads\/2026\/07\/650752929-1-36x36.jpg 36w, https:\/\/www.frieslandhollandtravel.nl\/wp-content\/uploads\/2026\/07\/650752929-1-120x120.jpg 120w, https:\/\/www.frieslandhollandtravel.nl\/wp-content\/uploads\/2026\/07\/650752929-1-300x300.jpg 300w, https:\/\/www.frieslandhollandtravel.nl\/wp-content\/uploads\/2026\/07\/650752929-1-100x100.jpg 100w\" sizes=\"auto, (max-width: 450px) 100vw, 450px\" \/><span class=\"cart-loading\"><\/span><\/div><div class='inner_product_header'><div class='avia-arrow'><\/div><div class='inner_product_header_table'><div class='inner_product_header_cell'><h2 class=\"woocommerce-loop-product__title\">3-t\u00e4giges Ameland-Arrangement mit eigenem Wohnmobil<\/h2>\n\t<span class=\"price\"><span class=\"woocommerce-Price-amount amount\"><bdi><span class=\"woocommerce-Price-currencySymbol\">&euro;<\/span>&nbsp;85,00<\/bdi><\/span><\/span>\n<\/div><\/div><\/div><\/a><div class=\"avia_cart_buttons\"><a class=\"button show_details_button\" href=\"https:\/\/www.frieslandhollandtravel.nl\/de\/reisen\/3-taegiges-ameland-arrangement-mit-eigenem-wohnmobil\/\">Reisende sehen<\/a><\/div><\/div><\/li>\n<\/ul><\/div><\/div><div class=\"clear\"><\/div><\/div>\n<\/div><\/div><\/div><!-- close content main div --><\/div><\/div><div id='av_section_3'  class='avia-section av-4dke40j-e3801fcf279c51f9f2f3e2e809afab4d main_color avia-section-default avia-no-border-styling avia-bg-style-scroll container_wrap fullsize'  ><div class='container av-section-cont-open' ><div class='template-page content  av-content-full alpha units'><div class='post-entry post-entry-type-page post-entry-48192'><div class='entry-content-wrapper clearfix'>\n\n<style type=\"text\/css\" data-created_by=\"avia_inline_auto\" id=\"style-css-av-44bmy0j-4c4f3ca69e08e74978d66de5ef4a67fd\">\n.flex_column.av-44bmy0j-4c4f3ca69e08e74978d66de5ef4a67fd{\nwidth:29.333333333333%;\n}\n<\/style>\n<div  class='flex_column av-44bmy0j-4c4f3ca69e08e74978d66de5ef4a67fd av_one_third first flex_column_div  '     ><style type=\"text\/css\" data-created_by=\"avia_inline_auto\" id=\"style-css-av-c9shzn-9d36ea61dacaa2833df9e9f65a92b4ba\">\n.avia-image-container.av-c9shzn-9d36ea61dacaa2833df9e9f65a92b4ba img.avia_image{\nbox-shadow:none;\n}\n.avia-image-container.av-c9shzn-9d36ea61dacaa2833df9e9f65a92b4ba .av-image-caption-overlay-center{\ncolor:#ffffff;\n}\n<\/style>\n<div  class='avia-image-container av-c9shzn-9d36ea61dacaa2833df9e9f65a92b4ba av-styling- avia-align-center'   itemprop=\"image\" itemscope=\"itemscope\" itemtype=\"https:\/\/schema.org\/ImageObject\" ><div class=\"avia-image-container-inner\"><div class=\"avia-image-overlay-wrap\"><img decoding=\"async\" fetchpriority=\"high\" class='wp-image-56856 avia-img-lazy-loading-not-56856 avia_image ' src=\"https:\/\/www.frieslandhollandtravel.nl\/wp-content\/uploads\/2026\/07\/De-Wadden_Dark-Sky_RMT_003-400x500.jpg\" alt='' title='De Wadden_Dark Sky_RMT_003'  height=\"500\" width=\"400\"  itemprop=\"thumbnailUrl\"  \/><\/div><\/div><\/div><\/div>\n<style type=\"text\/css\" data-created_by=\"avia_inline_auto\" id=\"style-css-av-37phzwz-e39eae25e35a0fbf45221a4931e37f46\">\n.flex_column.av-37phzwz-e39eae25e35a0fbf45221a4931e37f46{\nwidth:64.666666666667%;\nmargin-left:6%;\n}\n<\/style>\n<div  class='flex_column av-37phzwz-e39eae25e35a0fbf45221a4931e37f46 av_two_third flex_column_div  '     ><p>\n<style type=\"text\/css\" data-created_by=\"avia_inline_auto\" id=\"style-css-av-ls8ruzmz-f595ad4ead01f0c053e28bcf15cdb12a\">\n#top .av-special-heading.av-ls8ruzmz-f595ad4ead01f0c053e28bcf15cdb12a{\npadding-bottom:20px;\n}\nbody .av-special-heading.av-ls8ruzmz-f595ad4ead01f0c053e28bcf15cdb12a .av-special-heading-tag .heading-char{\nfont-size:25px;\n}\n.av-special-heading.av-ls8ruzmz-f595ad4ead01f0c053e28bcf15cdb12a .av-subheading{\nfont-size:15px;\n}\n<\/style>\n<div  class='av-special-heading av-ls8ruzmz-f595ad4ead01f0c053e28bcf15cdb12a av-special-heading-h2 blockquote modern-quote'><h2 class='av-special-heading-tag '  itemprop=\"headline\"  >Willkommen in Nordostfriesland!<\/h2><div class=\"special-heading-border\"><div class=\"special-heading-inner-border\"><\/div><\/div><\/div><br \/>\n<section  class='av_textblock_section av-ls8rvjkf-a07330dfc467d75c58853dd10e312851 '   itemscope=\"itemscope\" itemtype=\"https:\/\/schema.org\/CreativeWork\" ><div class='avia_textblock'  itemprop=\"text\" ><p class=\"PDq2pG_selectionAnchorContainer\" data-start=\"37\" data-end=\"327\">Entdecken Sie <strong data-start=\"51\" data-end=\"71\">Nordostfriesland<\/strong>, eine Region mit einer weiten, offenen Landschaft, in der sich das Leben noch immer weitgehend in und um die kleinen D\u00f6rfer abspielt. Mit <strong data-start=\"210\" data-end=\"221\">Holwerd<\/strong> als Ausgangspunkt liegen sowohl das Wattenmeer als auch historische Orte wie <strong data-start=\"299\" data-end=\"309\">Dokkum<\/strong> ganz in der N\u00e4he.<\/p>\n<p data-start=\"329\" data-end=\"734\">Von Holwerd aus erreichen Sie mit dem Fahrrad oder dem Auto in kurzer Zeit die K\u00fcste mit malerischen D\u00f6rfern wie <strong data-start=\"442\" data-end=\"452\">Wierum<\/strong> und <strong data-start=\"457\" data-end=\"470\">Moddergat<\/strong>, wo Sie den unmittelbaren Einfluss des Wattenmeeres hautnah erleben. Im Binnenland erwarten Sie charakteristische Orte wie <strong data-start=\"594\" data-end=\"606\">Birdaard<\/strong> und das h\u00f6her gelegene <strong data-start=\"630\" data-end=\"645\">Hegebeintum<\/strong> mit seiner ber\u00fchmten Warft und einem herrlichen Ausblick \u00fcber die friesische Landschaft.<\/p>\n<p data-start=\"736\" data-end=\"1047\" data-is-last-node=\"\" data-is-only-node=\"\">Auch <strong data-start=\"741\" data-end=\"751\">Dokkum<\/strong> mit seiner historischen Altstadt ist nur einen Katzensprung entfernt und bildet einen sch\u00f6nen Kontrast zur Ruhe des l\u00e4ndlichen Umlands. So wechseln sich K\u00fcste, Kultur und Natur in diesem Teil Frieslands auf einzigartige Weise ab \u2013 eine Region, in der Weite und Ruhe noch selbstverst\u00e4ndlich sind.<\/p>\n<\/div><\/section><\/p><\/div>\n<style type=\"text\/css\" data-created_by=\"avia_inline_auto\" id=\"style-css-av-14ogrsj-c7f026a0f02181ace037b083d108eb33\">\n.flex_column.av-14ogrsj-c7f026a0f02181ace037b083d108eb33{\nz-index:0;\n}\n<\/style>\n<div  class='flex_column av-14ogrsj-c7f026a0f02181ace037b083d108eb33 av_one_full first flex_column_div av-custom-positioned  '     ><\/div>[av_section min_height='' min_height_pc='25' min_height_px='500px' shadow='no-border-styling' bottom_border='no-border-styling' bottom_border_diagonal_color='#333333' bottom_border_diagonal_direction='' bottom_border_style='' padding='default' custom_margin='0px' custom_margin_sync='true' av-desktop-custom_margin='' av-desktop-custom_margin_sync='true' av-medium-custom_margin='' av-medium-custom_margin_sync='true' av-small-custom_margin='' av-small-custom_margin_sync='true' av-mini-custom_margin='' av-mini-custom_margin_sync='true' svg_div_top='' svg_div_top_color='#333333' svg_div_top_width='100' svg_div_top_height='50' svg_div_top_max_height='none' svg_div_top_opacity='' svg_div_bottom='' svg_div_bottom_color='#333333' svg_div_bottom_width='100' svg_div_bottom_height='50' svg_div_bottom_max_height='none' svg_div_bottom_opacity='' fold_type='' fold_height='' fold_more='Lees meer' fold_less='Lees minder' fold_text_style='' fold_btn_align='' color='main_color' background='bg_color' custom_bg='' background_gradient_direction='vertical' background_gradient_color1='#000000' background_gradient_color2='#ffffff' background_gradient_color3='' src='' attachment='' attachment_size='' attach='scroll' position='top left' repeat='no-repeat' video='' video_ratio='16:9' overlay_opacity='0.5' overlay_color='' overlay_pattern='' overlay_custom_pattern='' custom_arrow_bg='' fold_overlay_color='' fold_text_color='' fold_btn_color='theme-color' fold_btn_bg_color='' fold_btn_font_color='' size-btn-text='' av-desktop-font-size-btn-text='' av-medium-font-size-btn-text='' av-small-font-size-btn-text='' av-mini-font-size-btn-text='' fold_timer='' z_index_fold='' css_position_z_index='' av-desktop-css_position_z_index='' av-medium-css_position_z_index='' av-small-css_position_z_index='' av-mini-css_position_z_index='' id='hotels' custom_class='' template_class='' aria_label='' element_template='' one_element_template='' av_element_hidden_in_editor='0' av_uid='av-1j2x1fl' sc_version='1.0']\n[av_heading heading='Ein Eindruck von unseren Mitgliedshotels' tag='h2' style='blockquote modern-quote' subheading_active='' show_icon='' icon='ue800' font='' size='' av-desktop-font-size-title='' av-medium-font-size-title='' av-small-font-size-title='' av-mini-font-size-title='' subheading_size='15' av-desktop-font-size='' av-medium-font-size='' av-small-font-size='' av-mini-font-size='' icon_size='' av-desktop-font-size-1='' av-medium-font-size-1='' av-small-font-size-1='' av-mini-font-size-1='' color='' custom_font='' subheading_color='' seperator_color='' icon_color='' margin='' margin_sync='true' av-desktop-margin='' av-desktop-margin_sync='true' av-medium-margin='' av-medium-margin_sync='true' av-small-margin='' av-small-margin_sync='true' av-mini-margin='' av-mini-margin_sync='true' headline_padding='' headline_padding_sync='true' av-desktop-headline_padding='' av-desktop-headline_padding_sync='true' av-medium-headline_padding='' av-medium-headline_padding_sync='true' av-small-headline_padding='' av-small-headline_padding_sync='true' av-mini-headline_padding='' av-mini-headline_padding_sync='true' padding='10' av-desktop-padding='' av-medium-padding='' av-small-padding='' av-mini-padding='' icon_padding='10' av-desktop-icon_padding='' av-medium-icon_padding='' av-small-icon_padding='' av-mini-icon_padding='' link='manually,http:\/\/' link_target='' title_attr='' id='' custom_class='' template_class='' element_template='' one_element_template='' av_uid='av-14vfjmp' sc_version='1.0' admin_preview_bg=''][\/av_heading]\n[\/av_section]\n\n[av_horizontal_gallery ids='40144,40148,40150,40152,40158,40160,40162,40166,40168,40170,40172,40174,40176,40180,40190,40192,40196,40198,44067,44075,44078,44081,44084,44087,44095,44098,44101,44110,44113,44133,44137,44140,44116,44120,44123,44126,44130,44153,44165,44168' ids_dynamic='' initial='8' img_copyright='left' height='25' size='large' gap='no' active='' control_layout='av-control-default' slider_navigation='av-navigate-arrows av-navigate-dots' nav_visibility_desktop='' nav_arrow_color='' nav_arrow_bg_color='' nav_dots_color='' nav_dot_active_color='' lightbox_arrow_color='' lightbox_arrow_bg_color='' img_copyright_font='' av-desktop-font-img_copyright_font='' av-medium-font-img_copyright_font='' av-small-font-img_copyright_font='' av-mini-font-img_copyright_font='' img_copyright_color='' img_copyright_bg='' transition_speed='' autoplay='true' interval='5' manual_stopper='aviaTBmanual_stopper' links='active' link_dest='' lightbox_text='caption' img_scrset='' lazy_loading='disabled' alb_description='Impressie hotels' id='' custom_class='vdlp-gallery' template_class='' element_template='' one_element_template='' av_uid='av-n8cgn5' sc_version='1.0'][\/av_horizontal_gallery]\n\n<\/p>\n\n","protected":false},"excerpt":{"rendered":"<p> <a class=\"continue\" href=\"https:\/\/www.frieslandhollandtravel.nl\/de\/reisen\/3-taegiges-ameland-arrangement-mit-eigenem-wohnmobil\/\">Lees meer<span> 3-t\u00e4giges Ameland-Arrangement mit eigenem Wohnmobil<\/span><\/a><\/p>\n","protected":false},"author":8,"featured_media":0,"parent":0,"menu_order":0,"comment_status":"closed","ping_status":"closed","template":"","meta":{"_acf_changed":false,"footnotes":""},"class_list":["post-48192","page","type-page","status-publish","hentry"],"acf":[],"_links":{"self":[{"href":"https:\/\/www.frieslandhollandtravel.nl\/de\/wp-json\/wp\/v2\/pages\/48192","targetHints":{"allow":["GET"]}}],"collection":[{"href":"https:\/\/www.frieslandhollandtravel.nl\/de\/wp-json\/wp\/v2\/pages"}],"about":[{"href":"https:\/\/www.frieslandhollandtravel.nl\/de\/wp-json\/wp\/v2\/types\/page"}],"author":[{"embeddable":true,"href":"https:\/\/www.frieslandhollandtravel.nl\/de\/wp-json\/wp\/v2\/users\/8"}],"replies":[{"embeddable":true,"href":"https:\/\/www.frieslandhollandtravel.nl\/de\/wp-json\/wp\/v2\/comments?post=48192"}],"version-history":[{"count":0,"href":"https:\/\/www.frieslandhollandtravel.nl\/de\/wp-json\/wp\/v2\/pages\/48192\/revisions"}],"wp:attachment":[{"href":"https:\/\/www.frieslandhollandtravel.nl\/de\/wp-json\/wp\/v2\/media?parent=48192"}],"curies":[{"name":"wp","href":"https:\/\/api.w.org\/{rel}","templated":true}]}}